{"id":12647,"date":"2024-10-16T12:39:19","date_gmt":"2024-10-16T10:39:19","guid":{"rendered":"https:\/\/congresomasculinidades3.umh.es\/?page_id=12647"},"modified":"2025-01-10T10:57:03","modified_gmt":"2025-01-10T09:57:03","slug":"inici","status":"publish","type":"page","link":"https:\/\/congresomasculinidades3.umh.es\/ca\/","title":{"rendered":"Inici"},"content":{"rendered":"<p>[et_pb_section fb_built=&#8221;1&#8243; _builder_version=&#8221;4.17.4&#8243; background_color=&#8221;#000000&#8243; custom_padding=&#8221;0px||0px|||&#8221; global_colors_info=&#8221;{}&#8221;][et_pb_row _builder_version=&#8221;4.16&#8243; global_colors_info=&#8221;{}&#8221;][et_pb_column type=&#8221;4_4&#8243; _builder_version=&#8221;4.16&#8243; global_colors_info=&#8221;{}&#8221;][et_pb_image src=&#8221;https:\/\/congresomasculinidades3.umh.es\/files\/2024\/09\/CABECERA-WEB-CIMASCIGUAL3.jpg&#8221; alt=&#8221;Segundo Congreso Internacional Sobre Masculinidades e Igualdad Educaci\u00f3n para la igualdad y Co(Educaci\u00f3n)&#8221; title_text=&#8221;CABECERA WEB CIMASCIGUAL3&#8243; url=&#8221;https:\/\/congresomasculinidades3.umh.es\/ca\/&#8221; _builder_version=&#8221;4.17.4&#8243; global_colors_info=&#8221;{}&#8221;][\/et_pb_image][\/et_pb_column][\/et_pb_row][\/et_pb_section][et_pb_section fb_built=&#8221;1&#8243; fullwidth=&#8221;on&#8221; _builder_version=&#8221;4.16&#8243; global_colors_info=&#8221;{}&#8221;][et_pb_fullwidth_menu menu_id=&#8221;7135&#8243; fullwidth_menu=&#8221;off&#8221; active_link_color=&#8221;#E76996&#8243; _builder_version=&#8221;4.17.4&#8243; menu_font=&#8221;|700||on|||||&#8221; menu_text_color=&#8221;#FFFFFF&#8221; menu_font_size=&#8221;14pt&#8221; background_color=&#8221;#3A3B3D&#8221; text_orientation=&#8221;center&#8221; border_color_all=&#8221;#E02B20&#8243; global_colors_info=&#8221;{}&#8221; border_width_all__hover_enabled=&#8221;off|hover&#8221; menu_text_color__hover_enabled=&#8221;on|hover&#8221; menu_text_color__hover=&#8221;#E76996&#8243;][\/et_pb_fullwidth_menu][\/et_pb_section][et_pb_section fb_built=&#8221;1&#8243; fullwidth=&#8221;on&#8221; _builder_version=&#8221;4.17.4&#8243; global_colors_info=&#8221;{}&#8221;][et_pb_fullwidth_image src=&#8221;https:\/\/congresomasculinidades3.umh.es\/files\/2025\/01\/NUEVA-LLAMADA-ENVIO-COMUNICACIONES_VAL.png&#8221; alt=&#8221;Cartel Cimasigual II Centro de congresos de elche Jueves 20, viernes 21 y S\u00e1bado 22 de octubre 2022 Organizado por la universidad Miguel Hern\u00e1ndez de elche.&#8221; title_text=&#8221;NUEVA LLAMADA ENVIO COMUNICACIONES_VAL&#8221; url=&#8221;https:\/\/congresomasculinidades3.umh.es\/ca\/enviament-de-comunicacions\/&#8221; _builder_version=&#8221;4.17.4&#8243; hover_enabled=&#8221;0&#8243; border_width_bottom=&#8221;7px&#8221; border_color_bottom=&#8221;#FFFFFF&#8221; global_colors_info=&#8221;{}&#8221; sticky_enabled=&#8221;0&#8243;][\/et_pb_fullwidth_image][\/et_pb_section][et_pb_section fb_built=&#8221;1&#8243; _builder_version=&#8221;4.17.4&#8243; _module_preset=&#8221;default&#8221; global_colors_info=&#8221;{}&#8221;][et_pb_row _builder_version=&#8221;4.17.4&#8243; _module_preset=&#8221;default&#8221; global_colors_info=&#8221;{}&#8221;][et_pb_column type=&#8221;4_4&#8243; _builder_version=&#8221;4.17.4&#8243; _module_preset=&#8221;default&#8221; global_colors_info=&#8221;{}&#8221;][et_pb_text _builder_version=&#8221;4.17.4&#8243; _module_preset=&#8221;default&#8221; hover_enabled=&#8221;0&#8243; global_colors_info=&#8221;{}&#8221; sticky_enabled=&#8221;0&#8243;]<\/p>\n<h2 style=\"text-align: center\">Us donem la benvinguda al<\/h2>\n<h1 style=\"text-align: center\"><strong>III Congr\u00e9s Internacional sobre Masculinitats i Igualtat: Comunicaci\u00f3, Cultura i Mitjans Audiovisuals <\/strong><\/h1>\n<h1 style=\"text-align: center\"><strong>Comunicaci\u00f3n, Cultura y Medios Audiovisuales<\/strong><\/h1>\n<h1 style=\"text-align: center\"><strong>(CIMASCIGUAL III)<\/strong><\/h1>\n<h3 style=\"text-align: center\">Universitat Miguel Hern\u00e1ndez d&#8217;Elx entre el 3 i el 5 d&#8217;abril del 2025<\/h3>\n<p>[\/et_pb_text][\/et_pb_column][\/et_pb_row][et_pb_row column_structure=&#8221;2_5,3_5&#8243; _builder_version=&#8221;4.17.4&#8243; _module_preset=&#8221;default&#8221; global_colors_info=&#8221;{}&#8221;][et_pb_column type=&#8221;2_5&#8243; _builder_version=&#8221;4.17.4&#8243; _module_preset=&#8221;default&#8221; global_colors_info=&#8221;{}&#8221;][et_pb_divider show_divider=&#8221;off&#8221; _builder_version=&#8221;4.17.4&#8243; _module_preset=&#8221;default&#8221; global_colors_info=&#8221;{}&#8221;][\/et_pb_divider][et_pb_text _builder_version=&#8221;4.17.4&#8243; _module_preset=&#8221;default&#8221; global_colors_info=&#8221;{}&#8221;]<\/p>\n<p style=\"text-align: justify\">El <strong>CIMASCIGUAL III<\/strong> que celebrarem de forma mixta (en l\u00ednia\/presencial) a la Universitat Miguel Hern\u00e1ndez d&#8217;Elx (Alacant, Espanya) entre el 3 i el 5 d&#8217;abril del 2025. El CIMASCIGUAL III est\u00e0 organitzat per <a href=\"https:\/\/observatoriomasculinidad.umh.es\/\">l&#8217;Observatori de les Masculinitats<\/a>\u00a0i el Grup de Recerca Economia, Cultura i G\u00e8nere (ECULGE), amb la col\u00b7laboraci\u00f3 de la Unitat d&#8217;Igualtat i el Centre Interdisciplinar d&#8217;Estudis de G\u00e8nere de la Universitat Miguel Hern\u00e1ndez d\u2019Elx (UMH).<\/p>\n<p style=\"text-align: justify\">Aquest III Congr\u00e9s \u00e9s una activitat de continu\u00eftat plantejada des de les recomanacions i les conclusions obtingudes al <a href=\"https:\/\/congresomasculinidades.umh.es\/\"><strong><em>\u201cI Congr\u00e9s Internacional sobre Masculinitats i Igualtat: a la recerca de bones pr\u00e0ctiques de masculinitats igualit\u00e0ries des de l&#8217;\u00e0mbit de la universitat (CIMASCIGUAL)\u201d<\/em><\/strong><\/a> (UMH, Elx, 2-4 abril 2019) i al <a href=\"https:\/\/congresomasculinidades2.umh.es\/\"><em>\u201c<strong>II Congr\u00e9s Internacional sobre Masculinitats i Igualtat: educaci\u00f3 per a la igualtat i co(educaci\u00f3) (CIMASCIGUAL II)\u201d<\/strong><\/em><\/a> (UMH, Elche, 20-22 octubre 2022).<\/p>\n<p style=\"text-align: justify\">Despr\u00e9s de la celebraci\u00f3 d&#8217;aquests dos congressos internacionals, considerem necessari dedicar aquesta tercera edici\u00f3 del CIMASCIGUAL als <strong>productes culturals, la comunicaci\u00f3 i els mitjans audiovisuals,<\/strong> i continuar potenciant i consolidant la creaci\u00f3 de <strong>xarxes<\/strong> entre els qui treballem, investiguem, formem i intervenim sobre aquests temes . Ambdues intencions han marcat l&#8217;esdevenir de l&#8217;Observatori de les Masculinitats UMH des de la seua fundaci\u00f3 i que s&#8217;ha conreat durant tots aquests anys. Prova d&#8217;aix\u00f2 s\u00f3n les col\u00b7laboracions amb mitjans de comunicaci\u00f3, la producci\u00f3 d&#8217;audiovisuals, la <a href=\"https:\/\/observatoriomasculinidad.umh.es\/red-internacional-masculinidades\/\" target=\"_blank\" rel=\"noopener\">\u201c<strong>Xarxa Acad\u00e8mica Internacional Masculinitats, G\u00e8nere i Igualtat\u201d <\/strong><\/a>o la celebraci\u00f3 durant l&#8217;any 2024 del<strong><a href=\"https:\/\/redesmasculinidades.umh.es\/\" target=\"_blank\" rel=\"noopener\">I Cicle de Seminaris-Workshops Feministes per a la Creaci\u00f3 de Xarxes sobre Masculinitats, G\u00e8nere i Igualtat.<\/a>.<\/strong><\/p>\n<p>[\/et_pb_text][\/et_pb_column][et_pb_column type=&#8221;3_5&#8243; _builder_version=&#8221;4.17.4&#8243; _module_preset=&#8221;default&#8221; global_colors_info=&#8221;{}&#8221;][et_pb_image src=&#8221;https:\/\/congresomasculinidades3.umh.es\/files\/2024\/10\/CIMASCIGUAL3-scaled.jpg&#8221; title_text=&#8221;CIMASCIGUAL3&#8243; admin_label=&#8221;cartel&#8221; _builder_version=&#8221;4.17.4&#8243; _module_preset=&#8221;default&#8221; width=&#8221;100%&#8221; max_width=&#8221;100%&#8221; module_alignment=&#8221;center&#8221; global_colors_info=&#8221;{}&#8221;][\/et_pb_image][\/et_pb_column][\/et_pb_row][et_pb_row _builder_version=&#8221;4.17.4&#8243; _module_preset=&#8221;default&#8221; global_colors_info=&#8221;{}&#8221;][et_pb_column type=&#8221;4_4&#8243; _builder_version=&#8221;4.17.4&#8243; _module_preset=&#8221;default&#8221; global_colors_info=&#8221;{}&#8221;][et_pb_text _builder_version=&#8221;4.17.4&#8243; _module_preset=&#8221;default&#8221; global_colors_info=&#8221;{}&#8221;]<\/p>\n<p style=\"text-align: justify\">El <strong>CIMASCIGUAL<\/strong> s&#8217;ha constitu\u00eft en un congr\u00e9s trianual de refer\u00e8ncia entre els qui treballem la igualtat de g\u00e8nere enfocant-nos en els homes i l&#8217;estudi cr\u00edtic de les masculinitats, i en aquesta ocasi\u00f3 pretenem fer una reflexi\u00f3 col\u00b7lectiva sobre el paper de la cultura, els mitjans audiovisuals i la comunicaci\u00f3 en la socialitzaci\u00f3 i l&#8217;educaci\u00f3 no formal en relaci\u00f3 amb la perpetuaci\u00f3 o no, de rols i estereotips sexistes de dones i homes, de masclisme en les interaccions humanes, de referents d&#8217;homes igualitaris o desigualitaris, etc.<\/p>\n<p style=\"text-align: justify\">Com sempre, tindrem present, de manera transversal, la perspectiva de g\u00e8nere feminista i la interseccionalitat. Es presentaran confer\u00e8ncies, pon\u00e8ncies i comunicacions procedents de nombrosos pa\u00efsos, universitats i disciplines, ja que el congr\u00e9s  <strong>CIMASCIGUAL III<\/strong> de la UMH a Elx pret\u00e9n ser un lloc de trobada, reflexi\u00f3, propostes i intercanvi d&#8217;estrat\u00e8gies universit\u00e0ries, empresarials, audiovisuals, comunicatives, medi\u00e0tiques, culturals i coeducatives centrades a potenciar les masculinitats igualit\u00e0ries a nivell internacional, interuniversitari i interdisciplinar.<\/p>\n<p>[\/et_pb_text][\/et_pb_column][\/et_pb_row][\/et_pb_section][et_pb_section fb_built=&#8221;1&#8243; disabled_on=&#8221;on|on|on&#8221; _builder_version=&#8221;4.17.4&#8243; _module_preset=&#8221;default&#8221; disabled=&#8221;on&#8221; global_colors_info=&#8221;{}&#8221;][et_pb_row _builder_version=&#8221;4.17.4&#8243; _module_preset=&#8221;default&#8221; global_colors_info=&#8221;{}&#8221;][et_pb_column type=&#8221;4_4&#8243; _builder_version=&#8221;4.17.4&#8243; _module_preset=&#8221;default&#8221; global_colors_info=&#8221;{}&#8221;][:es _i=&#8221;0&#8243; _address=&#8221;4.0.0.0&#8243; theme_builder_area=&#8221;post_content&#8221; \/][: _i=&#8221;1&#8243; _address=&#8221;4.0.0.1&#8243; theme_builder_area=&#8221;post_content&#8221; \/][\/et_pb_column][\/et_pb_row][\/et_pb_section]<\/p>\n","protected":false},"excerpt":{"rendered":"<p>Us donem la benvinguda al III Congr\u00e9s Internacional sobre Masculinitats i Igualtat: Comunicaci\u00f3, Cultura i Mitjans Audiovisuals Comunicaci\u00f3n, Cultura y Medios Audiovisuales (CIMASCIGUAL III) Universitat Miguel Hern\u00e1ndez d&#8217;Elx entre el 3 i el 5 d&#8217;abril del 2025El CIMASCIGUAL III que celebrarem de forma mixta (en l\u00ednia\/presencial) a la Universitat Miguel Hern\u00e1ndez d&#8217;Elx (Alacant, Espanya) entre [&hellip;]<\/p>\n","protected":false},"author":3782,"featured_media":0,"parent":0,"menu_order":0,"comment_status":"closed","ping_status":"closed","template":"","meta":{"_et_pb_use_builder":"on","_et_pb_old_content":"<p>[et_pb_section fb_built=\"1\" _builder_version=\"4.17.4\" background_color=\"#000000\" custom_padding=\"0px||0px|||\" global_module=\"5968\" global_colors_info=\"{}\"][et_pb_row _builder_version=\"4.16\" global_colors_info=\"{}\"][et_pb_column type=\"4_4\" _builder_version=\"4.16\" global_colors_info=\"{}\"][et_pb_image src=\"https:\/\/congresomasculinidades3.umh.es\/files\/2024\/09\/CABECERA-WEB-CIMASCIGUAL3.jpg\" alt=\"Segundo Congreso Internacional Sobre Masculinidades e Igualdad Educaci\u00f3n para la igualdad y Co(Educaci\u00f3n)\" title_text=\"CABECERA WEB CIMASCIGUAL3\" url=\"https:\/\/congresomasculinidades3.umh.es\/\" _builder_version=\"4.17.4\" global_colors_info=\"{}\"][\/et_pb_image][\/et_pb_column][\/et_pb_row][\/et_pb_section][et_pb_section fb_built=\"1\" fullwidth=\"on\" _builder_version=\"4.16\" global_colors_info=\"{}\"][et_pb_fullwidth_menu menu_id=\"7135\" fullwidth_menu=\"off\" active_link_color=\"#E76996\" _builder_version=\"4.17.4\" menu_font=\"|700||on|||||\" menu_text_color=\"#FFFFFF\" menu_font_size=\"14pt\" background_color=\"#3A3B3D\" text_orientation=\"center\" border_color_all=\"#E02B20\" global_colors_info=\"{}\" border_width_all__hover_enabled=\"off|hover\" menu_text_color__hover_enabled=\"on|hover\" menu_text_color__hover=\"#E76996\"][\/et_pb_fullwidth_menu][\/et_pb_section][et_pb_section fb_built=\"1\" fullwidth=\"on\" _builder_version=\"4.17.4\" global_colors_info=\"{}\"][et_pb_fullwidth_image src=\"https:\/\/congresomasculinidades3.umh.es\/files\/2024\/10\/Entrega-CAST-1.png\" alt=\"Cartel Cimasigual II Centro de congresos de elche Jueves 20, viernes 21 y S\u00e1bado 22 de octubre 2022 Organizado por la universidad Miguel Hern\u00e1ndez de elche.\" title_text=\"Entrega - CAST (1)\" url=\"https:\/\/congresomasculinidades3.umh.es\/envio-de-comunicaciones\/\" _builder_version=\"4.17.4\" hover_enabled=\"0\" border_width_bottom=\"7px\" border_color_bottom=\"#FFFFFF\" global_colors_info=\"{}\" sticky_enabled=\"0\"][\/et_pb_fullwidth_image][\/et_pb_section][et_pb_section fb_built=\"1\" _builder_version=\"4.17.4\" _module_preset=\"default\" global_colors_info=\"{}\"][et_pb_row _builder_version=\"4.17.4\" _module_preset=\"default\" global_colors_info=\"{}\"][et_pb_column type=\"4_4\" _builder_version=\"4.17.4\" _module_preset=\"default\" global_colors_info=\"{}\"][et_pb_text _builder_version=\"4.17.4\" _module_preset=\"default\" global_colors_info=\"{}\"]<\/p><h2 style=\"text-align: center;\">Os damos la bienvenida al<\/h2><h1 style=\"text-align: center;\"><strong>III Congreso Internacional sobre Masculinidades e Igualdad<\/strong><\/h1><h1 style=\"text-align: center;\"><strong>Comunicaci\u00f3n, Cultura y Medios Audiovisuales<\/strong><\/h1><h1 style=\"text-align: center;\"><strong>(CIMASCIGUAL III)<\/strong><\/h1><h3 style=\"text-align: center;\">Universidad Miguel Hern\u00e1ndez de Elche, del 3 al 5 de abril de 2025<\/h3><p>[\/et_pb_text][\/et_pb_column][\/et_pb_row][et_pb_row column_structure=\"2_5,3_5\" _builder_version=\"4.17.4\" _module_preset=\"default\" global_colors_info=\"{}\"][et_pb_column type=\"2_5\" _builder_version=\"4.17.4\" _module_preset=\"default\" global_colors_info=\"{}\"][et_pb_divider show_divider=\"off\" _builder_version=\"4.17.4\" _module_preset=\"default\" global_colors_info=\"{}\"][\/et_pb_divider][et_pb_text _builder_version=\"4.17.4\" _module_preset=\"default\" global_colors_info=\"{}\"]<\/p><p style=\"text-align: justify;\">El <strong>CIMASCIGUAL III<\/strong> que celebraremos de forma mixta (online\/presencial) en la Universidad Miguel Hern\u00e1ndez de Elche (Alicante, Espa\u00f1a) entre el 3 y el 5 de abril de 2025, est\u00e1 organizado por el <a href=\"https:\/\/observatoriomasculinidad.umh.es\/\">Observatorio de las Masculinidades<\/a> y el Grupo de Investigaci\u00f3n Econom\u00eda, Cultura y G\u00e9nero (ECULGE), con la colaboraci\u00f3n de la Unidad de Igualdad y el Centro Interdisciplinar de Estudios de G\u00e9nero de la Universidad Miguel Hern\u00e1ndez de Elche (UMH).<\/p><p style=\"text-align: justify;\">Este III Congreso es una actividad de continuidad planteada desde las recomendaciones y las conclusiones obtenidas en el <a href=\"https:\/\/congresomasculinidades.umh.es\/\"><strong><em>\u201cI Congreso Internacional sobre Masculinidades e Igualdad: en busca de buenas pr\u00e1cticas de masculinidades igualitarias desde el \u00e1mbito de la universidad (CIMASCIGUAL)\u201d<\/em><\/strong><\/a> (UMH, Elche, 2-4 abril 2019) y en el <a href=\"https:\/\/congresomasculinidades2.umh.es\/\"><em>\u201c<strong>II Congreso Internacional sobre Masculinidades e Igualdad: educaci\u00f3n para la igualdad y co(educaci\u00f3n) (CIMASCIGUAL II)\u201d<\/strong><\/em><\/a> (UMH, Elche, 20-22 octubre 2022).<\/p><p style=\"text-align: justify;\">Tras la celebraci\u00f3n de estos dos congresos internacionales, consideramos necesario dedicar esta tercera edici\u00f3n del CIMASCIGUAL a los <strong>productos culturales, la comunicaci\u00f3n y los medios audiovisuales<\/strong>, y seguir potenciando y afianzando la creaci\u00f3n de <strong>redes<\/strong> entre quienes trabajamos, investigamos, formamos e intervenimos sobre estos temas.\u00a0Ambas intenciones han marcado el devenir del Observatorio de las Masculinidades UMH desde su fundaci\u00f3n y que se ha venido cultivando durante todos estos a\u00f1os. prueba de ello son las colaboraciones con medios de comunicaci\u00f3n, la producci\u00f3n de audiovisuales, la <a href=\"https:\/\/observatoriomasculinidad.umh.es\/red-internacional-masculinidades\/\" target=\"_blank\" rel=\"noopener\">\u201c<strong>Red Acad\u00e9mica Internacional Masculinidades, G\u00e9nero e Igualdad\u201d <\/strong><\/a>o la celebraci\u00f3n durante el a\u00f1o 2024 del <strong><a href=\"https:\/\/redesmasculinidades.umh.es\/\" target=\"_blank\" rel=\"noopener\">I Ciclo de Seminarios-Workshops Feministas para la Creaci\u00f3n de Redes sobre Masculinidades, G\u00e9nero e Igualdad<\/a>.<\/strong><\/p><p>[\/et_pb_text][\/et_pb_column][et_pb_column type=\"3_5\" _builder_version=\"4.17.4\" _module_preset=\"default\" global_colors_info=\"{}\"][et_pb_image src=\"https:\/\/congresomasculinidades3.umh.es\/files\/2024\/09\/CIMASCIGUAL3-A3-1-scaled.jpg\" title_text=\"CIMASCIGUAL3 (A3)\" admin_label=\"cartel\" _builder_version=\"4.17.4\" _module_preset=\"default\" width=\"100%\" max_width=\"100%\" module_alignment=\"center\" global_colors_info=\"{}\"][\/et_pb_image][\/et_pb_column][\/et_pb_row][et_pb_row _builder_version=\"4.17.4\" _module_preset=\"default\" global_colors_info=\"{}\"][et_pb_column type=\"4_4\" _builder_version=\"4.17.4\" _module_preset=\"default\" global_colors_info=\"{}\"][et_pb_text _builder_version=\"4.17.4\" _module_preset=\"default\" global_colors_info=\"{}\"]<\/p><p style=\"text-align: justify;\">El <strong>CIMASCIGUAL<\/strong> se ha constituido en un congreso trianual de referencia entre quienes trabajamos la igualdad de g\u00e9nero enfoc\u00e1ndonos en los hombres y el estudio cr\u00edtico de las masculinidades, y en esta ocasi\u00f3n, pretendemos realizar una reflexi\u00f3n colectiva sobre el papel de la cultura, los medios audiovisuales y la comunicaci\u00f3n en la socializaci\u00f3n y la educaci\u00f3n no formal en relaci\u00f3n a la perpetuaci\u00f3n o no, de roles y estereotipos sexistas de mujeres y hombres, de machismo en las interacciones humanas, de referentes de hombres igualitarios o desigualitarios, etc.<\/p><p style=\"text-align: justify;\">Como siempre, tendremos presente, de manera transversal, la perspectiva de g\u00e9nero feminista y la interseccionalidad. Se presentar\u00e1n conferencias, ponencias y comunicaciones procedentes de numerosos pa\u00edses, universidades y disciplinas, pues el congreso <strong>CIMASCIGUAL III<\/strong> de la UMH en Elche pretende ser un lugar de encuentro, reflexi\u00f3n, propuestas e intercambio de estrategias universitarias, empresariales, audiovisuales, comunicativas, medi\u00e1ticas, culturales y coeducativas centradas en potenciar las masculinidades igualitarias a nivel internacional, interuniversitario e interdisciplinar.<\/p><p>[\/et_pb_text][\/et_pb_column][\/et_pb_row][\/et_pb_section]<\/p>","_et_gb_content_width":"","_links_to":"","_links_to_target":""},"_links":{"self":[{"href":"https:\/\/congresomasculinidades3.umh.es\/ca\/wp-json\/wp\/v2\/pages\/12647"}],"collection":[{"href":"https:\/\/congresomasculinidades3.umh.es\/ca\/wp-json\/wp\/v2\/pages"}],"about":[{"href":"https:\/\/congresomasculinidades3.umh.es\/ca\/wp-json\/wp\/v2\/types\/page"}],"author":[{"embeddable":true,"href":"https:\/\/congresomasculinidades3.umh.es\/ca\/wp-json\/wp\/v2\/users\/3782"}],"replies":[{"embeddable":true,"href":"https:\/\/congresomasculinidades3.umh.es\/ca\/wp-json\/wp\/v2\/comments?post=12647"}],"version-history":[{"count":0,"href":"https:\/\/congresomasculinidades3.umh.es\/ca\/wp-json\/wp\/v2\/pages\/12647\/revisions"}],"wp:attachment":[{"href":"https:\/\/congresomasculinidades3.umh.es\/ca\/wp-json\/wp\/v2\/media?parent=12647"}],"curies":[{"name":"wp","href":"https:\/\/api.w.org\/{rel}","templated":true}]}}