{"id":12671,"date":"2024-10-16T13:31:03","date_gmt":"2024-10-16T11:31:03","guid":{"rendered":"https:\/\/congresomasculinidades3.umh.es\/?page_id=12671"},"modified":"2024-10-24T08:49:27","modified_gmt":"2024-10-24T06:49:27","slug":"objectius","status":"publish","type":"page","link":"https:\/\/congresomasculinidades3.umh.es\/ca\/objectius\/","title":{"rendered":"OBJECTIUS"},"content":{"rendered":"<p>[et_pb_section fb_built=&#8221;1&#8243; _builder_version=&#8221;4.16&#8243; background_color=&#8221;#000000&#8243; custom_padding=&#8221;0px||0px|||&#8221; global_colors_info=&#8221;{}&#8221;][et_pb_row _builder_version=&#8221;4.16&#8243; global_colors_info=&#8221;{}&#8221;][et_pb_column type=&#8221;4_4&#8243; _builder_version=&#8221;4.16&#8243; global_colors_info=&#8221;{}&#8221;][et_pb_image src=&#8221;https:\/\/congresomasculinidades3.umh.es\/files\/2022\/03\/4CABECERA-cimascigual2.jpg&#8221; alt=&#8221;Segundo Congreso Internacional Sobre Masculinidades e Igualdad Educaci\u00f3n para la igualdad y Co(Educaci\u00f3n)&#8221; url=&#8221;https:\/\/congresomasculinidades2.umh.es\/&#8221; _builder_version=&#8221;4.16&#8243; global_colors_info=&#8221;{}&#8221;][\/et_pb_image][\/et_pb_column][\/et_pb_row][\/et_pb_section][et_pb_section fb_built=&#8221;1&#8243; fullwidth=&#8221;on&#8221; _builder_version=&#8221;4.16&#8243; global_colors_info=&#8221;{}&#8221;][et_pb_fullwidth_menu menu_id=&#8221;7135&#8243; fullwidth_menu=&#8221;off&#8221; active_link_color=&#8221;#E76996&#8243; _builder_version=&#8221;4.16&#8243; menu_font=&#8221;|700||on|||||&#8221; menu_text_color=&#8221;#FFFFFF&#8221; menu_font_size=&#8221;14pt&#8221; background_color=&#8221;#3A3B3D&#8221; text_orientation=&#8221;center&#8221; border_color_all=&#8221;#E02B20&#8243; global_colors_info=&#8221;{}&#8221; border_width_all__hover_enabled=&#8221;off|hover&#8221; menu_text_color__hover_enabled=&#8221;on|hover&#8221; menu_text_color__hover=&#8221;#E76996&#8243;][\/et_pb_fullwidth_menu][\/et_pb_section][et_pb_section fb_built=&#8221;1&#8243; _builder_version=&#8221;4.16&#8243; global_colors_info=&#8221;{}&#8221;][et_pb_row _builder_version=&#8221;4.16&#8243; background_size=&#8221;initial&#8221; background_position=&#8221;top_left&#8221; background_repeat=&#8221;repeat&#8221; global_colors_info=&#8221;{}&#8221;][et_pb_column type=&#8221;4_4&#8243; _builder_version=&#8221;4.16&#8243; custom_padding=&#8221;|||&#8221; global_colors_info=&#8221;{}&#8221; custom_padding__hover=&#8221;|||&#8221;][et_pb_text admin_label=&#8221;OBJECTIUS&#8221; _builder_version=&#8221;4.17.4&#8243; background_size=&#8221;initial&#8221; background_position=&#8221;top_left&#8221; background_repeat=&#8221;repeat&#8221; custom_margin=&#8221;||-17px|||&#8221; custom_padding=&#8221;||0px|0px||&#8221; global_colors_info=&#8221;{}&#8221;]<\/p>\n<h1 style=\"color: #324c20; text-align: center;\"><span style=\"color: #000000;\"><b>OBJECTIUS<\/b><\/span><\/h1>\n<p>&nbsp;[\/et_pb_text][et_pb_divider show_divider=&#8221;off&#8221; _builder_version=&#8221;4.16&#8243; global_colors_info=&#8221;{}&#8221;][\/et_pb_divider][et_pb_text admin_label=&#8221;General&#8221; _builder_version=&#8221;4.17.4&#8243; text_font_size=&#8221;16px&#8221; background_size=&#8221;initial&#8221; background_position=&#8221;top_left&#8221; background_repeat=&#8221;repeat&#8221; custom_padding=&#8221;|||30px||&#8221; global_colors_info=&#8221;{}&#8221;]<\/p>\n<p style=\"text-align: justify;\"><strong>OBJECTIU GENERAL<\/strong><\/p>\n<hr \/>\n<p>&nbsp;<\/p>\n<ul>\n<li style=\"text-align: justify;\">Analitzar com els productes culturals, els mitjans audiovisuals i els mitjans de comunicaci\u00f3 transmeten i reforcen la masculinitat tradicional i hegem\u00f2nica a trav\u00e9s dels seus rols i pr\u00e0ctiques, o per contra, comencen a presentar referents d&#8217;homes proigualitaris que poden afavorir la igualtat entre dones i homes a la nostra societat.<\/li>\n<\/ul>\n<p>[\/et_pb_text][et_pb_divider show_divider=&#8221;off&#8221; _builder_version=&#8221;4.16&#8243; global_colors_info=&#8221;{}&#8221;][\/et_pb_divider][et_pb_text admin_label=&#8221;Espec\u00edfico&#8221; _builder_version=&#8221;4.17.4&#8243; text_font_size=&#8221;16px&#8221; background_size=&#8221;initial&#8221; background_position=&#8221;top_left&#8221; background_repeat=&#8221;repeat&#8221; custom_padding=&#8221;|||30px||&#8221; global_colors_info=&#8221;{}&#8221;]<\/p>\n<p style=\"text-align: justify;\"><strong>OBJECTIUS ESPEC\u00cdFICS<\/strong><\/p>\n<hr \/>\n<p>&nbsp;<\/p>\n<ul>\n<li style=\"text-align: justify;\">Reflexionar sobre el paper dels mitjans audiovisuals a l&#8217;educaci\u00f3 sexual i la prevenci\u00f3 de la viol\u00e8ncia de g\u00e8nere, incloent-hi les diferents formes de viol\u00e8ncia i la seua representaci\u00f3.<\/li>\n<li style=\"text-align: justify;\">Estudiar les representacions audiovisuals de masculinitats des d&#8217;una perspectiva interseccional, incloent-hi la diversitat de g\u00e8nere, orientaci\u00f3 sexual, etnicitat, diversitat funcional, edat, etc.<\/li>\n<li style=\"text-align: justify;\">Explorar les noves formes de paternitat, coresponsabilitat i \u00e8tica de la cura dels homes als mitjans audiovisuals, destacant com els homes participen en pr\u00e0ctiques de cura i emocionals en un context d&#8217;igualtat.<\/li>\n<li style=\"text-align: justify;\">Analitzar com la masculinitat \u00e9s representada a trav\u00e9s de diversos mitjans i productes culturals, com la m\u00fasica, el teatre, els videoclips, la r\u00e0dio i els videojocs, enfocant-se en com aquests influeixen en la percepci\u00f3 social de la masculinitat.<\/li>\n<li style=\"text-align: justify;\">Exposar com l\u2019activisme i la coeducaci\u00f3 poden transformar les masculinitats, discutint la influ\u00e8ncia dels moviments socials i els mitjans audiovisuals en la promoci\u00f3 d\u2019una igualtat de g\u00e8nere m\u00e9s efectiva.<\/li>\n<li style=\"text-align: justify;\">Debatre sobre les diferents facetes de la vulnerabilitat masculina representada als mitjans audiovisuals, incloent salut, pobresa, i exclusi\u00f3 social, i com aquestes poden ser abordades a trav\u00e9s dels Mass Media i les pol\u00edtiques p\u00fabliques en relaci\u00f3 a la cultura, les arts esc\u00e8niques i els mitjans de comunicaci\u00f3.<\/li>\n<li style=\"text-align: justify;\">Explorar com les xarxes socials influeixen en la construcci\u00f3 i la percepci\u00f3 de la masculinitat, destacant com aquestes plataformes poden perpetuar estereotips tradicionals, per\u00f2 tamb\u00e9 oferir espais per a l&#8217;expressi\u00f3 de masculinitats alternatives i dissidents, proigualit\u00e0ries.<\/li>\n<li style=\"text-align: justify;\">Crear i consolidar contactes, crear sinergies, intercanviar informaci\u00f3 i crear XARXES entre l&#8217;Observatori de les masculinitats de la UMH i els mitjans de comunicaci\u00f3 i audiovisuals que es perpetu\u00efn en el temps amb el prop\u00f2sit com\u00fa de treballar amb homes i masculinitats en pro de la igualtat entre dones i homes.<\/li>\n<li style=\"text-align: justify;\">Examinar els rols de g\u00e8nere, les expectatives i els desafiaments que enfronten els homes a l&#8217;\u00e0mbit digital, aix\u00ed com les oportunitats per promoure visions m\u00e9s igualit\u00e0ries i diverses de la masculinitat, que afavoreixin la igualtat entre dones i homes a la societat actual.<\/li>\n<\/ul>\n<p>[\/et_pb_text][\/et_pb_column][\/et_pb_row][\/et_pb_section][et_pb_section fb_built=&#8221;1&#8243; disabled_on=&#8221;on|on|on&#8221; _builder_version=&#8221;4.17.4&#8243; _module_preset=&#8221;default&#8221; disabled=&#8221;on&#8221; global_colors_info=&#8221;{}&#8221;][et_pb_row _builder_version=&#8221;4.17.4&#8243; _module_preset=&#8221;default&#8221; global_colors_info=&#8221;{}&#8221;][et_pb_column type=&#8221;4_4&#8243; _builder_version=&#8221;4.17.4&#8243; _module_preset=&#8221;default&#8221; global_colors_info=&#8221;{}&#8221;][:es _i=&#8221;0&#8243; _address=&#8221;3.0.0.0&#8243; theme_builder_area=&#8221;post_content&#8221; \/][: _i=&#8221;1&#8243; _address=&#8221;3.0.0.1&#8243; theme_builder_area=&#8221;post_content&#8221; \/][\/et_pb_column][\/et_pb_row][\/et_pb_section]<\/p>\n","protected":false},"excerpt":{"rendered":"<p>OBJECTIUS &nbsp;OBJECTIU GENERAL &nbsp; Analitzar com els productes culturals, els mitjans audiovisuals i els mitjans de comunicaci\u00f3 transmeten i reforcen la masculinitat tradicional i hegem\u00f2nica a trav\u00e9s dels seus rols i pr\u00e0ctiques, o per contra, comencen a presentar referents d&#8217;homes proigualitaris que poden afavorir la igualtat entre dones i homes a la nostra societat. OBJECTIUS [&hellip;]<\/p>\n","protected":false},"author":3782,"featured_media":0,"parent":0,"menu_order":2,"comment_status":"closed","ping_status":"closed","template":"","meta":{"_et_pb_use_builder":"on","_et_pb_old_content":"<p>[et_pb_section fb_built=\"1\" _builder_version=\"4.2.2\" background_color=\"#000000\" custom_padding=\"0px||0px|||\" global_module=\"5968\" global_colors_info=\"{}\"][et_pb_row _builder_version=\"4.16\" global_colors_info=\"{}\"][et_pb_column type=\"4_4\" _builder_version=\"4.16\" global_colors_info=\"{}\"][et_pb_image src=\"https:\/\/congresomasculinidades3.umh.es\/files\/2022\/03\/4CABECERA-cimascigual2.jpg\" alt=\"Segundo Congreso Internacional Sobre Masculinidades e Igualdad Educaci\u00f3n para la igualdad y Co(Educaci\u00f3n)\" url=\"https:\/\/congresomasculinidades2.umh.es\/\" _builder_version=\"4.16\" global_colors_info=\"{}\"][\/et_pb_image][\/et_pb_column][\/et_pb_row][\/et_pb_section][et_pb_section fb_built=\"1\" fullwidth=\"on\" _builder_version=\"4.16\" global_colors_info=\"{}\"][et_pb_fullwidth_menu menu_id=\"7135\" fullwidth_menu=\"off\" active_link_color=\"#E76996\" _builder_version=\"4.16\" menu_font=\"|700||on|||||\" menu_text_color=\"#FFFFFF\" menu_font_size=\"14pt\" background_color=\"#3A3B3D\" text_orientation=\"center\" border_color_all=\"#E02B20\" global_colors_info=\"{}\" border_width_all__hover_enabled=\"off|hover\" menu_text_color__hover_enabled=\"on|hover\" menu_text_color__hover=\"#E76996\"][\/et_pb_fullwidth_menu][\/et_pb_section][et_pb_section fb_built=\"1\" _builder_version=\"4.16\" global_colors_info=\"{}\"][et_pb_row _builder_version=\"4.16\" background_size=\"initial\" background_position=\"top_left\" background_repeat=\"repeat\" global_colors_info=\"{}\"][et_pb_column type=\"4_4\" _builder_version=\"4.16\" custom_padding=\"|||\" global_colors_info=\"{}\" custom_padding__hover=\"|||\"][et_pb_text _builder_version=\"4.16\" background_size=\"initial\" background_position=\"top_left\" background_repeat=\"repeat\" custom_margin=\"||-17px|||\" custom_padding=\"||0px|0px||\" global_colors_info=\"{}\"]<\/p><h1 style=\"color: #324c20; text-align: center;\"><span style=\"color: #000000;\"><b>OBJETIVOS<\/b><\/span><\/h1><p>\u00a0<\/p><p>[\/et_pb_text][et_pb_divider show_divider=\"off\" _builder_version=\"4.16\" global_colors_info=\"{}\"][\/et_pb_divider][et_pb_text admin_label=\"General\" _builder_version=\"4.17.4\" text_font_size=\"16px\" background_size=\"initial\" background_position=\"top_left\" background_repeat=\"repeat\" custom_padding=\"|||30px||\" hover_enabled=\"0\" global_colors_info=\"{}\" sticky_enabled=\"0\"]<\/p><p><strong>OBJETIVO GENERAL<\/strong><\/p><hr \/><p>\u00a0<\/p><ul><li style=\"text-align: justify;\">Analizar c\u00f3mo los productos culturales, los medios audiovisuales y los medios de comunicaci\u00f3n transmiten y refuerzan la masculinidad tradicional y hegem\u00f3nica a trav\u00e9s de sus roles y pr\u00e1cticas, o por el contrario, comienzan a presentar referentes de hombres proigualitarios que pueden favorecer la igualdad entre mujeres y hombres en nuestra sociedad.<\/li><\/ul><p>[\/et_pb_text][et_pb_divider show_divider=\"off\" _builder_version=\"4.16\" global_colors_info=\"{}\"][\/et_pb_divider][et_pb_text admin_label=\"Espec\u00edfico\" _builder_version=\"4.17.4\" text_font_size=\"16px\" background_size=\"initial\" background_position=\"top_left\" background_repeat=\"repeat\" custom_padding=\"|||30px||\" hover_enabled=\"0\" global_colors_info=\"{}\" sticky_enabled=\"0\"]<\/p><p style=\"text-align: justify;\"><strong>OBJETIVOS ESPEC\u00cdFICOS<\/strong><\/p><hr \/><p>\u00a0<\/p><ul><li style=\"text-align: justify;\">Reflexionar sobre el papel de los medios audiovisuales en la educaci\u00f3n sexual y la prevenci\u00f3n de la violencia de g\u00e9nero, incluyendo las distintas formas de violencia y su representaci\u00f3n.<\/li><li style=\"text-align: justify;\">Estudiar las representaciones audiovisuales de masculinidades desde una perspectiva interseccional, incluyendo la diversidad de g\u00e9nero, orientaci\u00f3n sexual, etnicidad, diversidad funcional, edad, etc.<\/li><li style=\"text-align: justify;\">Explorar las nuevas formas de paternidad, corresponsabilidad y \u00e9tica del cuidado de los hombres en los medios audiovisuales, destacando c\u00f3mo los hombres participan en pr\u00e1cticas de cuidado y emocionales en un contexto de igualdad.<\/li><li style=\"text-align: justify;\">Analizar c\u00f3mo la masculinidad es representada a trav\u00e9s de diversos medios y productos culturales, como la m\u00fasica, el teatro, videoclips, radio y videojuegos, enfoc\u00e1ndose en c\u00f3mo estos influyen en la percepci\u00f3n social de la masculinidad.<\/li><li style=\"text-align: justify;\">Exponer c\u00f3mo el activismo y la coeducaci\u00f3n pueden transformar las masculinidades, discutiendo la influencia de los movimientos sociales y los medios audiovisuales en la promoci\u00f3n de una igualdad de g\u00e9nero m\u00e1s efectiva.<\/li><li style=\"text-align: justify;\">Debatir sobre las diferentes facetas de la vulnerabilidad masculina representada en los medios audiovisuales, incluyendo salud, pobreza, y exclusi\u00f3n social, y c\u00f3mo estas pueden ser abordadas a trav\u00e9s de los Mass Media y las pol\u00edticas p\u00fablicas en relaci\u00f3n a la cultura, las artes esc\u00e9nicas y los medios de comunicaci\u00f3n.<\/li><li style=\"text-align: justify;\">Explorar c\u00f3mo las redes sociales influyen en la construcci\u00f3n y percepci\u00f3n de la masculinidad, destacando c\u00f3mo estas plataformas pueden perpetuar estereotipos tradicionales, pero tambi\u00e9n ofrecer espacios para la expresi\u00f3n de masculinidades alternativas y disidentes, proigualitarias.<\/li><li style=\"text-align: justify;\">Crear y afianzar contactos, crear sinergias, intercambiar informaci\u00f3n y crear REDES entre el Observatorio de las masculinidades de la UMH y medios de comunicaci\u00f3n y audiovisuales que se perpet\u00faen en el tiempo con el prop\u00f3sito com\u00fan de trabajar con hombres y masculinidades en pro de la igualdad entre mujeres y hombres.<\/li><li style=\"text-align: justify;\">Examinar los roles de g\u00e9nero, las expectativas y los desaf\u00edos que enfrentan los hombres en el \u00e1mbito digital, as\u00ed como las oportunidades para promover visiones m\u00e1s igualitarias y diversas de la masculinidad, que favorezcan la igualdad entre mujeres y hombres en la sociedad actual.<\/li><\/ul><p>[\/et_pb_text][\/et_pb_column][\/et_pb_row][\/et_pb_section]<\/p>","_et_gb_content_width":"","_links_to":"","_links_to_target":""},"_links":{"self":[{"href":"https:\/\/congresomasculinidades3.umh.es\/ca\/wp-json\/wp\/v2\/pages\/12671"}],"collection":[{"href":"https:\/\/congresomasculinidades3.umh.es\/ca\/wp-json\/wp\/v2\/pages"}],"about":[{"href":"https:\/\/congresomasculinidades3.umh.es\/ca\/wp-json\/wp\/v2\/types\/page"}],"author":[{"embeddable":true,"href":"https:\/\/congresomasculinidades3.umh.es\/ca\/wp-json\/wp\/v2\/users\/3782"}],"replies":[{"embeddable":true,"href":"https:\/\/congresomasculinidades3.umh.es\/ca\/wp-json\/wp\/v2\/comments?post=12671"}],"version-history":[{"count":0,"href":"https:\/\/congresomasculinidades3.umh.es\/ca\/wp-json\/wp\/v2\/pages\/12671\/revisions"}],"wp:attachment":[{"href":"https:\/\/congresomasculinidades3.umh.es\/ca\/wp-json\/wp\/v2\/media?parent=12671"}],"curies":[{"name":"wp","href":"https:\/\/api.w.org\/{rel}","templated":true}]}}