{"id":12692,"date":"2024-10-16T13:46:08","date_gmt":"2024-10-16T11:46:08","guid":{"rendered":"https:\/\/congresomasculinidades3.umh.es\/?page_id=12692"},"modified":"2024-10-24T08:51:16","modified_gmt":"2024-10-24T06:51:16","slug":"justificacio","status":"publish","type":"page","link":"https:\/\/congresomasculinidades3.umh.es\/ca\/justificacio\/","title":{"rendered":"JUSTIFICACI\u00d3"},"content":{"rendered":"<p>[et_pb_section fb_built=&#8221;1&#8243; _builder_version=&#8221;4.16&#8243; background_color=&#8221;#000000&#8243; custom_padding=&#8221;0px||0px|||&#8221; global_colors_info=&#8221;{}&#8221;][et_pb_row _builder_version=&#8221;4.16&#8243; global_colors_info=&#8221;{}&#8221;][et_pb_column type=&#8221;4_4&#8243; _builder_version=&#8221;4.16&#8243; global_colors_info=&#8221;{}&#8221;][et_pb_image src=&#8221;https:\/\/congresomasculinidades3.umh.es\/files\/2022\/03\/4CABECERA-cimascigual2.jpg&#8221; alt=&#8221;Segundo Congreso Internacional Sobre Masculinidades e Igualdad Educaci\u00f3n para la igualdad y Co(Educaci\u00f3n)&#8221; url=&#8221;https:\/\/congresomasculinidades2.umh.es\/&#8221; _builder_version=&#8221;4.16&#8243; global_colors_info=&#8221;{}&#8221;][\/et_pb_image][\/et_pb_column][\/et_pb_row][\/et_pb_section][et_pb_section fb_built=&#8221;1&#8243; fullwidth=&#8221;on&#8221; _builder_version=&#8221;4.16&#8243; global_colors_info=&#8221;{}&#8221;][et_pb_fullwidth_menu menu_id=&#8221;7135&#8243; fullwidth_menu=&#8221;off&#8221; active_link_color=&#8221;#E76996&#8243; _builder_version=&#8221;4.16&#8243; menu_font=&#8221;|700||on|||||&#8221; menu_text_color=&#8221;#FFFFFF&#8221; menu_font_size=&#8221;14pt&#8221; background_color=&#8221;#3A3B3D&#8221; text_orientation=&#8221;center&#8221; border_color_all=&#8221;#E02B20&#8243; global_colors_info=&#8221;{}&#8221; border_width_all__hover_enabled=&#8221;off|hover&#8221; menu_text_color__hover_enabled=&#8221;on|hover&#8221; menu_text_color__hover=&#8221;#E76996&#8243;][\/et_pb_fullwidth_menu][\/et_pb_section][et_pb_section fb_built=&#8221;1&#8243; admin_label=&#8221;section&#8221; _builder_version=&#8221;4.16&#8243; global_colors_info=&#8221;{}&#8221;][et_pb_row admin_label=&#8221;row&#8221; _builder_version=&#8221;4.16&#8243; background_size=&#8221;initial&#8221; background_position=&#8221;top_left&#8221; background_repeat=&#8221;repeat&#8221; global_colors_info=&#8221;{}&#8221;][et_pb_column type=&#8221;4_4&#8243; _builder_version=&#8221;4.16&#8243; custom_padding=&#8221;|||&#8221; global_colors_info=&#8221;{}&#8221; custom_padding__hover=&#8221;|||&#8221;][et_pb_text admin_label=&#8221;Text&#8221; _builder_version=&#8221;4.17.4&#8243; text_font_size=&#8221;16px&#8221; background_size=&#8221;initial&#8221; background_position=&#8221;top_left&#8221; background_repeat=&#8221;repeat&#8221; global_colors_info=&#8221;{}&#8221;]<\/p>\n<h1 style=\"text-align: center;\"><span style=\"color: #000000;\"><b>JUSTIFICACI\u00d3<\/b><\/span><\/h1>\n<p>[\/et_pb_text][et_pb_text admin_label=&#8221;Text&#8221; _builder_version=&#8221;4.17.4&#8243; text_font_size=&#8221;16px&#8221; background_size=&#8221;initial&#8221; background_position=&#8221;top_left&#8221; background_repeat=&#8221;repeat&#8221; global_colors_info=&#8221;{}&#8221;]<\/p>\n<p style=\"text-align: justify;\">A la Taula Rodona: \u201cEl Paper dels Mitjans de Comunicaci\u00f3: a la recerca de referents de models d&#8217;homes proigualitaris\u201d, celebrada el 21 d&#8217;octubre de 2022 al CIMASCIGUAL II, les quatre ponents del qual van ser expertes de diversos mitjans de comunicaci\u00f3: Vict\u00f2ria Maso (\u00c0 Punt Media TV), Carolina Pecharrom\u00e1n (TVE. Objectiu Igualtat), Ana Requena Aguilar (eldiario.es) i Marta Pastor (RTVE. Elles poden. R\u00e0dio 5), es va evidenciar la necessitat de treballar les masculinitats proigualit\u00e0ries als mitjans audiovisuals i de comunicaci\u00f3, tema a penes tractat encara avui dia.<\/p>\n<p style=\"text-align: justify;\">Per aix\u00f2, en aquest CIMASCIGUAL III es pret\u00e9n afavorir una reflexi\u00f3 col\u00b7lectiva als mitjans audiovisuals i de comunicaci\u00f3 sobre la necessitat de la seua implicaci\u00f3 en la q\u00fcesti\u00f3 de la igualtat de g\u00e8nere entre dones i homes, a trav\u00e9s de les representacions audiovisuals que es mostren. S&#8217;abordaran tem\u00e0tiques com: la igualtat de g\u00e8nere, la construcci\u00f3 sociocultural de la masculinitat, la prevenci\u00f3 de les viol\u00e8ncies de g\u00e8nere destinada a xiquets, joves i homes, la corporalitat i la cura, l&#8217;esport, la sexualitat masculina (pornografia, prostituci\u00f3, etc.), la coresponsabilitat, les emocions, la religi\u00f3, el lleure, etc.<\/p>\n<p style=\"text-align: justify;\">Donarem especial atenci\u00f3 als productes audiovisuals que promoguen masculinitats no masclistes, despatriarcalitzades i proigualit\u00e0ries.<\/p>\n<p style=\"text-align: justify;\">Tindrem present de manera transversal la perspectiva de g\u00e8nere, l\u2019enfocament feminista i la interseccionalitat. Presentarem confer\u00e8ncies, pon\u00e8ncies i comunicacions procedents de diversos pa\u00efsos, universitats, disciplines.<\/p>\n<p style=\"text-align: justify;\">El nostre prop\u00f2sit prioritari en aquest esdeveniment (en qu\u00e8 col\u00b7laboraran nombrosos mitjans de comunicaci\u00f3 i audiovisuals, universitats espanyoles i estrangeres, empreses i fundacions, ajuntaments i mancomunitats, associacions de dones i homes igualitaris, diversos m\u00e0sters i doctorats d&#8217;estudis de g\u00e8nere, etc.). ) \u00e9s celebrar un congr\u00e9s acad\u00e8mic internacional enfocat a la socialitzaci\u00f3 que exerceixen les ind\u00fastries culturals, els mitjans audiovisuals i els de comunicaci\u00f3 en relaci\u00f3 a la igualtat o desigualtat de g\u00e8nere de la poblaci\u00f3 infantil, adolescent, jove i adulta, centrant-nos en les representacions dels barons i la masculinitat.<\/p>\n<p style=\"text-align: justify;\">Com sempre defensem des del CIMASCIGUAL, ning\u00fa no va dir que la igualtat de g\u00e8nere siga una cosa que s&#8217;aconseguisca r\u00e0pida i f\u00e0cilment, per\u00f2 no hi ha cap dubte que sense els homes aquesta fita ser\u00e0 impossible d&#8217;assolir. Perqu\u00e8, a m\u00e9s de la igualtat de g\u00e8nere legal-normativa (que ja tenim al nostre pa\u00eds), s&#8217;aconseguisca la veritable igualtat real i efectiva en totes les esferes socials i en la quotidianitat, els homes s&#8217;han de sumar a aquesta revoluci\u00f3\/transformaci\u00f3 social feminista, i per aix\u00f2, la celebraci\u00f3 d&#8217;aquest tipus de congressos centrats en les representacions dels homes i les masculinitats als mitjans de comunicaci\u00f3 i audiovisuals resulta imprescindible.<\/p>\n<p>[\/et_pb_text][\/et_pb_column][\/et_pb_row][\/et_pb_section][et_pb_section fb_built=&#8221;1&#8243; disabled_on=&#8221;on|on|on&#8221; _builder_version=&#8221;4.17.4&#8243; _module_preset=&#8221;default&#8221; disabled=&#8221;on&#8221; global_colors_info=&#8221;{}&#8221;][et_pb_row _builder_version=&#8221;4.17.4&#8243; _module_preset=&#8221;default&#8221; global_colors_info=&#8221;{}&#8221;][et_pb_column type=&#8221;4_4&#8243; _builder_version=&#8221;4.17.4&#8243; _module_preset=&#8221;default&#8221; global_colors_info=&#8221;{}&#8221;][:es _i=&#8221;0&#8243; _address=&#8221;3.0.0.0&#8243; theme_builder_area=&#8221;post_content&#8221; \/][: _i=&#8221;1&#8243; _address=&#8221;3.0.0.1&#8243; theme_builder_area=&#8221;post_content&#8221; \/][\/et_pb_column][\/et_pb_row][\/et_pb_section]<\/p>\n","protected":false},"excerpt":{"rendered":"<p>JUSTIFICACI\u00d3A la Taula Rodona: \u201cEl Paper dels Mitjans de Comunicaci\u00f3: a la recerca de referents de models d&#8217;homes proigualitaris\u201d, celebrada el 21 d&#8217;octubre de 2022 al CIMASCIGUAL II, les quatre ponents del qual van ser expertes de diversos mitjans de comunicaci\u00f3: Vict\u00f2ria Maso (\u00c0 Punt Media TV), Carolina Pecharrom\u00e1n (TVE. Objectiu Igualtat), Ana Requena Aguilar [&hellip;]<\/p>\n","protected":false},"author":3782,"featured_media":0,"parent":0,"menu_order":3,"comment_status":"closed","ping_status":"closed","template":"","meta":{"_et_pb_use_builder":"on","_et_pb_old_content":"<p>[et_pb_section fb_built=\"1\" _builder_version=\"4.2.2\" background_color=\"#000000\" custom_padding=\"0px||0px|||\" global_module=\"5968\" global_colors_info=\"{}\"][et_pb_row _builder_version=\"4.16\" global_colors_info=\"{}\"][et_pb_column type=\"4_4\" _builder_version=\"4.16\" global_colors_info=\"{}\"][et_pb_image src=\"https:\/\/congresomasculinidades3.umh.es\/files\/2022\/03\/4CABECERA-cimascigual2.jpg\" alt=\"Segundo Congreso Internacional Sobre Masculinidades e Igualdad Educaci\u00f3n para la igualdad y Co(Educaci\u00f3n)\" url=\"https:\/\/congresomasculinidades2.umh.es\/\" _builder_version=\"4.16\" global_colors_info=\"{}\"][\/et_pb_image][\/et_pb_column][\/et_pb_row][\/et_pb_section][et_pb_section fb_built=\"1\" fullwidth=\"on\" _builder_version=\"4.16\" global_colors_info=\"{}\"][et_pb_fullwidth_menu menu_id=\"7135\" fullwidth_menu=\"off\" active_link_color=\"#E76996\" _builder_version=\"4.16\" menu_font=\"|700||on|||||\" menu_text_color=\"#FFFFFF\" menu_font_size=\"14pt\" background_color=\"#3A3B3D\" text_orientation=\"center\" border_color_all=\"#E02B20\" global_colors_info=\"{}\" border_width_all__hover_enabled=\"off|hover\" menu_text_color__hover_enabled=\"on|hover\" menu_text_color__hover=\"#E76996\"][\/et_pb_fullwidth_menu][\/et_pb_section][et_pb_section fb_built=\"1\" admin_label=\"section\" _builder_version=\"4.16\" global_colors_info=\"{}\"][et_pb_row admin_label=\"row\" _builder_version=\"4.16\" background_size=\"initial\" background_position=\"top_left\" background_repeat=\"repeat\" global_colors_info=\"{}\"][et_pb_column type=\"4_4\" _builder_version=\"4.16\" custom_padding=\"|||\" global_colors_info=\"{}\" custom_padding__hover=\"|||\"][et_pb_text admin_label=\"Text\" _builder_version=\"4.16\" text_font_size=\"16px\" background_size=\"initial\" background_position=\"top_left\" background_repeat=\"repeat\" global_colors_info=\"{}\"]<\/p><h1 style=\"text-align: center;\"><span style=\"color: #000000;\"><b>JUSTIFICACI\u00d3N<\/b><\/span><\/h1><p>[\/et_pb_text][et_pb_text admin_label=\"Text\" _builder_version=\"4.17.4\" text_font_size=\"16px\" background_size=\"initial\" background_position=\"top_left\" background_repeat=\"repeat\" hover_enabled=\"0\" global_colors_info=\"{}\" sticky_enabled=\"0\"]<\/p><p style=\"text-align: justify;\">En la Mesa Redonda: \u201cEl Papel de los Medios de Comunicaci\u00f3n: en busca de referentes de modelos de hombres pro-igualitarios\u201d, celebrada el 21 de octubre de 2022 en el CIMASCIGUAL II, cuyas cuatro ponentes fueron expertas de diversos medios de comunicaci\u00f3n:\u00a0 Victoria Maso (\u00c0 Punt Media TV), Carolina Pecharrom\u00e1n (TVE. Objetivo Igualdad), Ana Requena Aguilar (eldiario.es) y Marta Pastor (RTVE. Ellas pueden. Radio 5), se evidenci\u00f3 la necesidad de trabajar las masculinidades proigualitarias en los medios audiovisuales y de comunicaci\u00f3n, tema apenas tratado a\u00fan hoy en d\u00eda.<\/p><p style=\"text-align: justify;\">Por ello, en este CIMASCIGUAL III se pretende favorecer una reflexi\u00f3n colectiva en los medios audiovisuales y de comunicaci\u00f3n sobre la necesidad de su implicaci\u00f3n en la cuesti\u00f3n de la igualdad de g\u00e9nero entre mujeres y hombres, a trav\u00e9s de las representaciones audiovisuales que se muestren. Se abordar\u00e1n tem\u00e1ticas tales como: la igualdad de g\u00e9nero, la construcci\u00f3n sociocultural de la masculinidad, la prevenci\u00f3n de las violencias de g\u00e9nero destinada a ni\u00f1os, j\u00f3venes y hombres, la corporalidad y el cuidado, el deporte, la sexualidad masculina (pornograf\u00eda, prostituci\u00f3n, etc.), la corresponsabilidad, las emociones, la religi\u00f3n, el ocio, etc.<\/p><p style=\"text-align: justify;\">Daremos especial atenci\u00f3n a los productos audiovisuales que promuevan masculinidades no machistas, despatriarcalizadas y proigualitarias.<\/p><p style=\"text-align: justify;\">Tendremos presente de manera transversal la perspectiva de g\u00e9nero, el enfoque feminista y la interseccionalidad. Presentaremos conferencias, ponencias y comunicaciones procedentes de diversos pa\u00edses, universidades, disciplinas.<\/p><p style=\"text-align: justify;\">Nuestro prop\u00f3sito prioritario en este evento (en el que colaborar\u00e1n numerosos medios de comunicaci\u00f3n y audiovisuales, universidades espa\u00f1olas y extranjeras, empresas y fundaciones, ayuntamientos y mancomunidades, asociaciones de mujeres y de hombres igualitarios, diversos m\u00e1steres y doctorados de estudios de g\u00e9nero, etc.) es celebrar un congreso acad\u00e9mico internacional enfocado en la socializaci\u00f3n que ejercen las industrias culturales, los medios audiovisuales y los de comunicaci\u00f3n en relaci\u00f3n a la igualdad o desigualdad de g\u00e9nero de la poblaci\u00f3n infantil, adolescente, joven y adulta, centr\u00e1ndonos en las representaciones de los varones y la masculinidad.<\/p><p style=\"text-align: justify;\">Como siempre defendemos desde el CIMASCIGUAL, nadie dijo que la igualdad de g\u00e9nero sea algo que se consiga r\u00e1pida y f\u00e1cilmente, pero no nos cabe la menor duda de que sin los hombres, esa meta ser\u00e1 imposible de alcanzar. Para que adem\u00e1s de la igualdad de g\u00e9nero legal-normativa (que ya tenemos en nuestro pa\u00eds) se consiga la verdadera igualdad real y efectiva en todas las esferas sociales y en la cotidianidad, han de sumarse los hombres a esta revoluci\u00f3n\/transformaci\u00f3n social feminista, y para ello, la celebraci\u00f3n de este tipo de congresos centrados en las representaciones de los hombres y las masculinidades en los medios de comunicaci\u00f3n y audiovisuales resulta imprescindible.<\/p><p>[\/et_pb_text][\/et_pb_column][\/et_pb_row][\/et_pb_section]<\/p>","_et_gb_content_width":"","_links_to":"","_links_to_target":""},"_links":{"self":[{"href":"https:\/\/congresomasculinidades3.umh.es\/ca\/wp-json\/wp\/v2\/pages\/12692"}],"collection":[{"href":"https:\/\/congresomasculinidades3.umh.es\/ca\/wp-json\/wp\/v2\/pages"}],"about":[{"href":"https:\/\/congresomasculinidades3.umh.es\/ca\/wp-json\/wp\/v2\/types\/page"}],"author":[{"embeddable":true,"href":"https:\/\/congresomasculinidades3.umh.es\/ca\/wp-json\/wp\/v2\/users\/3782"}],"replies":[{"embeddable":true,"href":"https:\/\/congresomasculinidades3.umh.es\/ca\/wp-json\/wp\/v2\/comments?post=12692"}],"version-history":[{"count":0,"href":"https:\/\/congresomasculinidades3.umh.es\/ca\/wp-json\/wp\/v2\/pages\/12692\/revisions"}],"wp:attachment":[{"href":"https:\/\/congresomasculinidades3.umh.es\/ca\/wp-json\/wp\/v2\/media?parent=12692"}],"curies":[{"name":"wp","href":"https:\/\/api.w.org\/{rel}","templated":true}]}}