{"id":12701,"date":"2024-10-16T14:54:45","date_gmt":"2024-10-16T12:54:45","guid":{"rendered":"https:\/\/congresomasculinidades3.umh.es\/?page_id=12701"},"modified":"2025-01-15T11:00:10","modified_gmt":"2025-01-15T10:00:10","slug":"programa","status":"publish","type":"page","link":"https:\/\/congresomasculinidades3.umh.es\/ca\/programa\/","title":{"rendered":"PROGRAMA"},"content":{"rendered":"<p>[et_pb_section fb_built=&#8221;1&#8243; _builder_version=&#8221;4.17.4&#8243; background_color=&#8221;#000000&#8243; custom_padding=&#8221;0px||0px|||&#8221; global_colors_info=&#8221;{}&#8221;][et_pb_row _builder_version=&#8221;4.16&#8243; global_colors_info=&#8221;{}&#8221;][et_pb_column type=&#8221;4_4&#8243; _builder_version=&#8221;4.16&#8243; global_colors_info=&#8221;{}&#8221;][et_pb_image src=&#8221;https:\/\/congresomasculinidades3.umh.es\/files\/2024\/09\/CABECERA-WEB-CIMASCIGUAL3.jpg&#8221; alt=&#8221;Segundo Congreso Internacional Sobre Masculinidades e Igualdad Educaci\u00f3n para la igualdad y Co(Educaci\u00f3n)&#8221; title_text=&#8221;CABECERA WEB CIMASCIGUAL3&#8243; url=&#8221;https:\/\/congresomasculinidades3.umh.es\/&#8221; _builder_version=&#8221;4.17.4&#8243; global_colors_info=&#8221;{}&#8221;][\/et_pb_image][\/et_pb_column][\/et_pb_row][\/et_pb_section][et_pb_section fb_built=&#8221;1&#8243; fullwidth=&#8221;on&#8221; _builder_version=&#8221;4.16&#8243; global_colors_info=&#8221;{}&#8221;][et_pb_fullwidth_menu menu_id=&#8221;7135&#8243; fullwidth_menu=&#8221;off&#8221; active_link_color=&#8221;#E76996&#8243; _builder_version=&#8221;4.16&#8243; menu_font=&#8221;|700||on|||||&#8221; menu_text_color=&#8221;#FFFFFF&#8221; menu_font_size=&#8221;14pt&#8221; background_color=&#8221;#3A3B3D&#8221; text_orientation=&#8221;center&#8221; border_color_all=&#8221;#E02B20&#8243; global_colors_info=&#8221;{}&#8221; border_width_all__hover_enabled=&#8221;off|hover&#8221; menu_text_color__hover_enabled=&#8221;on|hover&#8221; menu_text_color__hover=&#8221;#E76996&#8243;][\/et_pb_fullwidth_menu][\/et_pb_section][et_pb_section fb_built=&#8221;1&#8243; _builder_version=&#8221;4.16&#8243; global_colors_info=&#8221;{}&#8221;][et_pb_row _builder_version=&#8221;4.16&#8243; global_colors_info=&#8221;{}&#8221;][et_pb_column type=&#8221;4_4&#8243; _builder_version=&#8221;4.16&#8243; global_colors_info=&#8221;{}&#8221;][et_pb_text _builder_version=&#8221;4.17.4&#8243; text_font=&#8221;||||||||&#8221; header_text_color=&#8221;#000000&#8243; header_2_font=&#8221;|700|||||||&#8221; header_2_text_color=&#8221;#324C20&#8243; header_2_font_size=&#8221;33px&#8221; custom_padding=&#8221;||0px|||&#8221; global_colors_info=&#8221;{}&#8221;]<\/p>\n<h1 style=\"text-align: center\"><span style=\"color: #333333\"><b>PROGRAMA<\/b><\/span><\/h1>\n<p>&nbsp;<\/p>\n<p>&nbsp;<\/p>\n<h2 style=\"text-align: center\"><span style=\"color: #333333\"><b>III CONGR\u00c9S INTERNACIONAL SOBRE MASCULINITATS I IGUALTAT: COMUNICACI\u00d3, CULTURA I MITJANS AUDIOVISUALS.<\/b><\/span><\/h2>\n<p>&nbsp;<\/p>\n<h2 style=\"text-align: center\"><span style=\"color: #333333\"><b>(CIMASCIGUAL III)<\/b><\/span><\/h2>\n<p>&nbsp;<\/p>\n<h3 style=\"text-align: center\"><strong><span style=\"color: #333333\">DATES:<\/span> <\/strong><\/h3>\n<h3 style=\"text-align: center\"><strong><span style=\"color: #800080\">DIJOUS 3, DIVENDRES 4 I DISSABTE 5 D\u00b4ABRIL deL 2025<\/span><\/strong><\/h3>\n<h3><\/h3>\n<h3 style=\"text-align: center\"><strong><span style=\"color: #333333\">LLOC:<\/span><\/strong><\/h3>\n<h3 style=\"text-align: center\"><strong><span style=\"color: #800080\">EDIFICI D\u00b4ALTABIX (CAMPUS D\u00b4ELX), UMH<\/span><\/strong><\/h3>\n<h3 style=\"text-align: center\"><strong><span style=\"color: #800080\">Sessions plen\u00e0ries: Aula Magna<\/span><\/strong><\/h3>\n<h3 style=\"text-align: center\"><strong><span style=\"color: #800080\">Sessions simult\u00e0nies: 4 aules per determinar.<\/span><\/strong><\/h3>\n<h3 style=\"text-align: center\"><strong><span style=\"color: #333333\">Organitza: <\/span><\/strong><\/h3>\n<h3 style=\"text-align: center\"><strong><span style=\"color: #800080\">Observatori de les Masculinitats. ECULGE.<\/span><\/strong><\/h3>\n<h3 style=\"text-align: center\"><strong><span style=\"color: #800080\">Universitat Miguel Hern\u00e1ndez d&#8217;Elx.<\/span><\/strong><\/h3>\n<p>&nbsp;<br \/>\n&nbsp;<br \/>\n&nbsp;<\/p>\n<h3 style=\"text-align: center\"><strong><span style=\"color: #333333\">PROGRAMA<\/span><\/strong><\/h3>\n<p>[\/et_pb_text][et_pb_divider show_divider=&#8221;off&#8221; _builder_version=&#8221;4.16&#8243; global_colors_info=&#8221;{}&#8221;][\/et_pb_divider][et_pb_text _builder_version=&#8221;4.17.4&#8243; hover_enabled=&#8221;0&#8243; inline_fonts=&#8221;Abel&#8221; global_colors_info=&#8221;{}&#8221; sticky_enabled=&#8221;0&#8243;]<\/p>\n<h2 style=\"text-align: left\"><span style=\"font-size: x-large;color: #ff99cc\">DIJOUS<strong> 3 ABRIL 2025. <\/strong><\/span><\/h2>\n<p style=\"text-align: left\"><span style=\"color: #800080\"><strong>MAT\u00cd:<\/strong><\/span><\/p>\n<p>&lt;!&#8211;<\/p>\n<p style=\"text-align: center\"><span style=\"color: #800080\"><strong>Aula Magna<\/strong><\/span><\/p>\n<p>&#8211;&gt;<br \/>9:00-9:30h <strong>RECOLLIDA MATERIALS I ACREDITACIONS<\/strong><\/p>\n<p>9:30- 9:45h<strong> ACTE D\u2019INAUGURACI\u00d3<\/strong><br \/>&lt;!&#8211;<\/p>\n<ul>\n<li>D\u00aa. Cristina Hern\u00e1ndez Mart\u00edn. Directora de l&#8217;Institut de les Dones<\/li>\n<li>Dra. Anastasia T\u00e9llez Infantes. Directora de l\u2019Observatori de les Masculinitats. Universitat Miguel Hern\u00e1ndez d\u2019Elx.<\/li>\n<\/ul>\n<p>&#8211;&gt;<br \/>9:45-10:30h <strong>OBSERVATORI D\u2019IGUALTAT DE RTVE. (ACTIVITAT PENDENT DE CONFIRMAR).<\/strong><\/p>\n<p style=\"padding-left: 40px\"><strong><u>Presenta i modera: <\/u> <\/strong>Dra. Alicia de Lara Gonz\u00e1lez. Universitat Miguel Hern\u00e1ndez d\u2019Elx.<\/p>\n<p>10:30-11:30h <strong>CONFER\u00c8NCIA 1: <\/strong><strong><em>\u201cHOMES MIRATS PER DONES: EL CINEMA COM A ESPILL D&#8217;ALTRES MASCULINITATS\u201d<\/em><\/strong><\/p>\n<p style=\"padding-left: 40px\"><strong><u>Conferenciant: <\/u><\/strong> Dr. Octavio Salazar Ben\u00edtez. Universitat de C\u00f2rdova.<\/p>\n<p style=\"padding-left: 40px\"><strong><u>Presenta i modera: <\/u><\/strong> Dr. Miguel Lorente Acosta. Universitat de Granada.<\/p>\n<p>11:30-12:00h <strong>PAUSA CAF\u00c9<\/strong><\/p>\n<p>12:00-13:00h <strong>CONFER\u00c8NCIA 2: <\/strong><strong><em>\u201cELS PERSONATGES MASCULINS DEL CINEMA DE PEDRO ALMOD\u00d3VAR: PROTOTIPS, ESTEREOTIPS, G\u00c8NERES I EVOLUCI\u00d3\u201d<\/em><\/strong><\/p>\n<p style=\"padding-left: 40px\"><strong><u>Conferenciant: <\/u><\/strong> Dra. Valeriano Dur\u00e1n Manso. Universitat de Sevilla.<\/p>\n<p style=\"padding-left: 40px\"><strong><u>Presenta i modera: <\/u><\/strong>\u00a0 Dr. Joan Sanf\u00e9lix Albelda. Universitat de Castell\u00f3.<\/p>\n<p>13:00-14:00h <strong>TAULA RODONA: OBSERVATORI DE LES MASCULINITATS, ACTIVITATS I PROPOSTES AUDIOVISUALS<\/strong><\/p>\n<p style=\"padding-left: 40px\"><strong><u>Ponents:<\/u><\/strong><\/p>\n<ul>\n<li style=\"list-style-type: none\">\n<ul>\n<li>Dra. Anastasia T\u00e9llez Infantes. Directora de l\u2019Observatori de les Masculinitats. Universitat Miguel Hern\u00e1ndez d\u2019Elx.<\/li>\n<li>Dr. Fernando Herranz Vel\u00e1zquez. Observatori de les Masculinitats Universitat Miguel Hern\u00e1ndez d\u2019Elx.<\/li>\n<li>D\u00aa. Amparo Calabuig Puig. Observatori de les Masculinitats Universitat Miguel Hern\u00e1ndez d\u2019Elx<\/li>\n<\/ul>\n<\/li>\n<\/ul>\n<p>&lt;!&#8211;<\/p>\n<h2 style=\"text-align: left\"><span style=\"color: #ff99cc;font-size: x-large\"><strong>VESPRADA:<\/strong><\/span><\/h2>\n<p>&#8211;&gt;<br \/>&lt;!&#8211; <strong><span style=\"color: #800080\">Aula Magna<\/span><\/strong> &#8211;&gt;<br \/><strong><span style=\"color: #800080\">VESPRADA:<\/span><\/strong><\/p>\n<p style=\"text-align: justify\">16:00-17:00h<strong> CONFER\u00c8NCIA 3: <em>\u201cRUGIX EL LLE\u00d3: HOMES, COSSOS I POL\u00cdTIQUES\u201d<\/em><\/strong><\/p>\n<p style=\"padding-left: 40px\"><strong><u>Conferenciant: <\/u><\/strong> Dra. Bego\u00f1a Enguix Grau. Universitat Oberta de Catalunya.<\/p>\n<p style=\"padding-left: 40px\"><strong><u>Presenta i modera: <\/u><\/strong> D. Joaquim Montaner. Observatori de les Masculinitats (UMH). Fundaci\u00f3 Iniciativa Social.<\/p>\n<p>17:00-18:00h <strong>CONFER\u00c8NCIA 4 \u201c<em>LA REDEFINICI\u00d3 AUDIOVISUAL DEL SUBJECTE MASCUL\u00cd: TRANSFORMACI\u00d3 IGUALIT\u00c0RIA O RESIST\u00c8NCIA PATRIARCAL?<\/em>\u201d<\/strong><\/p>\n<p style=\"padding-left: 40px\"><strong><u>Conferenciant: <\/u><\/strong> Dr. Iv\u00e1n Sambade Baquer\u00edn. Universitat de Valladolid.<\/p>\n<p style=\"padding-left: 40px\"><strong><u>Presenta i modera: <\/u><\/strong> Dr. Jos\u00e9 Antonio Cavero Rubio. Universitat Miguel Hern\u00e1ndez d\u2019Elx.<\/p>\n<p>18:00-18:30h <strong>PAUSA CAF\u00c9<\/strong><\/p>\n<p>18:30-20:30h <strong>SESSIONS CIENT\u00cdFIQUES SIMULT\u00c0NIES<\/strong><\/p>\n<ul>\n<li><a href=\"https:\/\/congresomasculinidades3.umh.es\/ca\/sessions-cientifiques\/\" target=\"_blank\" rel=\"noopener\"><strong><span style=\"color: #800080\">SESSI\u00d3 CIENT\u00cdFICA 1<\/span>.<\/strong> <strong><em>L&#8217;APRENENTATGE I LA TRANSMISSI\u00d3 DE LA MASCULINITAT PATRIARCAL, HEGEM\u00d2NICA, TRADICIONAL A TRAV\u00c9S DELS MITJANS AUDIOVISUALS I DE COMUNICACI\u00d3.<\/em><\/strong><\/a><\/li>\n<\/ul>\n<p style=\"padding-left: 40px\"><strong>Lloc: Aula 0.5 l\u2019edifici Altabix (Campus d\u2019Elx) UMH.<\/strong><\/p>\n<p style=\"padding-left: 40px\"><strong>Coordinen: <\/strong>Dra. Roc\u00edo Cifuentes Albeza (Universitat Miguel Hern\u00e1ndez d\u2019Elx), Dra. Alejandra Hern\u00e1ndez Ruiz (Universitat d\u2019Alacant)<\/p>\n<ul>\n<li><a href=\"https:\/\/congresomasculinidades3.umh.es\/ca\/sessions-cientifiques\/\" target=\"_blank\" rel=\"noopener\"><strong><span style=\"color: #800080\">SESSI\u00d3 CIENT\u00cdFICA 2<\/span>. <\/strong><strong><em>ABORDATGE DE LA MASCULINITAT ALS MITJANS AUDIOVISUALS: REPRODUCCI\u00d3 VERSUS PREVENCI\u00d3 DE LES VIOL\u00c8NCIES. EXEMPLES I BONES PR\u00c0CTIQUES. SEXUALITAT.<\/em><\/strong><\/a><\/li>\n<\/ul>\n<p style=\"padding-left: 40px\"><strong>Aula 0.6 l\u2019edifici Altabix (Campus d\u2019Elx) UMH.<\/strong><\/p>\n<p style=\"padding-left: 40px\"><strong>Coordinen: <\/strong>Dra. Coral Herrera G\u00f3mez (Col\u00b7laboradora de l&#8217;Observatori de les Masculinitats), Dra. Laura Pav\u00f3n Ben\u00edtez (Universitat de Granada).<\/p>\n<ul>\n<li><a href=\"https:\/\/congresomasculinidades3.umh.es\/ca\/sessions-cientifiques\/\" target=\"_blank\" rel=\"noopener\"><strong><span style=\"color: #800080\">SESSI\u00d3 CIENT\u00cdFICA 3<\/span>. <\/strong><strong><em>REPRESENTACIONS AUDIOVISUALS D&#8217;HOMES I MASCULINITATS DES D&#8217;UNA MIRADA INTERSECCIONAL I INCLUSIVA.<\/em><\/strong><\/a><\/li>\n<\/ul>\n<p style=\"padding-left: 40px\"><strong>Lloc: Aula 0.7 l\u2019edifici Altabix (Campus d\u2019Elx) UMH.<\/strong><\/p>\n<p style=\"padding-left: 40px\"><strong>Coordinen: <\/strong>D. Augusto Almoguera Fern\u00e1ndez (Universitat Complutense de Madrid), Dr. Jos\u00e9 Luis Anta F\u00e9lez (Universitat de Ja\u00e9n)<\/p>\n<ul>\n<li><a href=\"https:\/\/congresomasculinidades3.umh.es\/ca\/sessions-cientifiques\/\" target=\"_blank\" rel=\"noopener\"><span style=\"color: #800080\"><strong>SESSI\u00d3 CIENT\u00cdFICA 4. <\/strong><\/span><strong><em>HOMES I CURES EN L&#8217;AUDIOVISUAL.<\/em><\/strong><\/a><\/li>\n<\/ul>\n<p style=\"padding-left: 40px\"><strong>Lloc: Aula 0.8 l\u2019edifici Altabix (Campus d\u2019Elx) UMH.<\/strong><\/p>\n<p style=\"padding-left: 40px\"><strong>Coordinen: <\/strong>Dra. Elena Hern\u00e1ndez Corrochano (UNED Madrid), D. Miguel G. L\u00e1zaro (Masculinitats Beta)<\/p>\n<p>[\/et_pb_text][et_pb_text _builder_version=&#8221;4.17.4&#8243; hover_enabled=&#8221;0&#8243; inline_fonts=&#8221;Abel&#8221; global_colors_info=&#8221;{}&#8221; sticky_enabled=&#8221;0&#8243;]<\/p>\n<h2 style=\"text-align: left\"><span style=\"font-size: x-large;color: #ff99cc\"><strong>DIVENDRES 4 ABRIL 2025. <\/strong><\/span><\/h2>\n<p style=\"text-align: left\"><span style=\"color: #800080\"><strong>MAT\u00cd:<\/strong><\/span><\/p>\n<p>&lt;!&#8211;<\/p>\n<p style=\"text-align: left\"><span style=\"color: #800080\"><strong>Aula Magna<\/strong><\/span><\/p>\n<p>&#8211;&gt;<br \/>9:30-10:30 <strong>CONFER\u00c8NCIA 5 <em>\u201cMASCULINITATS ON LINE: AN\u00c0LISI DE NARRATIVES I ESPAIS DIGITALS\u201d<\/em><\/strong><\/p>\n<p style=\"padding-left: 40px\"><strong><u>Conferenciant:<\/u><\/strong> Dr. Jorge Garc\u00eda Mar\u00edn. SociologIa. Universitat Santiago de Compostela.<\/p>\n<p style=\"padding-left: 40px\"><strong><u>Presenta i modera:<\/u><\/strong> D. L\u00e1zaro G. Mar\u00edn Navarro-Soto. Director del Servei de Comunicaci\u00f3. Universitat Miguel Hern\u00e1ndez d\u2019Elx<\/p>\n<p>10:30-11:30h <strong>CONFER\u00c8NCIA 6 <em>\u201cPENDENT\u201d<\/em><\/strong><\/p>\n<p style=\"padding-left: 40px\"><strong>\u00a0<\/strong><strong><u>Conferenciant: <\/u><\/strong> D\u00aa. Iolanda Dom\u00ednguez. Artista visual, consultora i formadora en comunicaci\u00f3 igualit\u00e0ria (pendent de confirmaci\u00f3)<\/p>\n<p style=\"padding-left: 40px\"><strong><u>Presenta i modera:<\/u><\/strong> D\u00aa. Maje Amor\u00f3s S\u00e1ez. Directora televisions locals. Cableworld.<\/p>\n<p>11:30-12:00h <strong>PAUSA CAF\u00c9<\/strong><\/p>\n<p>12:00-13:00h <strong>CONFER\u00c8NCIA 7: <em>\u201cEL DIV\u00cd MASCUL\u00cd: REPRESENTACIONS DE JES\u00daS DE NATZARET AL CINEMA\u201d<\/em> <\/strong><\/p>\n<p style=\"padding-left: 40px\"><strong><u>Conferenciant: <\/u><\/strong> Dr. Javier Eloi Mart\u00ednez Guirao. Universitat de M\u00farcia.<\/p>\n<p style=\"padding-left: 40px\"><strong><u>Presenta i modera: <\/u><\/strong> D\u00aa. Amparo Calabuig Puig. Observatori de les Masculinitats, Universitat Miguel Hern\u00e1ndez d\u2019Elx<\/p>\n<p>13:00-14:00h <strong>CONFER\u00c8NCIA 8:<\/strong><strong><em>&#8220;EL TREBALL DE PEN\u00c8LOPE: DESTEIXINT CADA DIA LA MASCULINITAT HEGEM\u00d2NICA&#8221;<\/em><\/strong><\/p>\n<p style=\"padding-left: 40px\"><strong><u>Conferenciant: <\/u><\/strong> D\u00aa. Laura Vi\u00f1uela Su\u00e1rez. Espora Consultoria de G\u00e8nere (pendent de confirmaci\u00f3)<\/p>\n<p style=\"padding-left: 40px\"><strong><u>Presenta i modera:<\/u><\/strong> Dr. Fernando Herranz Vel\u00e1zquez. Observatori de les Masculinitats, Universitat Miguel Hern\u00e1ndez d\u2019Elx.<\/p>\n<p>&lt;!&#8211;<\/p>\n<h2><span style=\"font-size: x-large;color: #ff99cc\"><strong>DIVENDRES 4 ABRIL 2025. <\/strong><\/span><span style=\"font-size: x-large;color: #ff99cc\"><span style=\"font-size: 24px;font-weight: bold\"><\/span><\/span><\/h2>\n<p>&#8211;&gt;<br \/><span style=\"color: #800080\"><strong>VESPRADA:<\/strong><\/span><br \/>&lt;!&#8211; <span style=\"color: #800080\"><strong>Aula Magna<\/strong><\/span> &#8211;&gt;<\/p>\n<p>16:00-17:00h <strong>CONFER\u00c8NCIA 9:<\/strong> <strong><em>\u201cQUI \u00c9S EL TIPUS DUR? ESTEREOTIPS MASCULINS SOTA EL FOC\u201d<\/em><\/strong><\/p>\n<p style=\"padding-left: 40px\"><strong><u>Conferenciant: <\/u><\/strong> Dr. Carlos Ramos Lahiguera. Universitat Miguel Hern\u00e1ndez d\u2019Elx.<\/p>\n<p style=\"padding-left: 40px\"><strong><u>Presenta i modera: <\/u><\/strong> Dra. Fina Ant\u00f3n Hurtado. Universitat de M\u00farcia.<\/p>\n<p>17:00-18:00h <strong>CONFER\u00c8NCIA 10: <em>\u201cPENDENT\u201d<\/em><\/strong><\/p>\n<p style=\"padding-left: 40px\"><strong><u>Conferenciant: <\/u><\/strong> Dr. Mauricio Zabalgoitia Herrera. UNAM (M\u00e8xic).<\/p>\n<p style=\"padding-left: 40px\"><strong><u>Presenta i modera: <\/u><\/strong> Dr. Jorge Cascales Ribera. Universitat de Val\u00e8ncia.<\/p>\n<p>18:00-18:30h <strong>PAUSA CAF\u00c9<\/strong><\/p>\n<p>18:30-20:30h<strong> SESSIONS CIENT\u00cdFIQUES SIMULT\u00c0NIES<\/strong><\/p>\n<ul>\n<li><a href=\"https:\/\/congresomasculinidades3.umh.es\/ca\/sessions-cientifiques\/\" target=\"_blank\" rel=\"noopener\"><span style=\"color: #800080\"><strong>SESSI\u00d3 CIENT\u00cdFICA 5.<\/strong><\/span> <strong><em>REPRESENTACIONS CULTURALS AUDIOVISUALS DE MASCULINITAT: ARTS ESC\u00c8NIQUES, IND\u00daSTRIA MUSICAL i MASS MEDIA.<\/em><\/strong><\/a><\/li>\n<\/ul>\n<p style=\"padding-left: 40px\"><strong>Lloc: Aula 0.4 l\u2019edifici Altabix (Campus d\u2019Elx) UMH.<\/strong><\/p>\n<p style=\"padding-left: 40px\"><strong>Coordinen: <\/strong>Dra. Ma Jes\u00fas Pena Castro (Universitat de Salamanca), Dra. Bakea Alonso Fern\u00e1ndez de Avil\u00e9s (CEPAIM)<\/p>\n<ul>\n<li><a href=\"https:\/\/congresomasculinidades3.umh.es\/ca\/sessions-cientifiques\/\/\" target=\"_blank\" rel=\"noopener\"><span style=\"color: #800080\"><strong>SESSI\u00d3 CIENT\u00cdFICA 6.<\/strong><\/span> <strong><em>ACTIVISME, (CO)EDUCACI\u00d3 I IGUALTAT: TRANSFORMANT MASCULINITATS DES DE L&#8217;AUDIOVISUAL I LA SOCIETAT CIVIL.<\/em><\/strong><\/a><\/li>\n<\/ul>\n<p style=\"padding-left: 40px\"><strong>Lloc: Aula 0.5 l\u2019edifici Altabix (Campus d\u2019Elx) UMH.<\/strong><\/p>\n<p style=\"padding-left: 40px\"><strong>Coordinen: <\/strong>Dr. Asur Fuente Barrera (Universitat de Valladolid), Da Krizia Nardini (Universitat d\u2019Alacant)<\/p>\n<ul>\n<li><a href=\"https:\/\/congresomasculinidades3.umh.es\/ca\/sessions-cientifiques\/\" target=\"_blank\" rel=\"noopener\"><strong><span style=\"color: #800080\">SESSI\u00d3 CIENT\u00cdFICA 7<\/span>. <\/strong><strong><em>HOMES: VULNERABILITAT SOCIAL, SALUT I FRAC\u00c0S MASCUL\u00cd I LA SEUA REPRESENTACI\u00d3 EN L&#8217;AUDIOVISUAL<\/em><\/strong><strong><em>\u00a0 <\/em><\/strong><\/a><\/li>\n<\/ul>\n<p style=\"padding-left: 40px\"><strong>Lloc: Aula 0.6 l\u2019edifici Altabix (Campus d\u2019Elx) UMH.<\/strong><\/p>\n<p style=\"padding-left: 40px\"><strong>Coordinen: <\/strong>Dra. Aina Penyarroja Donet (Observatori de les Masculinitats UMH), D. Alejandro Luz de Haro (Observatori de les Masculinitats UMH)<\/p>\n<ul>\n<li><a href=\"https:\/\/congresomasculinidades3.umh.es\/sesiones-cientificas\/\" target=\"_blank\" rel=\"noopener\"><strong><span style=\"color: #800080\">SESSI\u00d3 CIENT\u00cdFICA 8.<\/span>\u00a0<\/strong><strong><em>REPRESENTACIONS DE MASCULINITATS IGUALIT\u00c0RIES I REFERENTS POSITIUS D&#8217;IGUALTAT ALS MASS MEDIA: ESPORT, OCI, COS, ETC.<\/em><\/strong><\/a><\/li>\n<\/ul>\n<p style=\"padding-left: 40px\"><strong>Lloc: Aula 0.7 l\u2019edifici Altabix (Campus d\u2019Elx) UMH.<\/strong><\/p>\n<p style=\"padding-left: 40px\"><strong>Coordinen: <\/strong>Dr. Fulgencio S\u00e1nchez Vera (Universitat de La Laguna), Dr. Marcos Jes\u00fas Iglesias Mart\u00ednez (Universitat d\u2019Alacant)<\/p>\n<p>[\/et_pb_text][et_pb_divider show_divider=&#8221;off&#8221; _builder_version=&#8221;4.16&#8243; global_colors_info=&#8221;{}&#8221;][\/et_pb_divider][et_pb_text _builder_version=&#8221;4.17.4&#8243; custom_padding=&#8221;|||3px||&#8221; inline_fonts=&#8221;Abel&#8221; global_colors_info=&#8221;{}&#8221;]<\/p>\n<h2 style=\"text-align: left\"><span style=\"font-size: x-large;color: #ff99cc\"><strong>DISSABTE 5 ABRIL 2025. <\/strong><\/span><strong style=\"color: #ff99cc;font-size: x-large\"><\/strong><\/h2>\n<h3 style=\"text-align: left\"><span style=\"font-size: large\"><strong><span style=\"color: #800080\">MAT\u00cd:\u00a0<\/span><\/strong><\/span><\/h3>\n<p>&lt;!&#8211;<\/p>\n<h3 style=\"text-align: left\"><span style=\"font-size: large\"><strong><span style=\"color: #800080\">Lugar de celebraci\u00f3n:\u00a0<\/span><\/strong><\/span><\/h3>\n<p>&#8211;&gt;<\/p>\n<p>9:00-10:45h <strong>PROJECCI\u00d3 AUDIOVISUAL 1 <em>\u201cSER\u00c0S HOME\u201d<\/em><\/strong><\/p>\n<p style=\"padding-left: 40px\"><strong><u>Conferenciant:<\/u><\/strong> D\u00aa Isabel de Ocampo. Directora.<\/p>\n<p style=\"padding-left: 80px\">Documental. 2018. 1h 34 min.<\/p>\n<p style=\"padding-left: 40px\"><strong><u>Presenta i modera: <\/u><\/strong>Dra. Ma Jes\u00fas Navarro R\u00edos. Directora del Centre d\u2019Investigaci\u00f3 d\u2019Estudis de G\u00e8nere, Universitat Miguel Hern\u00e1ndez d\u2019Elx<\/p>\n<p>10:45-11:15h <strong>PAUSA CAF\u00c9<\/strong><\/p>\n<p>11:15- 13:00h <strong>PROJECCI\u00d3 AUDIOVISUAL 2 <em>\u201cEL CERCLE\u201d<\/em><\/strong><\/p>\n<p style=\"padding-left: 40px\"><strong><u>Conferenciant: <\/u><\/strong> D. Iv\u00e1n Roiz Pereda. Director.<\/p>\n<p style=\"padding-left: 80px\">Documental. 2021. 1h 13min<\/p>\n<p style=\"padding-left: 40px\"><strong><u>Presenta i modera:<\/u><\/strong> D\u00aa. Rebeca de las Heras Ponce. Observatori de les Masculinitats. Universitat Miguel Hern\u00e1ndez d\u2019Elx<\/p>\n<p>13:00-14:15 <strong>CONF\u00c9RENCIA DE CLAUSURA <!-- : \"CIBERMODELAR IDENTITATS FEMENINES I MASCULINES: L'IMPACTE DIGITAL EN L'ADOLESC\u00c8NCIA\" --><\/strong><\/p>\n<p style=\"padding-left: 40px\"><strong><u>Conferenciant: <\/u><\/strong>\u00a0Dra. Carmen Ruiz Repullo (Universitat de Granada)<\/p>\n<p style=\"padding-left: 40px\"><strong><u>Presenta i modera:<\/u><\/strong> Dra. Anastasia T\u00e9llez Infantes. Directora de l\u2019Observatori de les Masculinitats, Universitat Miguel Hern\u00e1ndez d\u2019Elx.<\/p>\n<p>14:15-14:30h <strong>CLOENDA INSTITUCIONAL\u00a0<\/strong><\/p>\n<p style=\"padding-left: 40px\">Dra. Anastasia T\u00e9llez Infantes. Directora de l\u2019Observatori de les Masculinitats, Universitat Miguel Hern\u00e1ndez d\u2019Elx.<\/p>\n<p style=\"padding-left: 40px\">Dra. Rosario Carmona Paredes. Directora de la Unitat d\u2019Igualtat. Universitat Miguel Hern\u00e1ndez d\u2019Elx.<\/p>\n<p style=\"text-align: justify\">\n<p>[\/et_pb_text][\/et_pb_column][\/et_pb_row][\/et_pb_section][et_pb_section fb_built=&#8221;1&#8243; disabled_on=&#8221;on|on|on&#8221; _builder_version=&#8221;4.16&#8243; disabled=&#8221;on&#8221; global_colors_info=&#8221;{}&#8221;][et_pb_row _builder_version=&#8221;4.17.4&#8243; _module_preset=&#8221;default&#8221; global_colors_info=&#8221;{}&#8221;][et_pb_column type=&#8221;4_4&#8243; _builder_version=&#8221;4.17.4&#8243; _module_preset=&#8221;default&#8221; global_colors_info=&#8221;{}&#8221;][:es _i=&#8221;0&#8243; _address=&#8221;3.0.0.0&#8243; \/][: _i=&#8221;1&#8243; _address=&#8221;3.0.0.1&#8243; \/][\/et_pb_column][\/et_pb_row][\/et_pb_section][et_pb_section fb_built=&#8221;1&#8243; disabled_on=&#8221;on|on|on&#8221; _builder_version=&#8221;4.16&#8243; disabled=&#8221;on&#8221; global_colors_info=&#8221;{}&#8221;][et_pb_row _builder_version=&#8221;4.16&#8243; global_colors_info=&#8221;{}&#8221;][et_pb_column type=&#8221;4_4&#8243; _builder_version=&#8221;4.16&#8243; global_colors_info=&#8221;{}&#8221;][:es _i=&#8221;0&#8243; _address=&#8221;4.0.0.0&#8243; \/][:ca _i=&#8221;1&#8243; _address=&#8221;4.0.0.1&#8243; \/][: _i=&#8221;2&#8243; _address=&#8221;4.0.0.2&#8243; \/][\/et_pb_column][\/et_pb_row][\/et_pb_section]<\/p>\n","protected":false},"excerpt":{"rendered":"<p>PROGRAMA &nbsp; &nbsp; III CONGR\u00c9S INTERNACIONAL SOBRE MASCULINITATS I IGUALTAT: COMUNICACI\u00d3, CULTURA I MITJANS AUDIOVISUALS. &nbsp; (CIMASCIGUAL III) &nbsp; DATES: DIJOUS 3, DIVENDRES 4 I DISSABTE 5 D\u00b4ABRIL deL 2025 LLOC: EDIFICI D\u00b4ALTABIX (CAMPUS D\u00b4ELX), UMH Sessions plen\u00e0ries: Aula Magna Sessions simult\u00e0nies: 4 aules per determinar. Organitza: Observatori de les Masculinitats. ECULGE. Universitat Miguel Hern\u00e1ndez [&hellip;]<\/p>\n","protected":false},"author":1,"featured_media":0,"parent":0,"menu_order":5,"comment_status":"closed","ping_status":"closed","template":"","meta":{"_et_pb_use_builder":"on","_et_pb_old_content":"","_et_gb_content_width":"","_links_to":"","_links_to_target":""},"_links":{"self":[{"href":"https:\/\/congresomasculinidades3.umh.es\/ca\/wp-json\/wp\/v2\/pages\/12701"}],"collection":[{"href":"https:\/\/congresomasculinidades3.umh.es\/ca\/wp-json\/wp\/v2\/pages"}],"about":[{"href":"https:\/\/congresomasculinidades3.umh.es\/ca\/wp-json\/wp\/v2\/types\/page"}],"author":[{"embeddable":true,"href":"https:\/\/congresomasculinidades3.umh.es\/ca\/wp-json\/wp\/v2\/users\/1"}],"replies":[{"embeddable":true,"href":"https:\/\/congresomasculinidades3.umh.es\/ca\/wp-json\/wp\/v2\/comments?post=12701"}],"version-history":[{"count":0,"href":"https:\/\/congresomasculinidades3.umh.es\/ca\/wp-json\/wp\/v2\/pages\/12701\/revisions"}],"wp:attachment":[{"href":"https:\/\/congresomasculinidades3.umh.es\/ca\/wp-json\/wp\/v2\/media?parent=12701"}],"curies":[{"name":"wp","href":"https:\/\/api.w.org\/{rel}","templated":true}]}}