{"id":12716,"date":"2024-10-16T16:25:17","date_gmt":"2024-10-16T14:25:17","guid":{"rendered":"https:\/\/congresomasculinidades3.umh.es\/?page_id=12716"},"modified":"2024-10-24T15:06:36","modified_gmt":"2024-10-24T13:06:36","slug":"sessions-cientifiques","status":"publish","type":"page","link":"https:\/\/congresomasculinidades3.umh.es\/ca\/sessions-cientifiques\/","title":{"rendered":"SESSIONS CIENT\u00cdFIQUES"},"content":{"rendered":"<p>[et_pb_section fb_built=&#8221;1&#8243; _builder_version=&#8221;4.17.4&#8243; background_color=&#8221;#000000&#8243; custom_padding=&#8221;0px||0px|||&#8221; global_colors_info=&#8221;{}&#8221;][et_pb_row _builder_version=&#8221;4.16&#8243; global_colors_info=&#8221;{}&#8221;][et_pb_column type=&#8221;4_4&#8243; _builder_version=&#8221;4.16&#8243; global_colors_info=&#8221;{}&#8221;][et_pb_image src=&#8221;https:\/\/congresomasculinidades3.umh.es\/files\/2024\/09\/CABECERA-WEB-CIMASCIGUAL3.jpg&#8221; alt=&#8221;Segundo Congreso Internacional Sobre Masculinidades e Igualdad Educaci\u00f3n para la igualdad y Co(Educaci\u00f3n)&#8221; title_text=&#8221;CABECERA WEB CIMASCIGUAL3&#8243; url=&#8221;https:\/\/congresomasculinidades3.umh.es\/&#8221; _builder_version=&#8221;4.17.4&#8243; global_colors_info=&#8221;{}&#8221;][\/et_pb_image][\/et_pb_column][\/et_pb_row][\/et_pb_section][et_pb_section fb_built=&#8221;1&#8243; fullwidth=&#8221;on&#8221; _builder_version=&#8221;4.16&#8243; global_colors_info=&#8221;{}&#8221;][et_pb_fullwidth_menu menu_id=&#8221;7135&#8243; fullwidth_menu=&#8221;off&#8221; active_link_color=&#8221;#E76996&#8243; _builder_version=&#8221;4.16&#8243; menu_font=&#8221;|700||on|||||&#8221; menu_text_color=&#8221;#FFFFFF&#8221; menu_font_size=&#8221;14pt&#8221; background_color=&#8221;#3A3B3D&#8221; text_orientation=&#8221;center&#8221; border_color_all=&#8221;#E02B20&#8243; global_colors_info=&#8221;{}&#8221; border_width_all__hover_enabled=&#8221;off|hover&#8221; menu_text_color__hover_enabled=&#8221;on|hover&#8221; menu_text_color__hover=&#8221;#E76996&#8243;][\/et_pb_fullwidth_menu][\/et_pb_section][et_pb_section fb_built=&#8221;1&#8243; admin_label=&#8221;section&#8221; _builder_version=&#8221;4.16&#8243; global_colors_info=&#8221;{}&#8221;][et_pb_row admin_label=&#8221;row&#8221; _builder_version=&#8221;4.16&#8243; background_size=&#8221;initial&#8221; background_position=&#8221;top_left&#8221; background_repeat=&#8221;repeat&#8221; global_colors_info=&#8221;{}&#8221;][et_pb_column type=&#8221;4_4&#8243; _builder_version=&#8221;4.16&#8243; custom_padding=&#8221;|||&#8221; global_colors_info=&#8221;{}&#8221; custom_padding__hover=&#8221;|||&#8221;][et_pb_text admin_label=&#8221;titulo&#8221; _builder_version=&#8221;4.17.4&#8243; background_size=&#8221;initial&#8221; background_position=&#8221;top_left&#8221; background_repeat=&#8221;repeat&#8221; custom_margin=&#8221;||13px|||&#8221; global_colors_info=&#8221;{}&#8221;]<\/p>\n<h1 style=\"text-align: center;\"><span style=\"color: #000000;\"><b>SESSIONS CIENT\u00cdFIQUES<\/b><\/span><\/h1>\n<p>[\/et_pb_text][et_pb_text admin_label=&#8221;sesiones&#8221; _builder_version=&#8221;4.17.4&#8243; text_font_size=&#8221;16px&#8221; background_size=&#8221;initial&#8221; background_position=&#8221;top_left&#8221; background_repeat=&#8221;repeat&#8221; custom_margin=&#8221;||0px|||&#8221; custom_padding=&#8221;|||50px||&#8221; hover_enabled=&#8221;0&#8243; global_colors_info=&#8221;{}&#8221; sticky_enabled=&#8221;0&#8243;]<\/p>\n<p style=\"text-align: justify;\">Aquest <strong><em>III Congr\u00e9s Internacional sobre Masculinitats i Igualtat: Comunicaci\u00f3, Cultura i Mitjans Audiovisuals <\/em> (CIMASCIGUAL III) <\/strong>compta amb conferenciants, ponents i coordinadors\/es de sessions experts\/es en la mat\u00e8ria de reconegut prestigi a nivell nacional i internacional.<\/p>\n<ul style=\"text-align: justify;\">\n<li><span style=\"color: #800080;\"><strong>SESSI\u00d3 CIENT\u00cdFICA 1.<\/strong><\/span> <strong><em>L&#8217;APRENENTATGE I LA TRANSMISSI\u00d3 DE LA MASCULINITAT PATRIARCAL, HEGEM\u00d2NICA, TRADICIONAL A TRAV\u00c9S DELS MITJANS AUDIOVISUALS I DE COMUNICACI\u00d3.<\/em><\/strong><\/li>\n<\/ul>\n<p style=\"text-align: justify;\">Lloc: Aula per determinar a l\u2019edifici Altabix (Campus d\u2019Elx) UMH.<\/p>\n<p style=\"text-align: justify;\"><strong>Coordinen:<\/strong><\/p>\n<ul style=\"text-align: justify;\">\n<li>Dra. Roc\u00edo Cifuentes Albeza. Comunicaci\u00f3 Audiovisual. Universitat Miguel Hern\u00e1ndez d\u2019Elx.<\/li>\n<li>Dra. Alejandra Hern\u00e1ndez Ruiz. Comunicaci\u00f3 Audiovisual. Universitat d\u2019Alacant.<\/li>\n<\/ul>\n<p style=\"text-align: justify;\"><strong>Tem\u00e0tiques:<\/strong><\/p>\n<p style=\"text-align: justify;\">Audiovisuals i masculinitat hegem\u00f2nica. Masculinitat tradicional. Construcci\u00f3 social de la masculinitat. Pr\u00e0ctiques de masculinitat. Xarxes socials i la redefinici\u00f3 de les masculinitats contempor\u00e0nies. Funcions de la masculinitat. Rols masculins. Publicitat i tipus d\u2019homes. Opini\u00f3 p\u00fablica i masculinitat. Els rols masculins mitjan\u00e7ant Instagram i TikTok: referents per a la joventut. An\u00e0lisi de com els mitjans audiovisuals i de comunicaci\u00f3 transmeten i reforcen la masculinitat tradicional i hegem\u00f2nica a trav\u00e9s dels seus rols i pr\u00e0ctiques. Desconstruint la masculinitat tradicional en els mitjans audiovisuals. An\u00e0lisi de la representaci\u00f3 i el discurs de les masculinitats igualit\u00e0ries\/desigualit\u00e0ries en publicitat audiovisual. L&#8217;impacte de la publicitat institucional en la divulgaci\u00f3 de les masculinitats igualit\u00e0ries\/desigualit\u00e0ries. Intel\u00b7lig\u00e8ncia Artificial Generativa i biaixos de g\u00e8nere en el context de la publicitat audiovisual: oportunitats i amenaces.<\/p>\n<ul style=\"text-align: justify;\">\n<li><span style=\"color: #800080;\"><strong>SESSI\u00d3 CIENT\u00cdFICA 2. <\/strong> <\/span>\u00a0<strong><em>ABORDATGE DE LA MASCULINITAT EN ELS MITJANS AUDIOVISUALS: REPRODUCCI\u00d3 VERSUS PREVENCI\u00d3 DE LES VIOL\u00c8NCIES. EXEMPLES I BONES PR\u00c0CTIQUES. SEXUALITAT.<\/em><\/strong><\/li>\n<\/ul>\n<p style=\"text-align: justify;\">Lloc: Aula per determinar a l\u2019edifici Altabix (Campus d\u2019Elx) UMH.<\/p>\n<p style=\"text-align: justify;\"><strong>Coordinen:<\/strong><\/p>\n<ul style=\"text-align: justify;\">\n<li>Dra. Coral Herrera G\u00f3mez. Col\u00b7laboradora de l&#8217;Observatori de les Masculinitats.<\/li>\n<li>Dra. Laura Pav\u00f3n Ben\u00edtez. Sociologia. Universitat de Granada.<\/li>\n<\/ul>\n<p style=\"text-align: justify;\"><strong>\u00a0<\/strong><strong>Tem\u00e0tiques:\u00a0<\/strong><\/p>\n<ul style=\"text-align: justify;\">\n<li><strong>Masculinitat, mitjans audiovisuals i viol\u00e8ncia: <\/strong>Impacte dels mitjans audiovisuals a les percepcions de masculinitat i viol\u00e8ncia. Viol\u00e8ncia entre homes. Guerres. La glorificaci\u00f3 de l&#8217;home-guerrer. El tema de la militaritzaci\u00f3 de les masculinitats en el cinema i les s\u00e8ries. Socialitzaci\u00f3, jocs, joguines, viol\u00e8ncia, dibuixos animats, publicitat, RRSS, mitjans audiovisuals en general. La representaci\u00f3 de les viol\u00e8ncies masculines als mitjans audiovisuals. La viol\u00e8ncia al cinema i la televisi\u00f3. Etc.<\/li>\n<li><strong>Masculinitat, mitjans audiovisuals i viol\u00e8ncies masclistes: <\/strong>Prevenci\u00f3 i reproducci\u00f3 de la viol\u00e8ncia de g\u00e8nere en mitjans audiovisuals. Viol\u00e8ncia(es) de g\u00e8nere. La viol\u00e8ncia contra les dones com a \u201cempoderament\u201d del personatge femen\u00ed. Viol\u00e8ncia sexual masclista. Mitjans de comunicaci\u00f3 i masculinitat: estrat\u00e8gies de prevenci\u00f3 contra la viol\u00e8ncia de g\u00e8nere. Exploraci\u00f3 del paper dels mitjans audiovisuals a l&#8217;educaci\u00f3 sexual i la prevenci\u00f3 de la viol\u00e8ncia de g\u00e8nere, incloent-hi les diferents formes de viol\u00e8ncia i la seva representaci\u00f3.<\/li>\n<li><strong>La sexualitat masculina i la seva representaci\u00f3 audiovisual: <\/strong>Mitjans audiovisuals i educaci\u00f3 sexual. La pornografia. La banalitzaci\u00f3 del \u201cconsum\u201d de prostituci\u00f3 a trav\u00e9s de les s\u00e8ries de consum massiu. La pornografia i la viol\u00e8ncia sexual maquillada a les s\u00e8ries de consum massiu. La sexualitat masculina i la representaci\u00f3 audiovisual en positiu.<\/li>\n<\/ul>\n<ul style=\"text-align: justify;\">\n<li><span style=\"color: #800080;\"><strong>SESSI\u00d3 CIENT\u00cdFICA 3. <\/strong><\/span> <strong><em>REPRESENTACIONS AUDIOVISUALS D&#8217;HOMES I MASCULINITATS DES D&#8217;UNA MIRADA INTERSECCIONAL I INCLUSIVA.<\/em><\/strong><\/li>\n<\/ul>\n<p style=\"text-align: justify;\"><strong><em>\u00a0<\/em><\/strong>Lloc: Aula per determinar a l\u2019edifici Altabix (Campus d\u2019Elx) UMH.<\/p>\n<p style=\"text-align: justify;\"><strong><em>\u00a0<\/em><\/strong><strong>Coordinen:<\/strong><\/p>\n<ul style=\"text-align: justify;\">\n<li>D. Augusto Almoguera Fern\u00e1ndez. Comunicaci\u00f3 Audiovisual. Universitat Complutense de Madrid.<\/li>\n<li>Dr. Jos\u00e9 Luis Anta F\u00e9lez. Antropologia. Universitat de Ja\u00e9n.<\/li>\n<\/ul>\n<p style=\"text-align: justify;\"><strong>\u00a0<\/strong><strong>Tem\u00e0tiques:\u00a0<\/strong><\/p>\n<p style=\"text-align: justify;\">Interseccionalitat i masculinitats. Masculinitats dissidents. Estudis LGTBIQ+ sobre masculinitats. Homes i diversitat: orientaci\u00f3 sexual, capacitat, edat, \u00e8tnia\/trets racials, decolonialitat, etc. Diversitat, inclusi\u00f3 i igualtat de g\u00e8nere en l&#8217;audiovisual. Identitat i expressi\u00f3 de g\u00e8nere trans i no binari. Homes i masculinitats al cinema: Una perspectiva interseccional. Edat: menors i majors. Masculinitats femenines. El #MeToo a Espanya des del suport del g\u00e8nere mascul\u00ed. Interseccionalitat i inclusivitat en la representaci\u00f3 de masculinitats: igualtat, llibertat i diversitat. Masculinitats dissidents en la construcci\u00f3 de marca personal. Estudi de les representacions audiovisuals de masculinitats des d&#8217;una perspectiva interseccional, incloent-hi la diversitat de g\u00e8nere, orientaci\u00f3 sexual, etnicitat i altres factors d&#8217;identitat. Estudi de cas de bones pr\u00e0ctiques publicit\u00e0ries a la representaci\u00f3 de les masculinitats igualit\u00e0ries i inclusives.<\/p>\n<ul style=\"text-align: justify;\">\n<li><span style=\"color: #800080;\"><strong>SESSI\u00d3 CIENT\u00cdFICA 4.<\/strong><\/span> <strong><em>HOMES I CURES A L&#8217;AUDIOVISUAL.<\/em><\/strong><\/li>\n<\/ul>\n<p style=\"text-align: justify;\">Lloc: Aula per determinar a l\u2019edifici Altabix (Campus d\u2019Elx) UMH.<\/p>\n<p style=\"text-align: justify;\"><strong>\u00a0<\/strong><strong>Coordinen:<\/strong><\/p>\n<ul style=\"text-align: justify;\">\n<li>Dra. Elena Hern\u00e1ndez Corrochano. Antropologia. UNED Madrid.<\/li>\n<li>D. Miguel Gonz\u00e1lez L\u00e1zaro. Masculinitats Beta. Madrid.<\/li>\n<\/ul>\n<p style=\"text-align: justify;\"><strong>\u00a0<\/strong><strong>Tem\u00e0tiques:\u00a0<\/strong><\/p>\n<p style=\"text-align: justify;\">Educar per a la coresponsabilitat. Educaci\u00f3 per a l&#8217;\u00e8tica de la cura. Masculinitats i cures. Paternitats igualit\u00e0ries. Socialitzaci\u00f3, homes i pr\u00e0ctiques de cura. Homes i reproducci\u00f3: paternitats a l&#8217;era de les noves tecnologies. Emocions. Abuelitats. Autocures. Les cures de les persones majors. Paternitats, coresponsabilitat i cura des de les masculinitats igualit\u00e0ries. Pioners a assumir papers en el cinema amb un altre rol diferent del que marca Hollywood: Billy Elliot, Erin Brockovich, Jerry Maguire,\u2026 Homes i cures a l&#8217;audiovisual: cap a un model coresponsable i cuidador de paternitat. Masculinitats i \u00e8tica de la cura en l&#8217;audiovisual. Paternitat i coresponsabilitat: noves representacions en mitjans. Cura i masculinitats igualit\u00e0ries: un enfocament audiovisual.<\/p>\n<ul style=\"text-align: justify;\">\n<li><span style=\"color: #800080;\"><strong>SESSI\u00d3 CIENT\u00cdFICA 5.<\/strong><\/span> <strong><em>REPRESENTACIONS CULTURALS AUDIOVISUALS DE MASCULINITAT: ARTS ESC\u00c8NIQUES, IND\u00daSTRIA MUSICAL i MASS MEDIA.<\/em><\/strong><\/li>\n<\/ul>\n<p style=\"text-align: justify;\">Lloc: Aula per determinar a l\u2019edifici Altabix (Campus d\u2019Elx) UMH.<\/p>\n<ul style=\"text-align: justify;\">\n<li><strong>\u00a0<\/strong><strong>Coordinen:<\/strong><\/li>\n<li>Dra. Ma Jes\u00fas Pena Castro. Antropologia. Universitat de Salamanca.<\/li>\n<li>Dra. Bakea Alonso Fern\u00e1ndez de Avil\u00e9s. Sociologia. CEPAIM.<\/li>\n<\/ul>\n<p style=\"text-align: justify;\"><strong>Tem\u00e0tiques:\u00a0<\/strong><\/p>\n<p style=\"text-align: justify;\">Masculinitat i productes culturals. Homes i la seua representaci\u00f3 en les arts esc\u00e8niques amb perspectiva de g\u00e8nere. M\u00fasica i masculinitat. Videoclips. R\u00e0dio i masculinitat.\u00a0<em>Mass media <\/em>\u00a0i masculinitat. Videojocs i masculinitat. Noves tecnologies, xarxes socials i masculinitat. Teatre. Explorant les representacions masculines en l&#8217;entreteniment i els mitjans. Teatre i m\u00fasica: Finestres a les masculinitats al mass media. An\u00e0lisi de com la masculinitat \u00e9s representada a trav\u00e9s de diversos mitjans i productes culturals, com ara la m\u00fasica, el teatre, videoclips, r\u00e0dio i videojocs, tot enfocant com aquests influeixen en la percepci\u00f3 social de la masculinitat.<\/p>\n<ul style=\"text-align: justify;\">\n<li><span style=\"color: #800080;\"><strong>SESSI\u00d3 CIENT\u00cdFICA 6. <\/strong> <\/span><strong><em>ACTIVISME, (CO)EDUCACI\u00d3 I IGUALTAT: TRANSFORMANT MASCULINITATS DES DE L&#8217;AUDIOVISUAL I LA SOCIETAT CIVIL.<\/em><\/strong><\/li>\n<\/ul>\n<p style=\"text-align: justify;\">Lloc: Aula per determinar a l\u2019edifici Altabix (Campus d\u2019Elx) UMH.<\/p>\n<p style=\"text-align: justify;\"><strong>\u00a0<\/strong><strong>Coordinen:<\/strong><\/p>\n<ul style=\"text-align: justify;\">\n<li>Dr. Asur Fuente Barrera. Universitat de Valladolid<\/li>\n<li>Dra Krizia Nardini. Men in Movement. Antrop\u00f2loga. Universitat d\u2019Alacant.<\/li>\n<\/ul>\n<p style=\"text-align: justify;\"><strong>\u00a0<\/strong><strong>Tem\u00e0tiques:<\/strong><\/p>\n<p style=\"text-align: justify;\">Feminismes i masculinitats. Activisme d\u2019homes per la igualtat. Responent a la <em>Manosfera<\/em>\u00a0(<em>Manosphere)<\/em>. Homes mitopo\u00e8tics. Pr\u00e0ctiques coeducatives des de l&#8217;activisme dels homes. Moviments socials. Moviment d\u2019homes per la igualtat. Les xarxes com a espai educatiu i activisme. Relacions i tensions amb els feminismes. El paper coeducatiu de la publicitat audiovisual al voltant de les masculinitats igualit\u00e0ries: representaci\u00f3 dels rols i estereotips en publicitat infantil. Societat civil i mitjans en la transformaci\u00f3 de les masculinitats. Exploraci\u00f3 de com l&#8217;activisme i la coeducaci\u00f3 poden transformar les masculinitats, tot discutint la influ\u00e8ncia dels moviments socials i els mitjans audiovisuals en la promoci\u00f3 d\u2019una igualtat de g\u00e8nere m\u00e9s efectiva.<\/p>\n<ul style=\"text-align: justify;\">\n<li><span style=\"color: #800080;\"><strong>SESSI\u00d3 CIENT\u00cdFICA 7.<\/strong><\/span> <strong><em>HOMES: VULNERABILITAT SOCIAL, SALUT I FRAC\u00c0S MASCUL\u00cd I LA SEUA REPRESENTACI\u00d3 EN L&#8217;AUDIOVISUAL<\/em><\/strong><strong><em>\u00a0<\/em><\/strong><\/li>\n<\/ul>\n<p style=\"text-align: justify;\">Lloc: Aula per determinar a l\u2019edifici Altabix (Campus d\u2019Elx) UMH.<\/p>\n<p style=\"text-align: justify;\"><strong>Coordinen:<\/strong><\/p>\n<ul style=\"text-align: justify;\">\n<li>Dra. Aina Penyarroja Donet. Observatori de les Masculinitats. UMH.<\/li>\n<li>D. Alejandro Luz de Haro. Observatori de les Masculinitats. UMH.<\/li>\n<\/ul>\n<p style=\"text-align: justify;\"><strong>\u00a0<\/strong><strong>Tem\u00e0tiques:\u00a0<\/strong><\/p>\n<p style=\"text-align: justify;\">Masculinitat marginal en el m\u00f3n audiovisual. Els costos de la masculinitat i la representaci\u00f3 audiovisual. Masculinitat i vulnerabilitat social. Masculinitats, precarietat i pobresa. Masculinitats i intervenci\u00f3 social. Masculinitats en el sistema de benestar social. Masculinitat i salut. Masculinitat i sensellarisme. Su\u00efcidi mascul\u00ed. Masculinitat i pres\u00f3. Masculinitat i pobresa. Masculinitats i pol\u00edtiques p\u00fabliques. \u00a0<em>Working With Men<\/em>. L&#8217;autocura dels homes. Masculinitat andr\u00f2gina: segueix amagada en els productes audiovisuals?<\/p>\n<ul style=\"text-align: justify;\">\n<li><span style=\"color: #800080;\"><strong>SESSI\u00d3 CIENT\u00cdFICA 8. <\/strong><\/span><strong><em>REPRESENTACIONS DE MASCULINITATS IGUALIT\u00c0RIES I REFERENTS POSITIUS D&#8217;IGUALTAT ALS MASS MEDIA: ESPORT, OCI, COS, ETC.<\/em><\/strong><\/li>\n<\/ul>\n<p style=\"text-align: justify;\">Lloc: Aula per determinar a l\u2019edifici Altabix (Campus d\u2019Elx) UMH.<\/p>\n<p style=\"text-align: justify;\"><strong>Coordinen:<\/strong><\/p>\n<ul style=\"text-align: justify;\">\n<li>Dr. Fulgencio S\u00e1nchez Vera. Educaci\u00f3. Antropologia. Universitat de La Laguna.<\/li>\n<li>Dr. Marcos Jes\u00fas Iglesias Mart\u00ednez. Educaci\u00f3. Universitat d\u2019Alacant.<\/li>\n<\/ul>\n<p style=\"text-align: justify;\"><strong>\u00a0<\/strong><strong>Tem\u00e0tiques:\u00a0<\/strong><\/p>\n<p style=\"text-align: justify;\">Explorant noves representacions masculines en les s\u00e8ries de ficci\u00f3 m\u00e9s reeixides de les plataformes de streaming. Homes, cos, esport. Menvertising i resist\u00e8ncies: nous models de masculinitat en publicitat audiovisual. Educaci\u00f3 per a la pau. Masculinitats i pr\u00e0ctiques de lleure. Percepci\u00f3 de l&#8217;audi\u00e8ncia i actitud envers les marques davant de la representaci\u00f3 de les noves masculinitats en publicitat. La representaci\u00f3 del cos mascul\u00ed a l&#8217;estrat\u00e8gia i la comunitat de marca: discursos i intersecci\u00f3 entre els objectius de m\u00e0rqueting, la publicitat, la comunicaci\u00f3 audiovisual i el consum. A la recerca de masculinitats diferents en la comunicaci\u00f3 pol\u00edtica. Productes de campanyes pol\u00edtiques, publicit\u00e0ries, electorals, etc. i referents d&#8217;homes proigualitaris. El paper de les estrat\u00e8gies publicit\u00e0ries en la construcci\u00f3 i la reconstrucci\u00f3 del concepte de masculinitat igualit\u00e0ria. Evoluci\u00f3 hist\u00f2rica del comprom\u00eds amb l&#8217;avan\u00e7 a la igualtat de g\u00e8nere i les noves masculinitats en la comunicaci\u00f3 de la responsabilitat social corporativa a trav\u00e9s del mitj\u00e0 publicitari. Masculinitat a l&#8217;era digital: El paper de les xarxes socials, etc.<\/p>\n<p>[\/et_pb_text][et_pb_divider show_divider=&#8221;off&#8221; _builder_version=&#8221;4.17.4&#8243; _module_preset=&#8221;default&#8221; global_colors_info=&#8221;{}&#8221;][\/et_pb_divider][et_pb_text admin_label=&#8221;Text&#8221; _builder_version=&#8221;4.17.4&#8243; background_size=&#8221;initial&#8221; background_position=&#8221;top_left&#8221; background_repeat=&#8221;repeat&#8221; global_colors_info=&#8221;{}&#8221;]<\/p>\n<p style=\"text-align: justify;\">Per a les vuit sessions cient\u00edfiques de comunicacions que oferim en el congr\u00e9s, perseguim que persones expertes de diferents latituds del planeta puguen presentar les seues aportacions. <strong>Prioritzem la presencialitat, encara que tamb\u00e9 hi haur\u00e0 la possibilitat de comunicacions a participants no presencials<\/strong>, perqu\u00e8 puguen compartir els seus coneixements, experi\u00e8ncies i investigacions, i donat una visi\u00f3 global i alhora local del fenomen, q\u00fcesti\u00f3 que enriqueix el debat i genera possibilitats d\u2019acci\u00f3 concreta.<\/p>\n<p>[\/et_pb_text][\/et_pb_column][\/et_pb_row][\/et_pb_section][et_pb_section fb_built=&#8221;1&#8243; disabled_on=&#8221;on|on|on&#8221; _builder_version=&#8221;4.17.4&#8243; _module_preset=&#8221;default&#8221; disabled=&#8221;on&#8221; global_colors_info=&#8221;{}&#8221;][et_pb_row _builder_version=&#8221;4.17.4&#8243; _module_preset=&#8221;default&#8221; global_colors_info=&#8221;{}&#8221;][et_pb_column type=&#8221;4_4&#8243; _builder_version=&#8221;4.17.4&#8243; _module_preset=&#8221;default&#8221; global_colors_info=&#8221;{}&#8221;][:es _i=&#8221;0&#8243; _address=&#8221;3.0.0.0&#8243; theme_builder_area=&#8221;post_content&#8221; \/][: _i=&#8221;1&#8243; _address=&#8221;3.0.0.1&#8243; theme_builder_area=&#8221;post_content&#8221; \/][\/et_pb_column][\/et_pb_row][\/et_pb_section]<\/p>\n","protected":false},"excerpt":{"rendered":"<p>SESSIONS CIENT\u00cdFIQUESAquest III Congr\u00e9s Internacional sobre Masculinitats i Igualtat: Comunicaci\u00f3, Cultura i Mitjans Audiovisuals (CIMASCIGUAL III) compta amb conferenciants, ponents i coordinadors\/es de sessions experts\/es en la mat\u00e8ria de reconegut prestigi a nivell nacional i internacional. SESSI\u00d3 CIENT\u00cdFICA 1. L&#8217;APRENENTATGE I LA TRANSMISSI\u00d3 DE LA MASCULINITAT PATRIARCAL, HEGEM\u00d2NICA, TRADICIONAL A TRAV\u00c9S DELS MITJANS AUDIOVISUALS I [&hellip;]<\/p>\n","protected":false},"author":3782,"featured_media":0,"parent":0,"menu_order":6,"comment_status":"closed","ping_status":"closed","template":"","meta":{"_et_pb_use_builder":"on","_et_pb_old_content":"<p>[et_pb_section fb_built=\"1\" _builder_version=\"4.17.4\" background_color=\"#000000\" custom_padding=\"0px||0px|||\" global_module=\"5968\" global_colors_info=\"{}\"][et_pb_row _builder_version=\"4.16\" global_colors_info=\"{}\"][et_pb_column type=\"4_4\" _builder_version=\"4.16\" global_colors_info=\"{}\"][et_pb_image src=\"https:\/\/congresomasculinidades3.umh.es\/files\/2024\/09\/CABECERA-WEB-CIMASCIGUAL3.jpg\" alt=\"Segundo Congreso Internacional Sobre Masculinidades e Igualdad Educaci\u00f3n para la igualdad y Co(Educaci\u00f3n)\" title_text=\"CABECERA WEB CIMASCIGUAL3\" url=\"https:\/\/congresomasculinidades3.umh.es\/\" _builder_version=\"4.17.4\" global_colors_info=\"{}\"][\/et_pb_image][\/et_pb_column][\/et_pb_row][\/et_pb_section][et_pb_section fb_built=\"1\" fullwidth=\"on\" _builder_version=\"4.16\" global_colors_info=\"{}\"][et_pb_fullwidth_menu menu_id=\"7135\" fullwidth_menu=\"off\" active_link_color=\"#E76996\" _builder_version=\"4.16\" menu_font=\"|700||on|||||\" menu_text_color=\"#FFFFFF\" menu_font_size=\"14pt\" background_color=\"#3A3B3D\" text_orientation=\"center\" border_color_all=\"#E02B20\" global_colors_info=\"{}\" border_width_all__hover_enabled=\"off|hover\" menu_text_color__hover_enabled=\"on|hover\" menu_text_color__hover=\"#E76996\"][\/et_pb_fullwidth_menu][\/et_pb_section][et_pb_section fb_built=\"1\" admin_label=\"section\" _builder_version=\"4.16\" global_colors_info=\"{}\"][et_pb_row admin_label=\"row\" _builder_version=\"4.16\" background_size=\"initial\" background_position=\"top_left\" background_repeat=\"repeat\" global_colors_info=\"{}\"][et_pb_column type=\"4_4\" _builder_version=\"4.16\" custom_padding=\"|||\" global_colors_info=\"{}\" custom_padding__hover=\"|||\"][et_pb_text admin_label=\"titulo\" _builder_version=\"4.17.4\" background_size=\"initial\" background_position=\"top_left\" background_repeat=\"repeat\" custom_margin=\"||13px|||\" global_colors_info=\"{}\"]<\/p><h1 style=\"text-align: center;\"><span style=\"color: #000000;\"><b>SESIONES CIENT\u00cdFICAS<\/b><\/span><\/h1><p>[\/et_pb_text][et_pb_text admin_label=\"sesiones\" _builder_version=\"4.17.4\" text_font_size=\"16px\" background_size=\"initial\" background_position=\"top_left\" background_repeat=\"repeat\" custom_margin=\"||0px|||\" custom_padding=\"|||50px||\" global_colors_info=\"{}\"]<\/p><p style=\"text-align: justify;\">Este <strong><em>III Congreso Internacional sobre Masculinidades e Igualdad: Comunicaci\u00f3n, Cultura y Medios Audiovisuales<\/em> (CIMASCIGUAL III) <\/strong>cuenta con conferenciantes, ponentes y coordinadores\/as de sesiones expertos\/as en la materia de reconocido prestigio a nivel nacional e internacional.<\/p><ul style=\"text-align: justify;\"><li><span style=\"color: #800080;\"><strong>SESI\u00d3N CIENT\u00cdFICA 1.<\/strong><\/span> <strong><em>EL APRENDIZAJE Y LA TRANSMISI\u00d3N DE LA MASCULINIDAD PATRIARCAL, HEGEM\u00d3NICA, TRADICIONAL A TRAV\u00c9S DE LOS MEDIOS AUDIOVISUALES Y DE COMUNICACI\u00d3N.<\/em><\/strong><\/li><\/ul><p style=\"text-align: justify;\">Lugar: Aula por determinar en Edificio Altabix (Campus de Elche) UMH.<\/p><p style=\"text-align: justify;\"><strong>Coordinan:<\/strong><\/p><ul style=\"text-align: justify;\"><li>Dra. Roc\u00edo Cifuentes Albeza. Universidad Miguel Hern\u00e1ndez de Elche.<\/li><li>Dra. Alejandra Hern\u00e1ndez Ruiz. Universidad de Alicante.<\/li><\/ul><p style=\"text-align: justify;\"><strong>Tem\u00e1ticas:<\/strong><\/p><p style=\"text-align: justify;\">Audiovisuales y masculinidad hegem\u00f3nica. Masculinidad tradicional. Construcci\u00f3n social de la masculinidad. Pr\u00e1cticas de masculinidad. Redes sociales y la redefinici\u00f3n de las masculinidades contempor\u00e1neas. Funciones de la masculinidad. Roles masculinos. Publicidad y tipos de hombres. Opini\u00f3n p\u00fablica y masculinidad. Los roles masculinos a trav\u00e9s de Instagram y TikTok: referentes para la juventud. An\u00e1lisis de c\u00f3mo los medios audiovisuales y de comunicaci\u00f3n transmiten y refuerzan la masculinidad tradicional y hegem\u00f3nica a trav\u00e9s de sus roles y pr\u00e1cticas. Deconstruyendo la masculinidad tradicional en los medios audiovisuales. An\u00e1lisis de la representaci\u00f3n y el discurso de las masculinidades igualitarias\/desigualitarias en publicidad audiovisual. El impacto de la publicidad institucional en la divulgaci\u00f3n de las masculinidades igualitarias\/desigualitarias. Inteligencia Artificial Generativa y sesgos de g\u00e9nero en el contexto de la publicidad audiovisual: oportunidades y amenazas.<\/p><ul style=\"text-align: justify;\"><li><span style=\"color: #800080;\"><strong>SESI\u00d3N CIENT\u00cdFICA 2.<\/strong> <\/span>\u00a0<strong><em>ABORDAJE DE LA MASCULINIDAD EN LOS MEDIOS AUDIOVISUALES: REPRODUCCI\u00d3N VERSUS PREVENCI\u00d3N DE LAS VIOLENCIAS. EJEMPLOS Y BUENAS PR\u00c1CTICAS. SEXUALIDAD.<\/em><\/strong><\/li><\/ul><p style=\"text-align: justify;\">Lugar: Aula por determinar en Edificio Altabix (Campus de Elche) UMH.<\/p><p style=\"text-align: justify;\"><strong>Coordinan:<\/strong><\/p><ul style=\"text-align: justify;\"><li>Dra. Coral Herrera G\u00f3mez. Colaboradora Observatorio de las Masculinidades UMH.<\/li><li>Dra. Laura Pav\u00f3n Ben\u00edtez. Universidad de Granada.<\/li><\/ul><p style=\"text-align: justify;\"><strong>\u00a0<\/strong><strong>Tem\u00e1ticas:\u00a0<\/strong><\/p><ul style=\"text-align: justify;\"><li><strong>Masculinidad, medios audiovisuales y violencia: <\/strong>Impacto de los medios audiovisuales en las percepciones de masculinidad y violencia. Violencia entre hombres. Guerras. La glorificaci\u00f3n del hombre-guerrero. El tema de la militarizaci\u00f3n de las masculinidades en el cine y las series. Socializaci\u00f3n, juegos, juguetes, violencia, dibujos animados, publicidad, RRSS, medios audiovisuales en general. La representaci\u00f3n de las violencias masculinas en los medios audiovisuales. La violencia en el cine y la televisi\u00f3n. Etc.<\/li><li><strong>Masculinidad, medios audiovisuales y violencias machistas: <\/strong>Prevenci\u00f3n y reproducci\u00f3n de la violencia de g\u00e9nero en medios audiovisuales. Violencia(s) de g\u00e9nero. La violencia contra las mujeres como \u201cempoderamiento\u201d del personaje femenino. Violencia sexual machista. Medios de comunicaci\u00f3n y masculinidad: estrategias de prevenci\u00f3n contra la violencia de g\u00e9nero. Exploraci\u00f3n del papel de los medios audiovisuales en la educaci\u00f3n sexual y la prevenci\u00f3n de la violencia de g\u00e9nero, incluyendo las distintas formas de violencia y su representaci\u00f3n.<\/li><li><strong>La sexualidad masculina y su representaci\u00f3n audiovisual: <\/strong>Medios audiovisuales y educaci\u00f3n sexual. La pornograf\u00eda. La banalizaci\u00f3n del \"consumo\" de prostituci\u00f3n a trav\u00e9s de las series de consumo masivo. El porno y la violencia sexual maquillada en las series de consumo masivo;\u00a0La sexualidad masculina y su representaci\u00f3n audiovisual en positivo.<\/li><\/ul><ul style=\"text-align: justify;\"><li><span style=\"color: #800080;\"><strong>SESI\u00d3N CIENT\u00cdFICA 3.<\/strong><\/span> <strong><em>REPRESENTACIONES AUDIOVISUALES DE HOMBRES Y MASCULINIDADES DESDE UNA MIRADA INTERSECCIONAL E INCLUSIVA.<\/em><\/strong><\/li><\/ul><p style=\"text-align: justify;\"><strong><em>\u00a0<\/em><\/strong>Lugar: Aula por determinar en Edificio Altabix (Campus de Elche) UMH.<\/p><p style=\"text-align: justify;\"><strong><em>\u00a0<\/em><\/strong><strong>Coordinan:<\/strong><\/p><ul style=\"text-align: justify;\"><li>d. Augusto Almoguera Fern\u00e1ndez. Universidad Complutense de Madrid.<\/li><li>Dr. Jos\u00e9 Luis Anta F\u00e9lez. Universidad de Ja\u00e9n.<\/li><\/ul><p style=\"text-align: justify;\"><strong>\u00a0<\/strong><strong>Tem\u00e1ticas:\u00a0<\/strong><\/p><p style=\"text-align: justify;\">Interseccionalidad y masculinidades. Masculinidades disidentes. Estudios LGTBIQ+ sobre masculinidades. Hombres y diversidad: orientaci\u00f3n sexual, capacidad, edad, etnia\/rasgos raciales, decolonialidad, etc. Diversidad, inclusi\u00f3n e igualdad de g\u00e9nero en el audiovisual. Identidad y expresi\u00f3n de g\u00e9nero trans y no binario. Varones y masculinidades en el cine: Una perspectiva interseccional. Edad: menores de edad y mayores. Masculinidades femeninas. El #MeToo en Espa\u00f1a desde el apoyo del g\u00e9nero masculino. Interseccionalidad e inclusividad en la representaci\u00f3n de masculinidades: igualdad, libertad y diversidad. Masculinidades disidentes en la construcci\u00f3n de marca personal. Estudio de las representaciones audiovisuales de masculinidades desde una perspectiva interseccional, incluyendo la diversidad de g\u00e9nero, orientaci\u00f3n sexual, etnicidad, y otros factores de identidad. Estudio de caso de buenas pr\u00e1cticas publicitarias en la representaci\u00f3n de las masculinidades igualitarias e inclusivas.<\/p><ul style=\"text-align: justify;\"><li><span style=\"color: #800080;\"><strong>SESI\u00d3N CIENT\u00cdFICA 4.<\/strong><\/span> <strong><em>HOMBRES Y CUIDADOS EN EL AUDIOVISUAL.<\/em><\/strong><\/li><\/ul><p style=\"text-align: justify;\">Lugar: Aula por determinar en Edificio Altabix (Campus de Elche) UMH.<\/p><p style=\"text-align: justify;\"><strong>\u00a0<\/strong><strong>Coordinan:<\/strong><\/p><ul style=\"text-align: justify;\"><li>Dra. Elena Hern\u00e1ndez Corrochano. UNED Madrid.<\/li><li>D. Miguel L\u00e1zaro. Masculinidades Beta. Madrid.<\/li><\/ul><p style=\"text-align: justify;\"><strong>\u00a0<\/strong><strong>Tem\u00e1ticas:\u00a0<\/strong><\/p><p style=\"text-align: justify;\">Educar para la corresponsabilidad. Educaci\u00f3n para la \u00e9tica del cuidado. Masculinidades y cuidados. Paternidades igualitarias. Socializaci\u00f3n, hombres y pr\u00e1cticas de cuidados. Hombres y reproducci\u00f3n: paternidades en la era de las nuevas tecnolog\u00edas. Emociones. Abuelidades. Autocuidados. Los cuidados de las personas mayores. Paternidades, corresponsabilidad y el cuidado desde las masculinidades igualitarias. Pioneros en asumir papeles en el cine con otro rol distinto al que marca Hollywood: Billy Elliot, Erin Brockovich, Jerry Maguire, \u2026 Hombres y cuidados en el audiovisual: hacia un modelo corresponsable y cuidador de paternidad. Masculinidades y la \u00e9tica del cuidado en el audiovisual. Paternidad y corresponsabilidad: nuevas representaciones en medios. Cuidado y masculinidades igualitarias: un enfoque audiovisual.<\/p><ul style=\"text-align: justify;\"><li><span style=\"color: #800080;\"><strong>SESI\u00d3N CIENT\u00cdFICA 5.<\/strong><\/span> <strong><em>REPRESENTACIONES CULTURALES AUDIOVISUALES DE MASCULINIDAD: ARTES ESC\u00c9NICAS, INDUSTRIA MUSICAL y MASS MEDIA.<\/em><\/strong><\/li><\/ul><p style=\"text-align: justify;\">Lugar: Aula por determinar en Edificio Altabix (Campus de Elche) UMH.<\/p><ul style=\"text-align: justify;\"><li><strong>\u00a0<\/strong><strong>Coordinan:<\/strong><\/li><li>Dra. M\u00aa Jes\u00fas Pena Castro. Universidad de Salamanca.<\/li><li>Dra. Bakea Alonso Fern\u00e1ndez de Avil\u00e9s. Fundaci\u00f3n CEPAIM.<\/li><\/ul><p style=\"text-align: justify;\"><strong>Tem\u00e1ticas:\u00a0<\/strong><\/p><p style=\"text-align: justify;\">Masculinidad y productos culturales. Hombres y su representaci\u00f3n en las artes esc\u00e9nicas con perspectiva de g\u00e9nero. M\u00fasica y masculinidad. Videoclips. Radio y masculinidad.\u00a0<em>Mass media<\/em>\u00a0y masculinidad.\u00a0Videojuegos y masculinidad. Nuevas tecnolog\u00edas, redes sociales y masculinidad. Teatro. Explorando las representaciones masculinas en el entretenimiento y los medios. Teatro y m\u00fasica: Ventanas a las masculinidades en el mass media. An\u00e1lisis de c\u00f3mo la masculinidad es representada a trav\u00e9s de diversos medios y productos culturales, como la m\u00fasica, el teatro, videoclips, radio y videojuegos, enfoc\u00e1ndose en c\u00f3mo estos influyen en la percepci\u00f3n social de la masculinidad.<\/p><ul style=\"text-align: justify;\"><li><span style=\"color: #800080;\"><strong>SESI\u00d3N CIENT\u00cdFICA 6.<\/strong> <\/span><strong><em>ACTIVISMO, (CO)EDUCACI\u00d3N E IGUALDAD: TRANSFORMANDO MASCULINIDADES DESDE LO AUDIOVISUAL Y LA SOCIEDAD CIVIL.<\/em><\/strong><\/li><\/ul><p style=\"text-align: justify;\">Lugar: Aula por determinar en Edificio Altabix (Campus de Elche) UMH.<\/p><p style=\"text-align: justify;\"><strong>\u00a0<\/strong><strong>Coordinan:<\/strong><\/p><ul style=\"text-align: justify;\"><li>Dr. Asur Fuente Barrera. Universidad de Valladolid<\/li><li>Dra. Krizia Nardini. Men in Movemnet. Universidad de Alicante.<\/li><\/ul><p style=\"text-align: justify;\"><strong>\u00a0<\/strong><strong>Tem\u00e1ticas:\u00a0<\/strong><\/p><p style=\"text-align: justify;\">Feminismos y masculinidades. Activismo de hombres por la igualdad.\u00a0Respondiendo a la <em>Manosfera<\/em>\u00a0(<em>Manosphere)<\/em>. Hombres mitopo\u00e9ticos. Pr\u00e1cticas coeducativas desde el activismo de hombres. Movimientos sociales. Movimiento de hombres por la igualdad. Las redes como espacio educativo y de activismo. Relaciones y tensiones con los feminismos. El papel co-educativo de la publicidad audiovisual en torno a las masculinidades igualitarias: representaci\u00f3n de los roles y estereotipos en publicidad infantil. Sociedad civil y medios en la transformaci\u00f3n de las masculinidades. Exploraci\u00f3n de c\u00f3mo el activismo y la coeducaci\u00f3n pueden transformar las masculinidades, discutiendo la influencia de los movimientos sociales y los medios audiovisuales en la promoci\u00f3n de una igualdad de g\u00e9nero m\u00e1s efectiva.<\/p><ul style=\"text-align: justify;\"><li><span style=\"color: #800080;\"><strong>SESI\u00d3N CIENT\u00cdFICA 7.<\/strong><\/span> <strong><em>HOMBRES: VULNERABILIDAD SOCIAL, SALUD Y FRACASO MASCULINO Y SU REPRESENTACI\u00d3N EN LO AUDIOVISUAL<\/em><\/strong><strong><em>\u00a0<\/em><\/strong><\/li><\/ul><p style=\"text-align: justify;\">Lugar: Aula por determinar en Edificio Altabix (Campus de Elche) UMH.<\/p><p style=\"text-align: justify;\"><strong>Coordinan:<\/strong><\/p><ul style=\"text-align: justify;\"><li>Dra. Aina Penyarroja Donet. Observatorio de las Masculinidades. UMH.<\/li><li>D. Alejandro Luz de Haro. Observatorio de las Masculinidades. UMH.<\/li><\/ul><p style=\"text-align: justify;\"><strong>\u00a0<\/strong><strong>Tem\u00e1ticas:\u00a0<\/strong><\/p><p style=\"text-align: justify;\">Masculinidad marginal en el mundo audiovisual. Los costes de la masculinidad y su representaci\u00f3n audiovisual. Masculinidad y vulnerabilidad social. Masculinidades, precariedad y pobreza. Masculinidades e intervenci\u00f3n social. Masculinidades en el sistema de bienestar social. Masculinidad y salud. Masculinidad y sinhogarismo. Suicidio masculino. Masculinidad y prisi\u00f3n. Masculinidad y pobreza. Masculinidades y pol\u00edticas p\u00fablicas.\u00a0<em>Working With Men<\/em>. El autocuidado de los hombres. Masculinidad andr\u00f3gina: \u00bfsigue oculta en los productos audiovisuales?<\/p><ul style=\"text-align: justify;\"><li><span style=\"color: #800080;\"><strong>SESI\u00d3N CIENT\u00cdFICA 8. <\/strong><\/span><strong><em>REPRESENTACIONES DE MASCULINIDADES IGUALITARIAS Y REFERENTES POSITIVOS DE IGUALDAD EN LOS MASS MEDIA: DEPORTE, OCIO, CUERPO, ETC.<\/em><\/strong><\/li><\/ul><p style=\"text-align: justify;\">Lugar: Aula por determinar en Edificio Altabix (Campus de Elche) UMH.<\/p><p style=\"text-align: justify;\"><strong>Coordinan:<\/strong><\/p><ul style=\"text-align: justify;\"><li>Dr. Fulgencio S\u00e1nchez Vera. Educaci\u00f3n. Universidad de La Laguna.<\/li><li>Dr. Marcos Jes\u00fas Iglesias Mart\u00ednez. Universidad de Alicante.<\/li><\/ul><p style=\"text-align: justify;\"><strong>\u00a0<\/strong><strong>Tem\u00e1ticas:\u00a0<\/strong><\/p><p style=\"text-align: justify;\">Explorando nuevas representaciones masculinas en las series de ficci\u00f3n m\u00e1s exitosas de las plataformas de <em>streaming<\/em>. Hombres, cuerpo, deporte. Menvertising y resistencias: nuevos modelos de masculinidad en publicidad audiovisual. Educaci\u00f3n para la paz. Masculinidades y pr\u00e1cticas de ocio. Percepci\u00f3n de la audiencia y actitud hacia las marcas frente a la representaci\u00f3n de las nuevas masculinidades en publicidad. La representaci\u00f3n del cuerpo masculino en la estrategia y la comunidad de marca: discursos e intersecci\u00f3n entre los objetivos de marketing, la publicidad, la comunicaci\u00f3n audiovisual y el consumo. En busca de masculinidades diferentes en la comunicaci\u00f3n pol\u00edtica. Productos de campa\u00f1as pol\u00edticas, publicitarias, electorales, etc. y referentes de hombres proigualitarios. El papel de las estrategias publicitarias en la construcci\u00f3n y reconstrucci\u00f3n del concepto de masculinidad igualitaria. Evoluci\u00f3n hist\u00f3rica del compromiso con el avance en la igualdad de g\u00e9nero y las nuevas masculinidades en la comunicaci\u00f3n de la responsabilidad social corporativa a trav\u00e9s del medio publicitario. Masculinidad en la era digital: El papel de las redes sociales, etc.<\/p><p>[\/et_pb_text][et_pb_divider show_divider=\"off\" _builder_version=\"4.17.4\" _module_preset=\"default\" global_colors_info=\"{}\"][\/et_pb_divider][et_pb_text admin_label=\"Text\" _builder_version=\"4.17.4\" background_size=\"initial\" background_position=\"top_left\" background_repeat=\"repeat\" global_colors_info=\"{}\"]<\/p><p style=\"text-align: justify;\">Para las ocho sesiones cient\u00edficas de comunicaciones que ofrecemos en el congreso, perseguimos que personas expertas de diferentes latitudes del planeta puedan presentar sus aportaciones. <strong>Priorizamos la presencialidad, aunque tambi\u00e9n est\u00e1 la posibilidad de comunicaciones a participantes no presenciales<\/strong>, para que puedan compartir sus conocimientos, experiencias e investigaciones, dando una visi\u00f3n global y a la vez local del fen\u00f3meno, cuesti\u00f3n que enriquece el debate y genera posibilidades de acci\u00f3n concreta.<\/p><p>[\/et_pb_text][\/et_pb_column][\/et_pb_row][\/et_pb_section]<\/p><p style=\"text-align: justify;\">\u00a0<\/p>","_et_gb_content_width":"","_links_to":"","_links_to_target":""},"_links":{"self":[{"href":"https:\/\/congresomasculinidades3.umh.es\/ca\/wp-json\/wp\/v2\/pages\/12716"}],"collection":[{"href":"https:\/\/congresomasculinidades3.umh.es\/ca\/wp-json\/wp\/v2\/pages"}],"about":[{"href":"https:\/\/congresomasculinidades3.umh.es\/ca\/wp-json\/wp\/v2\/types\/page"}],"author":[{"embeddable":true,"href":"https:\/\/congresomasculinidades3.umh.es\/ca\/wp-json\/wp\/v2\/users\/3782"}],"replies":[{"embeddable":true,"href":"https:\/\/congresomasculinidades3.umh.es\/ca\/wp-json\/wp\/v2\/comments?post=12716"}],"version-history":[{"count":0,"href":"https:\/\/congresomasculinidades3.umh.es\/ca\/wp-json\/wp\/v2\/pages\/12716\/revisions"}],"wp:attachment":[{"href":"https:\/\/congresomasculinidades3.umh.es\/ca\/wp-json\/wp\/v2\/media?parent=12716"}],"curies":[{"name":"wp","href":"https:\/\/api.w.org\/{rel}","templated":true}]}}