{"id":12722,"date":"2024-10-17T08:40:30","date_gmt":"2024-10-17T06:40:30","guid":{"rendered":"https:\/\/congresomasculinidades3.umh.es\/?page_id=12722"},"modified":"2024-10-24T08:54:28","modified_gmt":"2024-10-24T06:54:28","slug":"participacio","status":"publish","type":"page","link":"https:\/\/congresomasculinidades3.umh.es\/ca\/participacio\/","title":{"rendered":"PARTICIPACI\u00d3"},"content":{"rendered":"<p>[et_pb_section fb_built=&#8221;1&#8243; _builder_version=&#8221;4.17.4&#8243; background_color=&#8221;#000000&#8243; custom_padding=&#8221;0px||0px|||&#8221; global_colors_info=&#8221;{}&#8221;][et_pb_row _builder_version=&#8221;4.16&#8243; global_colors_info=&#8221;{}&#8221;][et_pb_column type=&#8221;4_4&#8243; _builder_version=&#8221;4.16&#8243; global_colors_info=&#8221;{}&#8221;][et_pb_image src=&#8221;https:\/\/congresomasculinidades3.umh.es\/files\/2024\/09\/CABECERA-WEB-CIMASCIGUAL3.jpg&#8221; alt=&#8221;Segundo Congreso Internacional Sobre Masculinidades e Igualdad Educaci\u00f3n para la igualdad y Co(Educaci\u00f3n)&#8221; title_text=&#8221;CABECERA WEB CIMASCIGUAL3&#8243; url=&#8221;https:\/\/congresomasculinidades3.umh.es\/&#8221; _builder_version=&#8221;4.17.4&#8243; global_colors_info=&#8221;{}&#8221;][\/et_pb_image][\/et_pb_column][\/et_pb_row][\/et_pb_section][et_pb_section fb_built=&#8221;1&#8243; fullwidth=&#8221;on&#8221; _builder_version=&#8221;4.16&#8243; global_colors_info=&#8221;{}&#8221;][et_pb_fullwidth_menu menu_id=&#8221;7135&#8243; fullwidth_menu=&#8221;off&#8221; active_link_color=&#8221;#E76996&#8243; _builder_version=&#8221;4.16&#8243; menu_font=&#8221;|700||on|||||&#8221; menu_text_color=&#8221;#FFFFFF&#8221; menu_font_size=&#8221;14pt&#8221; background_color=&#8221;#3A3B3D&#8221; text_orientation=&#8221;center&#8221; border_color_all=&#8221;#E02B20&#8243; global_colors_info=&#8221;{}&#8221; border_width_all__hover_enabled=&#8221;off|hover&#8221; menu_text_color__hover_enabled=&#8221;on|hover&#8221; menu_text_color__hover=&#8221;#E76996&#8243;][\/et_pb_fullwidth_menu][\/et_pb_section][et_pb_section fb_built=&#8221;1&#8243; admin_label=&#8221;Secci\u00f3n&#8221; _builder_version=&#8221;4.16&#8243; collapsed=&#8221;off&#8221; global_colors_info=&#8221;{}&#8221;][et_pb_row _builder_version=&#8221;4.16&#8243; global_colors_info=&#8221;{}&#8221;][et_pb_column type=&#8221;4_4&#8243; _builder_version=&#8221;4.16&#8243; global_colors_info=&#8221;{}&#8221;][et_pb_text _builder_version=&#8221;4.17.4&#8243; global_colors_info=&#8221;{}&#8221;]<\/p>\n<h1 class=\"c7\" style=\"text-align: center;\"><strong><span class=\"c12\" style=\"color: #000000;\">PARTICIPACI\u00d3<\/span><\/strong><\/h1>\n<p class=\"c7 c5\">[\/et_pb_text][et_pb_text _builder_version=&#8221;4.17.4&#8243; global_colors_info=&#8221;{}&#8221;]<\/p>\n<h2 class=\"c7\" style=\"text-align: center;\"><strong><span class=\"c4\" style=\"color: #000000;\">MODALITATS DE PARTICIPACI\u00d3 <\/span><\/strong><\/h2>\n<p><span style=\"color: #000000;\">\u00a0<\/span><\/p>\n<p>&nbsp;<\/p>\n<p><strong>Oferim diferents modalitats de participaci\u00f3 al congr\u00e9s:<\/strong><\/p>\n<ol>\n<li>Presencial amb presentaci\u00f3 de comunicaci\u00f3<\/li>\n<li>Virtual amb presentaci\u00f3 de comunicaci\u00f3<\/li>\n<li>Presencial<\/li>\n<li>Virtual<\/li>\n<\/ol>\n<p>&nbsp;<\/p>\n<p><strong>A.- ASSIST\u00c8NCIA PRESENCIAL (AMB PRESENTACI\u00d3 DE COMUNICACI\u00d3):<\/strong><\/p>\n<ul>\n<li>Acc\u00e9s al Congr\u00e9s.<\/li>\n<li>Participaci\u00f3 en els debats.<\/li>\n<li>Acc\u00e9s a les activitats paral\u00b7leles de l\u2019esdeveniment acad\u00e8mic.<\/li>\n<li>Acc\u00e9s a materials.<\/li>\n<li>Acc\u00e9s al contingut de totes les activitats paral\u00b7leles en persona, incloent-hi converses en les pauses caf\u00e8s, la roda d&#8217;homes contra les viol\u00e8ncies de g\u00e8nere, la recepci\u00f3 i vi d&#8217;honor, el ball, les activitats culturals, les rutes tur\u00edstiques guiades per Elx, etc.<\/li>\n<li>Diploma d\u2019assist\u00e8ncia (24 hores) i reconeixement de cr\u00e8dits ECTS.<\/li>\n<li>Diploma de presentaci\u00f3 de comunicacions.<\/li>\n<li>Publicaci\u00f3 de la comunicaci\u00f3 en el llibre d&#8217;actes amb ISBN.<\/li>\n<\/ul>\n<p>&nbsp;<\/p>\n<p><strong>B.- ASSIST\u00c8NCIA VIRTUAL (AMB PRESENTACI\u00d3 DE COMUNICACI\u00d3):<\/strong><\/p>\n<ul>\n<li>Acc\u00e9s al Congr\u00e9s en directe via online: discursos de benvinguda, confer\u00e8ncies, taules rodones i sessions cient\u00edfiques.<\/li>\n<li>Participaci\u00f3 en els debats a trav\u00e9s del xat dels canals de zoom.<\/li>\n<li>Diploma d\u2019assist\u00e8ncia (24 hores) i reconeixement de 0,96 cr\u00e8dits ECTS.<\/li>\n<li>Diploma de presentaci\u00f3 de comunicacions.<\/li>\n<li>Publicaci\u00f3 de la comunicaci\u00f3 en el llibre d&#8217;actes amb ISBN.<\/li>\n<\/ul>\n<p>&nbsp;<\/p>\n<p><strong>C.- ASSIST\u00c8NCIA PRESENCIAL:<\/strong><\/p>\n<ul>\n<li>Acc\u00e9s al Congr\u00e9s.<\/li>\n<li>Participaci\u00f3 en els debats.<\/li>\n<li>Acc\u00e9s a les activitats paral\u00b7leles de l\u2019esdeveniment acad\u00e8mic.<\/li>\n<li>Acc\u00e9s a materials.<\/li>\n<li>Acc\u00e9s al contingut de totes les activitats paral\u00b7leles en persona, incloent converses a les pauses caf\u00e8s, la roda d&#8217;homes contra les viol\u00e8ncies de g\u00e8nere, la recepci\u00f3 i vi d&#8217;honor, el ball, les activitats culturals, les rutes tur\u00edstiques guiades per Elx, etc.<\/li>\n<li>Diploma d\u2019assist\u00e8ncia (24 hores) i reconeixement de 0,96 cr\u00e8dits ECTS.<\/li>\n<\/ul>\n<p>&nbsp;<\/p>\n<p><strong>D.- ASSIST\u00c8NCIA VIRTUAL:<\/strong><\/p>\n<ul>\n<li>Acc\u00e9s al Congr\u00e9s en directe via online: discursos de benvinguda, confer\u00e8ncies, taules rodones i sessions cient\u00edfiques.<\/li>\n<li>Participaci\u00f3 en els debats a trav\u00e9s del xat dels canals de zoom.<\/li>\n<li>Diploma d\u2019assist\u00e8ncia (24 hores) i reconeixement de 0,96 cr\u00e8dits ECTS.<\/li>\n<\/ul>\n<p>&nbsp;<\/p>\n<p><strong>Nota:<\/strong><\/p>\n<p>Per rebre el diploma d\u2019assist\u00e8ncia cal constatar que s\u2019ha assistit almenys al 85% del congr\u00e9s. Es comprovar\u00e0 tant l\u2019assist\u00e8ncia presencial com la virtual.<\/p>\n<p>Per rebre el diploma de presentaci\u00f3 de comunicacions, totes les persones autores han d&#8217;estar inscrites al congr\u00e9s.[\/et_pb_text][\/et_pb_column][\/et_pb_row][\/et_pb_section][et_pb_section fb_built=&#8221;1&#8243; disabled_on=&#8221;on|on|on&#8221; _builder_version=&#8221;4.17.4&#8243; _module_preset=&#8221;default&#8221; disabled=&#8221;on&#8221; global_colors_info=&#8221;{}&#8221;][et_pb_row _builder_version=&#8221;4.17.4&#8243; _module_preset=&#8221;default&#8221; global_colors_info=&#8221;{}&#8221;][et_pb_column type=&#8221;4_4&#8243; _builder_version=&#8221;4.17.4&#8243; _module_preset=&#8221;default&#8221; global_colors_info=&#8221;{}&#8221;][:es _i=&#8221;0&#8243; _address=&#8221;3.0.0.0&#8243; theme_builder_area=&#8221;post_content&#8221; \/][: _i=&#8221;1&#8243; _address=&#8221;3.0.0.1&#8243; theme_builder_area=&#8221;post_content&#8221; \/][\/et_pb_column][\/et_pb_row][\/et_pb_section]<\/p>\n","protected":false},"excerpt":{"rendered":"<p>PARTICIPACI\u00d3 MODALITATS DE PARTICIPACI\u00d3 \u00a0 &nbsp; Oferim diferents modalitats de participaci\u00f3 al congr\u00e9s: Presencial amb presentaci\u00f3 de comunicaci\u00f3 Virtual amb presentaci\u00f3 de comunicaci\u00f3 Presencial Virtual &nbsp; A.- ASSIST\u00c8NCIA PRESENCIAL (AMB PRESENTACI\u00d3 DE COMUNICACI\u00d3): Acc\u00e9s al Congr\u00e9s. Participaci\u00f3 en els debats. Acc\u00e9s a les activitats paral\u00b7leles de l\u2019esdeveniment acad\u00e8mic. Acc\u00e9s a materials. Acc\u00e9s al contingut de [&hellip;]<\/p>\n","protected":false},"author":3782,"featured_media":0,"parent":0,"menu_order":0,"comment_status":"closed","ping_status":"closed","template":"","meta":{"_et_pb_use_builder":"on","_et_pb_old_content":"<p>[et_pb_section fb_built=\"1\" _builder_version=\"4.17.4\" background_color=\"#000000\" custom_padding=\"0px||0px|||\" global_module=\"5968\" global_colors_info=\"{}\"][et_pb_row _builder_version=\"4.16\" global_colors_info=\"{}\"][et_pb_column type=\"4_4\" _builder_version=\"4.16\" global_colors_info=\"{}\"][et_pb_image src=\"https:\/\/congresomasculinidades3.umh.es\/files\/2024\/09\/CABECERA-WEB-CIMASCIGUAL3.jpg\" alt=\"Segundo Congreso Internacional Sobre Masculinidades e Igualdad Educaci\u00f3n para la igualdad y Co(Educaci\u00f3n)\" title_text=\"CABECERA WEB CIMASCIGUAL3\" url=\"https:\/\/congresomasculinidades3.umh.es\/\" _builder_version=\"4.17.4\" global_colors_info=\"{}\"][\/et_pb_image][\/et_pb_column][\/et_pb_row][\/et_pb_section][et_pb_section fb_built=\"1\" fullwidth=\"on\" _builder_version=\"4.16\" global_colors_info=\"{}\"][et_pb_fullwidth_menu menu_id=\"7135\" fullwidth_menu=\"off\" active_link_color=\"#E76996\" _builder_version=\"4.16\" menu_font=\"|700||on|||||\" menu_text_color=\"#FFFFFF\" menu_font_size=\"14pt\" background_color=\"#3A3B3D\" text_orientation=\"center\" border_color_all=\"#E02B20\" global_colors_info=\"{}\" border_width_all__hover_enabled=\"off|hover\" menu_text_color__hover_enabled=\"on|hover\" menu_text_color__hover=\"#E76996\"][\/et_pb_fullwidth_menu][\/et_pb_section][et_pb_section fb_built=\"1\" admin_label=\"Secci\u00f3n\" _builder_version=\"4.16\" collapsed=\"off\" global_colors_info=\"{}\"][et_pb_row _builder_version=\"4.16\" global_colors_info=\"{}\"][et_pb_column type=\"4_4\" _builder_version=\"4.16\" global_colors_info=\"{}\"][et_pb_text _builder_version=\"4.17.4\" global_colors_info=\"{}\"]<\/p><h1 class=\"c7\" style=\"text-align: center;\"><strong><span class=\"c12\" style=\"color: #000000;\">PARTICIPACI\u00d3N<\/span><\/strong><\/h1><p class=\"c7 c5\">[\/et_pb_text][et_pb_text _builder_version=\"4.17.4\" hover_enabled=\"0\" global_colors_info=\"{}\" sticky_enabled=\"0\"]<\/p><h2 class=\"c7\" style=\"text-align: center;\"><strong><span class=\"c4\" style=\"color: #000000;\">MODALIDADES DE PARTICIPACI\u00d3N<\/span><\/strong><\/h2><p><span style=\"color: #000000;\">\u00a0<\/span><\/p><p>\u00a0<\/p><p><strong>Ofrecemos diferentes modalidades de participaci\u00f3n en el congreso:<\/strong><\/p><ol><li>Presencial con presentaci\u00f3n de comunicaci\u00f3n<\/li><li>Virtual con presentaci\u00f3n de comunicaci\u00f3n<\/li><li>Presencial<\/li><li>Virtual<\/li><\/ol><p>\u00a0<\/p><p><strong>A.- ASISTENCIA PRESENCIAL (CON PRESENTACI\u00d3N DE COMUNICACI\u00d3N):<\/strong><\/p><ul><li>Acceso al Congreso.<\/li><li>Participaci\u00f3n en los debates.<\/li><li>Acceso a las actividades paralelas del evento acad\u00e9mico.<\/li><li>Acceso a materiales.<\/li><li>Acceso al contenido de todas las actividades paralelas en persona, incluyendo conversaciones en las pausas caf\u00e9s, la rueda de hombres contra las Violencia de G\u00e9nero, la recepci\u00f3n y vino de honor, el baile, las actividades culturales, las rutas tur\u00edsticas guiadas por Elche, etc.<\/li><li>Diploma de asistencia (24 horas) y reconocimiento de 0,96 cr\u00e9ditos ECTS.<\/li><li>Diploma de presentaci\u00f3n de comunicaciones.<\/li><li>Publicaci\u00f3n de la comunicaci\u00f3n en el Libro de Actas con ISBN.<\/li><\/ul><p>\u00a0<\/p><p><strong>B.- ASISTENCIA VIRTUAL (CON PRESENTACI\u00d3N DE COMUNICACI\u00d3N):<\/strong><\/p><ul><li>Acceso al Congreso en directo v\u00eda online: discursos de bienvenida, conferencias, mesas redondas y sesiones cient\u00edficas.<\/li><li>Participaci\u00f3n en los debates a trav\u00e9s del chat de los canales de zoom.<\/li><li>Diploma de asistencia (24 horas) y reconocimiento de 0,96 cr\u00e9ditos ECTS.<\/li><li>Diploma de presentaci\u00f3n de comunicaciones.<\/li><li>Publicaci\u00f3n de la comunicaci\u00f3n en el Libro de Actas con ISBN.<\/li><\/ul><p>\u00a0<\/p><p><strong>C.- ASISTENCIA PRESENCIAL:<\/strong><\/p><ul><li>Acceso al Congreso.<\/li><li>Participaci\u00f3n en los debates.<\/li><li>Acceso a las actividades paralelas del evento acad\u00e9mico.<\/li><li>Acceso a materiales.<\/li><li>Acceso al contenido de todas las actividades paralelas en persona, incluyendo conversaciones en las pausas caf\u00e9s, la rueda de hombres contra las Violencia de G\u00e9nero, la recepci\u00f3n y vino de honor, el baile, las actividades culturales, las rutas tur\u00edsticas guiadas por Elche, etc.<\/li><li>Diploma de asistencia (23 horas) y reconocimiento de 0,96 cr\u00e9ditos ECTS.<\/li><\/ul><p>\u00a0<\/p><p><strong>D.- ASISTENCIA VIRTUAL:<\/strong><\/p><ul><li>Acceso al Congreso en directo v\u00eda online: discursos de bienvenida, conferencias, mesas redondas y sesiones cient\u00edficas.<\/li><li>Participaci\u00f3n en los debates a trav\u00e9s del chat de los canales de zoom.<\/li><li>Diploma de asistencia (23 horas) y reconocimiento de 0,96 cr\u00e9ditos ECTS.<\/li><\/ul><p>\u00a0<\/p><p><strong>Nota:<\/strong><\/p><p>Para recibir el diploma de asistencia es necesario constatar que se ha asistido al menos al 85% del congreso. Se comprobar\u00e1 tanto la asistencia presencial como la virtual.<\/p><p>Para recibir el diploma de presentaci\u00f3n de comunicaciones, todos\/as los\/as autores\/as han de estar inscritos\/as en el congreso.<\/p><p>[\/et_pb_text][\/et_pb_column][\/et_pb_row][\/et_pb_section]<\/p>","_et_gb_content_width":"","_links_to":"","_links_to_target":""},"_links":{"self":[{"href":"https:\/\/congresomasculinidades3.umh.es\/ca\/wp-json\/wp\/v2\/pages\/12722"}],"collection":[{"href":"https:\/\/congresomasculinidades3.umh.es\/ca\/wp-json\/wp\/v2\/pages"}],"about":[{"href":"https:\/\/congresomasculinidades3.umh.es\/ca\/wp-json\/wp\/v2\/types\/page"}],"author":[{"embeddable":true,"href":"https:\/\/congresomasculinidades3.umh.es\/ca\/wp-json\/wp\/v2\/users\/3782"}],"replies":[{"embeddable":true,"href":"https:\/\/congresomasculinidades3.umh.es\/ca\/wp-json\/wp\/v2\/comments?post=12722"}],"version-history":[{"count":0,"href":"https:\/\/congresomasculinidades3.umh.es\/ca\/wp-json\/wp\/v2\/pages\/12722\/revisions"}],"wp:attachment":[{"href":"https:\/\/congresomasculinidades3.umh.es\/ca\/wp-json\/wp\/v2\/media?parent=12722"}],"curies":[{"name":"wp","href":"https:\/\/api.w.org\/{rel}","templated":true}]}}