{"id":12728,"date":"2024-10-17T13:52:48","date_gmt":"2024-10-17T11:52:48","guid":{"rendered":"https:\/\/congresomasculinidades3.umh.es\/?page_id=12728"},"modified":"2025-02-12T10:43:21","modified_gmt":"2025-02-12T09:43:21","slug":"enviament-de-comunicacions","status":"publish","type":"page","link":"https:\/\/congresomasculinidades3.umh.es\/ca\/enviament-de-comunicacions\/","title":{"rendered":"ENVIAMENT DE COMUNICACIONS"},"content":{"rendered":"<p>[et_pb_section fb_built=&#8221;1&#8243; _builder_version=&#8221;4.17.4&#8243; background_color=&#8221;#000000&#8243; custom_padding=&#8221;0px||0px|||&#8221; global_colors_info=&#8221;{}&#8221;][et_pb_row _builder_version=&#8221;4.16&#8243; global_colors_info=&#8221;{}&#8221;][et_pb_column type=&#8221;4_4&#8243; _builder_version=&#8221;4.16&#8243; global_colors_info=&#8221;{}&#8221;][et_pb_image src=&#8221;https:\/\/congresomasculinidades3.umh.es\/files\/2024\/09\/CABECERA-WEB-CIMASCIGUAL3.jpg&#8221; alt=&#8221;Segundo Congreso Internacional Sobre Masculinidades e Igualdad Educaci\u00f3n para la igualdad y Co(Educaci\u00f3n)&#8221; title_text=&#8221;CABECERA WEB CIMASCIGUAL3&#8243; url=&#8221;https:\/\/congresomasculinidades3.umh.es\/&#8221; _builder_version=&#8221;4.17.4&#8243; global_colors_info=&#8221;{}&#8221;][\/et_pb_image][\/et_pb_column][\/et_pb_row][\/et_pb_section][et_pb_section fb_built=&#8221;1&#8243; fullwidth=&#8221;on&#8221; _builder_version=&#8221;4.16&#8243; global_colors_info=&#8221;{}&#8221;][et_pb_fullwidth_menu menu_id=&#8221;7135&#8243; fullwidth_menu=&#8221;off&#8221; active_link_color=&#8221;#E76996&#8243; _builder_version=&#8221;4.16&#8243; menu_font=&#8221;|700||on|||||&#8221; menu_text_color=&#8221;#FFFFFF&#8221; menu_font_size=&#8221;14pt&#8221; background_color=&#8221;#3A3B3D&#8221; text_orientation=&#8221;center&#8221; border_color_all=&#8221;#E02B20&#8243; global_colors_info=&#8221;{}&#8221; border_width_all__hover_enabled=&#8221;off|hover&#8221; menu_text_color__hover_enabled=&#8221;on|hover&#8221; menu_text_color__hover=&#8221;#E76996&#8243;][\/et_pb_fullwidth_menu][\/et_pb_section][et_pb_section fb_built=&#8221;1&#8243; _builder_version=&#8221;4.16&#8243; global_colors_info=&#8221;{}&#8221;][et_pb_row _builder_version=&#8221;4.16&#8243; global_colors_info=&#8221;{}&#8221;][et_pb_column type=&#8221;4_4&#8243; _builder_version=&#8221;4.16&#8243; global_colors_info=&#8221;{}&#8221;][et_pb_text admin_label=&#8221;TUITULO&#8221; _builder_version=&#8221;4.17.4&#8243; global_colors_info=&#8221;{}&#8221;]<\/p>\n<h1 style=\"text-align: center\"><strong><span style=\"color: #000000\">ENVIAMENT DE COMUNICACIONS<\/span><\/strong><br \/>\n<strong> <span style=\"color: #000000\"> CALL FOR PAPERS<\/span><\/strong><\/h1>\n<p>[\/et_pb_text][et_pb_text admin_label=&#8221;FECHAS&#8221; _builder_version=&#8221;4.17.4&#8243; _module_preset=&#8221;default&#8221; hover_enabled=&#8221;0&#8243; global_colors_info=&#8221;{}&#8221; sticky_enabled=&#8221;0&#8243;]<\/p>\n<h3 style=\"text-align: center\"><strong>DATES:<\/strong><\/h3>\n<h3 style=\"text-align: center\"><strong>Recepci\u00f3 d\u2019ABSTRACT o RESUM fins el <span style=\"color: #800080\">10 de gener de 2025<\/span>.<\/strong><\/h3>\n<table style=\"border-collapse: collapse;width: 100%;height: 54px\" border=\"1\">\n<tbody>\n<tr style=\"height: 54px\">\n<td style=\"width: 100%;height: 54px;background-color: #800080\">\n<h3 style=\"text-align: center\"><span style=\"color: #ffffff\"><strong>IMPORTANT! Ampliaci\u00f3 del termini fins al 17 de gener de 2025.<\/strong><\/span><\/h3>\n<\/td>\n<\/tr>\n<\/tbody>\n<\/table>\n<p>&nbsp;<\/p>\n<h3 style=\"text-align: center\"><strong>Confirmaci\u00f3 per part del Comit\u00e9 Cient\u00edfic d\u2019acceptaci\u00f3 del resum de la comunicaci\u00f3 <span style=\"color: #800080\">17 de gener 2025.<\/span><\/strong><\/h3>\n<h4 style=\"text-align: center\"><strong>(la segona tanda de resums \u2013aquells rebuts entre l&#8217;11 i el 17 de gener\u2013 el termini d&#8217;acceptaci\u00f3 ser\u00e0 del <span style=\"color: #800080\">20 de gener<\/span>)<\/strong><\/h4>\n<h3>\u00a0<\/h3>\n<h3 style=\"text-align: center\"><strong>Recepci\u00f3 del TEXT COMPLET DE LA COMUNICACI\u00d3 \u00a0<span style=\"color: #800080\">fins el <\/span><\/strong><strong><span style=\"color: #800080\">7 de mar\u00e7 2025.<\/span><\/strong><\/h3>\n<p>&nbsp;<\/p>\n<h3 style=\"text-align: center\">\u00a0<strong>Confirmaci\u00f3 definitiva per part del Comit\u00e9 Cient\u00edfic d\u2019acceptaci\u00f3 de la comunicaci\u00f3 <span style=\"color: #800080\">15 de mar\u00e7 2025.<\/span><\/strong><\/h3>\n<p style=\"text-align: center\">[\/et_pb_text][et_pb_divider show_divider=&#8221;off&#8221; _builder_version=&#8221;4.17.4&#8243; _module_preset=&#8221;default&#8221; global_colors_info=&#8221;{}&#8221;][\/et_pb_divider][et_pb_text admin_label=&#8221;INDICACIONES&#8221; _builder_version=&#8221;4.17.4&#8243; text_text_color=&#8221;#000000&#8243; text_font_size=&#8221;16px&#8221; hover_enabled=&#8221;0&#8243; global_colors_info=&#8221;{}&#8221; sticky_enabled=&#8221;0&#8243;]<\/p>\n<p><strong style=\"color: #333333;font-size: 26px;text-align: justify\">INDICACIONS<\/strong><\/p>\n<hr \/>\n<p style=\"text-align: justify\">Tant les persones inscrites en modalitat presencial com virtual poden participar en el congr\u00e9s amb enviament i presentaci\u00f3 de comunicacions.<\/p>\n<p style=\"text-align: justify\">Les comunicacions s&#8217;han d&#8217;adscriure als temes d&#8217;alguna de les\u00a0<a href=\"https:\/\/congresomasculinidades3.umh.es\/sesiones-cientificas\/\"><strong>vuit sessions cient\u00edfiques.<\/strong><\/a><\/p>\n<p style=\"text-align: justify\">No oblideu\u00a0<a href=\"https:\/\/congresomasculinidades3.umh.es\/inscripciones\/\"><strong>inscriure-vos<\/strong><\/a> al congr\u00e9s una vegada acceptada la vostra comunicaci\u00f3.<\/p>\n<p>&nbsp;<\/p>\n<h3 style=\"text-align: justify\"><strong><span style=\"color: #800080\">PAS 1<\/span>. Enviament d&#8217;ABSTRACT o RESUM <\/strong>\u00a0fins al <span style=\"color: #800080\"><strong>10 de gener del 2025<\/strong>.<\/span><\/h3>\n<h4 style=\"text-align: left\"><strong>Ampliaci\u00f3 del termini fins al <span style=\"color: #800080\">17 de gener de 2025.<\/span><\/strong><\/h4>\n<p style=\"text-align: justify\"><a href=\"https:\/\/docs.google.com\/forms\/d\/e\/1FAIpQLSdx43CDTBMxUjcCbSXIl7LM-PQqJnvKpSs_-iDx2moo0kklvA\/viewform\" target=\"_blank\" rel=\"noopener\"><strong><u>Formulari per enviar ABSTRACT o RESUM.\u00a0<\/u>\u00a0<\/strong><\/a><\/p>\n<p style=\"text-align: justify\">L&#8217;abstract o tesum ha d&#8217;estar compost per:<\/p>\n<ul style=\"text-align: justify\">\n<li>T\u00edtol Comunicaci\u00f3.<\/li>\n<li>Nom i cognoms d&#8217;autors\/es.<\/li>\n<li>Adscripci\u00f3 institucional.<\/li>\n<li>Correu electr\u00f2nic de contacte.<\/li>\n<li>Abstract o Resum de 300 paraules.<\/li>\n<li>Paraules clau \u2013 m\u00e0xim 5.<\/li>\n<li>Idioma: valenci\u00e0, castell\u00e0 o angl\u00e8s.<\/li>\n<\/ul>\n<p>&nbsp;<\/p>\n<h3 style=\"text-align: justify\"><strong><span style=\"color: #800080\">PAS 2.<\/span> Confirmaci\u00f3 ACCEPTACI\u00d3 COMUNICACI\u00d3<\/strong>:<\/h3>\n<p>El dia <span style=\"color: #800080\"><strong>17 de gener de 2025<\/strong><\/span> el Comit\u00e9 Cient\u00edfic informar\u00e0 via correu electr\u00f2nic sobre l&#8217;acceptaci\u00f3 de les diferents propostes de comunicacions per a la seua participaci\u00f3 en el Congr\u00e9s que hagen sigut enviades en la primera tanda (fins al 10 de gener).<\/p>\n<p>El dia <span style=\"color: #800080\"><strong>20 de gener de 2025<\/strong><\/span> el Comit\u00e9 Cient\u00edfic informar\u00e0 via correu electr\u00f2nic sobre l&#8217;acceptaci\u00f3 de les diferents propostes de comunicacions per a la seua participaci\u00f3 en el Congr\u00e9s que hagen sigut enviades en la segona tanda (fins al 17 de gener).<\/p>\n<p>&nbsp;<\/p>\n<h3 style=\"text-align: justify\"><strong><span style=\"color: #800080\">PAS 3<\/span>. Recepci\u00f3 del TEXT COMPLET DE LA COMUNICACI\u00d3<\/strong>. Data l\u00edmit <span style=\"color: #800080\"><strong>7 de mar\u00e7 de 2025.<\/strong><\/span><\/h3>\n<ul style=\"text-align: justify\">\n<li>Totes aquelles comunicacions acceptades seran publicades en el llibre d&#8217;actes amb el seu ISBN corresponent.<\/li>\n<li>Extensi\u00f3 m\u00e0xima 12 p\u00e0gines (bibliografia inclusivament).<\/li>\n<\/ul>\n<p style=\"text-align: justify\">La informaci\u00f3 sobre el format de presentaci\u00f3 per a la redacci\u00f3 del text complet de les comunicacions la trobareu als documents:<\/p>\n<ul style=\"text-align: justify\">\n<li><a href=\"https:\/\/congresomasculinidades3.umh.es\/files\/2024\/09\/NORMAS-FORMATO-E-INDICACIONES.docx\" target=\"_blank\" rel=\"noopener\"><strong>Normes, format i indicacions.<\/strong><\/a><\/li>\n<li><a href=\"https:\/\/congresomasculinidades3.umh.es\/files\/2025\/01\/PLANTILLA-PARA-LA-REDACCION-DE-LAS-COMUNICACIONES.docx\" target=\"_blank\" rel=\"noopener\"><strong>Plantilla per a la redacci\u00f3 de les comunicacions <\/strong><\/a><\/li>\n<\/ul>\n<p>&nbsp;<\/p>\n<p>&nbsp;<\/p>\n<p style=\"text-align: justify\"><strong>IMPORTANT<\/strong><\/p>\n<hr \/>\n<ul style=\"text-align: justify\">\n<li>De totes les comunicacions acceptades en cada SESSI\u00d3 CIENT\u00cdFICA, el comit\u00e9 cient\u00edfic comunicar\u00e0 les que es presentaran al congr\u00e9s pels seus autors\/es i les que seran referenciades breument per les persones relatores de cada SESSI\u00d3 CIENT\u00cdFICA.<\/li>\n<li>Totes les comunicacions seleccionades pel comit\u00e9 cient\u00edfic seran publicades en el Llibre d&#8217;Actes amb ISBN.<\/li>\n<li>En els casos en qu\u00e8 la comunicaci\u00f3 tingu\u00e9s m\u00e9s d&#8217;un autor\/a, cal la inscripci\u00f3 de totes les persones en el congr\u00e9s.<\/li>\n<li>Nom\u00e9s s&#8217;acceptar\u00e0 un m\u00e0xim de 2 comunicacions per autor\/a.<\/li>\n<li>Una comunicaci\u00f3 pot tenir un m\u00e0xim de 5 autors\/es.<\/li>\n<\/ul>\n<p>&nbsp;<\/p>\n<p style=\"text-align: justify\"><strong>IDIOMES<\/strong><\/p>\n<hr \/>\n<ul style=\"text-align: justify\">\n<li>Les comunicacions orals es presentaran a la seua SESSI\u00d3 CIENT\u00cdFICA corresponent en castell\u00e0, o angl\u00e8s.<\/li>\n<li>El text enviat de la comunicaci\u00f3 per a la publicaci\u00f3 a les actes del congr\u00e9s es presentar\u00e0 en castell\u00e0, valenci\u00e0 o angl\u00e8s.<\/li>\n<\/ul>\n<p style=\"text-align: justify\"><strong>\u00a0<\/strong><\/p>\n<p style=\"text-align: justify\"><strong>SELECCI\u00d3 DE LES COMUNICACIONS ACCEPTADES<\/strong><\/p>\n<hr \/>\n<p style=\"text-align: justify\">El Comit\u00e9 Cient\u00edfic n&#8217;analitzar\u00e0 el contingut i els requisits establits, i procedir\u00e0, si escau, a la seua acceptaci\u00f3 per a la seua exposici\u00f3 oral i\/o publicaci\u00f3 en les actes del congr\u00e9s, cosa que es comunicar\u00e0 el dia <span style=\"color: #800080\"><strong>15 de mar\u00e7 de 2025<\/strong>.<\/span><\/p>\n<p style=\"text-align: justify\">Les comunicacions podran ser rebutjades pel Comit\u00e9 Cient\u00edfic si no responen al t\u00edtol i al contingut proposat, si no fan cap aportaci\u00f3 original, o si la seua qualitat no \u00e9s l&#8217;adequada, o, en definitiva, no contribu\u00efsquen a l&#8217;avan\u00e7 del coneixement, per tractar-se merament d&#8217;una descripci\u00f3 de l&#8217;estat de la q\u00fcesti\u00f3 o una simple recapitulaci\u00f3 de temes coneguts. Es prestar\u00e0 una atenci\u00f3 especial al plagi i a l&#8217;\u00fas indiscriminat de la Intel\u00b7lig\u00e8ncia Artificial.<\/p>\n<p style=\"text-align: justify\">En tot cas, es rebutjaran les comunicacions que excedisquen de la dimensi\u00f3 m\u00e0xima establida: 12 p\u00e0gines amb format de la plantilla, lletra Times New Roman 12, amb interlineat senzill (incloeu gr\u00e0fics, notes i referenciat bibliogr\u00e0fic).<\/p>\n<p style=\"text-align: justify\"><strong>EXPOSICI\u00d3 ORAL DE LA COMUNICACI\u00d3<\/strong><\/p>\n<hr \/>\n<p style=\"text-align: justify\">Les comunicacions escollides per ser exposades oralment durant la celebraci\u00f3 del Congr\u00e9s disposaran de deu minuts. La resta de les comunicacions seleccionades per a la seua publicaci\u00f3 en el llibre d&#8217;actes no es defensaran durant el congr\u00e9s, per\u00f2 seran breument presentades pel relator o relatora com a resum.<\/p>\n<p style=\"text-align: justify\">[\/et_pb_text][\/et_pb_column][\/et_pb_row][\/et_pb_section][et_pb_section fb_built=&#8221;1&#8243; disabled_on=&#8221;on|on|on&#8221; _builder_version=&#8221;4.17.4&#8243; _module_preset=&#8221;default&#8221; disabled=&#8221;on&#8221; global_colors_info=&#8221;{}&#8221;][et_pb_row _builder_version=&#8221;4.17.4&#8243; _module_preset=&#8221;default&#8221; global_colors_info=&#8221;{}&#8221;][et_pb_column type=&#8221;4_4&#8243; _builder_version=&#8221;4.17.4&#8243; _module_preset=&#8221;default&#8221; global_colors_info=&#8221;{}&#8221;][:es _i=&#8221;0&#8243; _address=&#8221;3.0.0.0&#8243; theme_builder_area=&#8221;post_content&#8221; \/][: _i=&#8221;1&#8243; _address=&#8221;3.0.0.1&#8243; theme_builder_area=&#8221;post_content&#8221; \/][\/et_pb_column][\/et_pb_row][\/et_pb_section]<\/p>\n","protected":false},"excerpt":{"rendered":"<p>ENVIAMENT DE COMUNICACIONS CALL FOR PAPERSDATES: Recepci\u00f3 d\u2019ABSTRACT o RESUM fins el 10 de gener de 2025. IMPORTANT! Ampliaci\u00f3 del termini fins al 17 de gener de 2025. &nbsp; Confirmaci\u00f3 per part del Comit\u00e9 Cient\u00edfic d\u2019acceptaci\u00f3 del resum de la comunicaci\u00f3 17 de gener 2025. (la segona tanda de resums \u2013aquells rebuts entre l&#8217;11 i [&hellip;]<\/p>\n","protected":false},"author":3782,"featured_media":0,"parent":0,"menu_order":0,"comment_status":"closed","ping_status":"closed","template":"","meta":{"_et_pb_use_builder":"on","_et_pb_old_content":"<p>[et_pb_section fb_built=\"1\" _builder_version=\"4.17.4\" background_color=\"#000000\" custom_padding=\"0px||0px|||\" global_module=\"5968\" global_colors_info=\"{}\"][et_pb_row _builder_version=\"4.16\" global_colors_info=\"{}\"][et_pb_column type=\"4_4\" _builder_version=\"4.16\" global_colors_info=\"{}\"][et_pb_image src=\"https:\/\/congresomasculinidades3.umh.es\/files\/2024\/09\/CABECERA-WEB-CIMASCIGUAL3.jpg\" alt=\"Segundo Congreso Internacional Sobre Masculinidades e Igualdad Educaci\u00f3n para la igualdad y Co(Educaci\u00f3n)\" title_text=\"CABECERA WEB CIMASCIGUAL3\" url=\"https:\/\/congresomasculinidades3.umh.es\/\" _builder_version=\"4.17.4\" global_colors_info=\"{}\"][\/et_pb_image][\/et_pb_column][\/et_pb_row][\/et_pb_section][et_pb_section fb_built=\"1\" fullwidth=\"on\" _builder_version=\"4.16\" global_colors_info=\"{}\"][et_pb_fullwidth_menu menu_id=\"7135\" fullwidth_menu=\"off\" active_link_color=\"#E76996\" _builder_version=\"4.16\" menu_font=\"|700||on|||||\" menu_text_color=\"#FFFFFF\" menu_font_size=\"14pt\" background_color=\"#3A3B3D\" text_orientation=\"center\" border_color_all=\"#E02B20\" global_colors_info=\"{}\" border_width_all__hover_enabled=\"off|hover\" menu_text_color__hover_enabled=\"on|hover\" menu_text_color__hover=\"#E76996\"][\/et_pb_fullwidth_menu][\/et_pb_section][et_pb_section fb_built=\"1\" _builder_version=\"4.16\" global_colors_info=\"{}\"][et_pb_row _builder_version=\"4.16\" global_colors_info=\"{}\"][et_pb_column type=\"4_4\" _builder_version=\"4.16\" global_colors_info=\"{}\"][et_pb_text admin_label=\"TUITULO\" _builder_version=\"4.17.4\" global_colors_info=\"{}\"]<\/p><h1 style=\"text-align: center;\"><strong><span style=\"color: #000000;\">ENV\u00cdO DE COMUNICACIONES<\/span><\/strong><br \/><strong> <span style=\"color: #000000;\"> CALL FOR PAPERS<\/span><\/strong><\/h1><p>[\/et_pb_text][et_pb_text admin_label=\"FECHAS\" _builder_version=\"4.17.4\" _module_preset=\"default\" global_colors_info=\"{}\"]<\/p><h3 style=\"text-align: center;\"><strong>FECHAS:<\/strong><\/h3><h3 style=\"text-align: center;\"><strong>Recepci\u00f3n de ABSTRACT o RESUMEN\u00a0hasta el <span style=\"color: #800080;\">10 de enero de 2025<\/span>.<\/strong><\/h3><p>\u00a0<\/p><h3 style=\"text-align: center;\"><strong>Confirmaci\u00f3n por parte del Comit\u00e9 Cient\u00edfico de aceptaci\u00f3n del resumen de la comunicaci\u00f3n:<span style=\"color: #800080;\"> 17 de enero 2025.<\/span><\/strong><\/h3><p>\u00a0<\/p><h3 style=\"text-align: center;\"><strong>Recepci\u00f3n del TEXTO COMPLETO DE LA COMUNICACI\u00d3N\u00a0<span style=\"color: #800080;\">hasta el 28 de febrero de 2025.<\/span><\/strong><\/h3><p>\u00a0<\/p><h3 style=\"text-align: center;\">\u00a0<strong>Confirmaci\u00f3n definitiva por parte del Comit\u00e9 Cient\u00edfico de aceptaci\u00f3n de la comunicaci\u00f3n\u00a0<span style=\"color: #800080;\">7 de marzo 2025.<\/span><\/strong><\/h3><p style=\"text-align: center;\">[\/et_pb_text][et_pb_divider show_divider=\"off\" _builder_version=\"4.17.4\" _module_preset=\"default\" global_colors_info=\"{}\"][\/et_pb_divider][et_pb_text admin_label=\"INDICACIONES\" _builder_version=\"4.17.4\" text_text_color=\"#000000\" text_font_size=\"16px\" global_colors_info=\"{}\"]<\/p><p><strong style=\"color: #333333; font-size: 26px; text-align: justify;\">INDICACIONES<\/strong><\/p><hr \/><p style=\"text-align: justify;\">Tanto las personas inscritas en modalidad presencial como virtual pueden participar en el congreso con env\u00edo y presentaci\u00f3n de comunicaciones.<\/p><p style=\"text-align: justify;\">Las comunicaciones han de adscribirse a los temas de alguna de las\u00a0<a href=\"https:\/\/congresomasculinidades3.umh.es\/sesiones-cientificas\/\"><strong>ocho sesiones cient\u00edficas.<\/strong><\/a><\/p><p style=\"text-align: justify;\">No olvides\u00a0<a href=\"https:\/\/congresomasculinidades3.umh.es\/inscripciones\/\"><strong>inscribirte<\/strong><\/a> en el congreso una vez aceptada tu comunicaci\u00f3n.<\/p><p>\u00a0<\/p><h3 style=\"text-align: justify;\"><strong><span style=\"color: #800080;\">PASO 1<\/span>. Env\u00edo de ABSTRACT o RESUMEN<\/strong>\u00a0hasta el <span style=\"color: #800080;\"><strong>10 de enero de 2025<\/strong>.<\/span><\/h3><p style=\"text-align: justify;\"><strong><u>Formulario para el env\u00edo de ABSTRACT o RESUMEN.\u00a0<\/u>\u00a0<\/strong><\/p><p style=\"text-align: justify;\">El Abstract o Resumen debe estar compuesto por:<\/p><ul style=\"text-align: justify;\"><li>T\u00edtulo Comunicaci\u00f3n.<\/li><li>Nombre y Apellidos de autores\/as.<\/li><li>Adscripci\u00f3n institucional.<\/li><li>Correo electr\u00f3nico de contacto.<\/li><li>Abstract o Resumen de 300 palabras.<\/li><li>Palabras clave \u2013 m\u00e1ximo 5.<\/li><li>Idioma: valenciano, castellano o ingl\u00e9s.<\/li><\/ul><p>\u00a0<\/p><h3 style=\"text-align: justify;\"><strong><span style=\"color: #800080;\">PASO 2.<\/span> Confirmaci\u00f3n ACEPTACI\u00d3N COMUNICACI\u00d3N<\/strong>:<\/h3><p style=\"text-align: justify;\">El d\u00eda <span style=\"color: #800080;\"><strong>17 de enero de 2025<\/strong><\/span> el Comit\u00e9 Cient\u00edfico informar\u00e1 v\u00eda correo electr\u00f3nico sobre la aceptaci\u00f3n de las distintas comunicaciones para su participaci\u00f3n en el Congreso.<\/p><p>\u00a0<\/p><h3 style=\"text-align: justify;\"><strong><span style=\"color: #800080;\">PASO 3<\/span>. Recepci\u00f3n del TEXTO COMPLETO DE LA COMUNICACI\u00d3N<\/strong>. Fecha l\u00edmite <span style=\"color: #800080;\"><strong>28 de febrero de 2025.<\/strong><\/span><\/h3><ul style=\"text-align: justify;\"><li>Todas aquellas comunicaciones aceptadas ser\u00e1n publicadas en el libro de actas con su ISBN correspondiente.<\/li><li>Extensi\u00f3n m\u00e1xima 12 p\u00e1ginas (bibliograf\u00eda inclusive).<\/li><\/ul><p style=\"text-align: justify;\">La informaci\u00f3n sobre el formato de presentaci\u00f3n para la redacci\u00f3n del texto completo de las comunicaciones lo encontrar\u00e9is en los documentos:<\/p><ul style=\"text-align: justify;\"><li><a href=\"https:\/\/congresomasculinidades3.umh.es\/files\/2024\/09\/NORMAS-FORMATO-E-INDICACIONES.docx\" target=\"_blank\" rel=\"noopener\"><strong>Normas, formato e indicaciones.<\/strong><\/a><\/li><li><a href=\"https:\/\/congresomasculinidades3.umh.es\/files\/2024\/09\/PLANTILLA-PARA-LA-REDACCION-DE-LAS-COMUNICACIONES-1.docx\" target=\"_blank\" rel=\"noopener\"><strong>Plantilla para la redacci\u00f3n de las comunicaciones<\/strong><\/a><\/li><\/ul><p>\u00a0<\/p><p>\u00a0<\/p><p style=\"text-align: justify;\"><strong>IMPORTANTE<\/strong><\/p><hr \/><ul style=\"text-align: justify;\"><li>De todas las comunicaciones aceptadas en cada sesi\u00f3n cient\u00edfica, el comit\u00e9 cient\u00edfico comunicar\u00e1 las que se presentar\u00e1n en el congreso por sus autores\/as y las que ser\u00e1n referenciadas brevemente por las personas relatoras de cada sesi\u00f3n cient\u00edfica.<\/li><li>Todas las comunicaciones seleccionadas por el comit\u00e9 cient\u00edfico ser\u00e1n publicadas en el Libro de Actas con ISBN.<\/li><li>En los casos en los que la comunicaci\u00f3n tuviera m\u00e1s de un\/a autor\/a, es necesaria la inscripci\u00f3n de todas las personas en el congreso.<\/li><li>Solamente se aceptar\u00e1 un m\u00e1ximo de 2 comunicaciones por autor\/a.<\/li><li>Una comunicaci\u00f3n puede tener un m\u00e1ximo de 5 autores\/as.<\/li><\/ul><p>\u00a0<\/p><p style=\"text-align: justify;\"><strong>IDIOMAS<\/strong><\/p><hr \/><ul style=\"text-align: justify;\"><li>Las comunicaciones orales se presentar\u00e1n en su sesi\u00f3n cient\u00edfica correspondiente en castellano, o ingl\u00e9s.<\/li><li>El texto enviado de la comunicaci\u00f3n para la publicaci\u00f3n en las actas del congreso se presentar\u00e1 en castellano, valenciano o ingl\u00e9s.<\/li><\/ul><p style=\"text-align: justify;\"><strong>\u00a0<\/strong><\/p><p style=\"text-align: justify;\"><strong>SELECCI\u00d3N DE LAS COMUNICACIONES ACEPTADAS<\/strong><\/p><hr \/><p style=\"text-align: justify;\">El Comit\u00e9 Cient\u00edfico analizar\u00e1 su contenido y los requisitos establecidos, procediendo en su caso a su aceptaci\u00f3n para su exposici\u00f3n oral y\/o publicaci\u00f3n en las actas del congreso, lo que se comunicar\u00e1 el d\u00eda <span style=\"color: #800080;\"><strong>7 de marzo de 2025<\/strong>.<\/span><\/p><p style=\"text-align: justify;\">Las comunicaciones podr\u00e1n ser rechazadas por el Comit\u00e9 Cient\u00edfico si no responden al t\u00edtulo y al contenido propuesto, si no realizan aportaci\u00f3n original alguna, o si su calidad no es la adecuada, o, en definitiva, no contribuyen al avance del conocimiento, por tratarse meramente de una descripci\u00f3n del estado de la cuesti\u00f3n o una simple recapitulaci\u00f3n de temas ya conocidos. Se prestar\u00e1 especial atenci\u00f3n al plagio y al uso indiscriminado de la Inteligencia Artificial.<\/p><p style=\"text-align: justify;\">En todo caso, se rechazar\u00e1n las comunicaciones que excedan de la dimensi\u00f3n m\u00e1xima establecida: 12 p\u00e1ginas con formato prestablecido en la plantilla, letra Times New Roman 12, con interlineado sencillo (incluye gr\u00e1ficos, notas y referenciado bibliogr\u00e1fico).<\/p><p style=\"text-align: justify;\"><strong>EXPOSICI\u00d3N ORAL DE LA COMUNICACI\u00d3N<\/strong><\/p><hr \/><p style=\"text-align: justify;\">Las comunicaciones elegidas para ser expuestas oralmente durante la celebraci\u00f3n del Congreso dispondr\u00e1n de <strong>diez minutos<\/strong>. El resto de las comunicaciones seleccionadas para su publicaci\u00f3n en el libro de actas no se defender\u00e1n durante el congreso, pero ser\u00e1n brevemente presentadas por el relator o relatora a modo de resumen.<\/p><p style=\"text-align: justify;\">[\/et_pb_text][\/et_pb_column][\/et_pb_row][\/et_pb_section]<\/p><p style=\"text-align: justify;\">\u00a0<\/p>","_et_gb_content_width":"","_links_to":"","_links_to_target":""},"_links":{"self":[{"href":"https:\/\/congresomasculinidades3.umh.es\/ca\/wp-json\/wp\/v2\/pages\/12728"}],"collection":[{"href":"https:\/\/congresomasculinidades3.umh.es\/ca\/wp-json\/wp\/v2\/pages"}],"about":[{"href":"https:\/\/congresomasculinidades3.umh.es\/ca\/wp-json\/wp\/v2\/types\/page"}],"author":[{"embeddable":true,"href":"https:\/\/congresomasculinidades3.umh.es\/ca\/wp-json\/wp\/v2\/users\/3782"}],"replies":[{"embeddable":true,"href":"https:\/\/congresomasculinidades3.umh.es\/ca\/wp-json\/wp\/v2\/comments?post=12728"}],"version-history":[{"count":0,"href":"https:\/\/congresomasculinidades3.umh.es\/ca\/wp-json\/wp\/v2\/pages\/12728\/revisions"}],"wp:attachment":[{"href":"https:\/\/congresomasculinidades3.umh.es\/ca\/wp-json\/wp\/v2\/media?parent=12728"}],"curies":[{"name":"wp","href":"https:\/\/api.w.org\/{rel}","templated":true}]}}