{"id":12791,"date":"2024-10-22T14:27:01","date_gmt":"2024-10-22T12:27:01","guid":{"rendered":"https:\/\/congresomasculinidades3.umh.es\/?page_id=12791"},"modified":"2025-01-10T10:55:09","modified_gmt":"2025-01-10T09:55:09","slug":"english-presentation","status":"publish","type":"page","link":"https:\/\/congresomasculinidades3.umh.es\/en\/","title":{"rendered":"PRESENTATION"},"content":{"rendered":"<p>[et_pb_section fb_built=&#8221;1&#8243; _builder_version=&#8221;4.17.4&#8243; background_color=&#8221;#000000&#8243; custom_padding=&#8221;0px||0px|||&#8221; global_colors_info=&#8221;{}&#8221;][et_pb_row _builder_version=&#8221;4.16&#8243; global_colors_info=&#8221;{}&#8221;][et_pb_column type=&#8221;4_4&#8243; _builder_version=&#8221;4.16&#8243; global_colors_info=&#8221;{}&#8221;][et_pb_image src=&#8221;https:\/\/congresomasculinidades3.umh.es\/files\/2024\/09\/CABECERA-WEB-CIMASCIGUAL3.jpg&#8221; alt=&#8221;Segundo Congreso Internacional Sobre Masculinidades e Igualdad Educaci\u00f3n para la igualdad y Co(Educaci\u00f3n)&#8221; title_text=&#8221;CABECERA WEB CIMASCIGUAL3&#8243; url=&#8221;https:\/\/congresomasculinidades3.umh.es\/&#8221; _builder_version=&#8221;4.17.4&#8243; global_colors_info=&#8221;{}&#8221;][\/et_pb_image][\/et_pb_column][\/et_pb_row][\/et_pb_section][et_pb_section fb_built=&#8221;1&#8243; fullwidth=&#8221;on&#8221; _builder_version=&#8221;4.16&#8243; global_colors_info=&#8221;{}&#8221;][et_pb_fullwidth_menu menu_id=&#8221;7135&#8243; fullwidth_menu=&#8221;off&#8221; active_link_color=&#8221;#E76996&#8243; _builder_version=&#8221;4.17.4&#8243; menu_font=&#8221;|700||on|||||&#8221; menu_text_color=&#8221;#FFFFFF&#8221; menu_font_size=&#8221;14pt&#8221; background_color=&#8221;#3A3B3D&#8221; text_orientation=&#8221;center&#8221; border_color_all=&#8221;#E02B20&#8243; global_colors_info=&#8221;{}&#8221; border_width_all__hover_enabled=&#8221;off|hover&#8221; menu_text_color__hover_enabled=&#8221;on|hover&#8221; menu_text_color__hover=&#8221;#E76996&#8243;][\/et_pb_fullwidth_menu][\/et_pb_section][et_pb_section fb_built=&#8221;1&#8243; fullwidth=&#8221;on&#8221; _builder_version=&#8221;4.17.4&#8243; global_colors_info=&#8221;{}&#8221;][et_pb_fullwidth_image src=&#8221;https:\/\/congresomasculinidades3.umh.es\/files\/2025\/01\/NUEVA-LLAMADA-ENVIO-COMUNICACIONES_ENG.png&#8221; alt=&#8221;Cartel Cimasigual II Centro de congresos de elche Jueves 20, viernes 21 y S\u00e1bado 22 de octubre 2022 Organizado por la universidad Miguel Hern\u00e1ndez de elche.&#8221; title_text=&#8221;NUEVA LLAMADA ENVIO COMUNICACIONES_ENG&#8221; url=&#8221;https:\/\/congresomasculinidades3.umh.es\/en\/english-envio-de-comunicaciones\/&#8221; _builder_version=&#8221;4.17.4&#8243; hover_enabled=&#8221;0&#8243; border_width_bottom=&#8221;7px&#8221; border_color_bottom=&#8221;#FFFFFF&#8221; global_colors_info=&#8221;{}&#8221; sticky_enabled=&#8221;0&#8243;][\/et_pb_fullwidth_image][\/et_pb_section][et_pb_section fb_built=&#8221;1&#8243; _builder_version=&#8221;4.17.4&#8243; _module_preset=&#8221;default&#8221; global_colors_info=&#8221;{}&#8221;][et_pb_row _builder_version=&#8221;4.17.4&#8243; _module_preset=&#8221;default&#8221; global_colors_info=&#8221;{}&#8221;][et_pb_column type=&#8221;4_4&#8243; _builder_version=&#8221;4.17.4&#8243; _module_preset=&#8221;default&#8221; global_colors_info=&#8221;{}&#8221;][et_pb_text _builder_version=&#8221;4.17.4&#8243; _module_preset=&#8221;default&#8221; global_colors_info=&#8221;{}&#8221;]<\/p>\n<h2 style=\"text-align: center\">Welcome to the <\/h2>\n<h1 style=\"text-align: center\"><strong>III International Congress on Masculinities and Equality: <\/strong><\/h1>\n<h1 style=\"text-align: center\"><strong>Communication, Culture and Audiovisual Media <\/strong><\/h1>\n<h1 style=\"text-align: center\"><strong>(CIMASCIGUAL III)<\/strong><\/h1>\n<h3 style=\"text-align: center\">Miguel Hern\u00e1ndez University of Elche (Alicante, Spain) from April 3 to 5, 2025.<\/h3>\n<p>[\/et_pb_text][\/et_pb_column][\/et_pb_row][et_pb_row column_structure=&#8221;2_5,3_5&#8243; _builder_version=&#8221;4.17.4&#8243; _module_preset=&#8221;default&#8221; global_colors_info=&#8221;{}&#8221;][et_pb_column type=&#8221;2_5&#8243; _builder_version=&#8221;4.17.4&#8243; _module_preset=&#8221;default&#8221; global_colors_info=&#8221;{}&#8221;][et_pb_divider show_divider=&#8221;off&#8221; _builder_version=&#8221;4.17.4&#8243; _module_preset=&#8221;default&#8221; global_colors_info=&#8221;{}&#8221;][\/et_pb_divider][et_pb_text _builder_version=&#8221;4.17.4&#8243; _module_preset=&#8221;default&#8221; global_colors_info=&#8221;{}&#8221;]<\/p>\n<p style=\"text-align: justify\">The <strong>CIMASCIGUAL III<\/strong> which will be held in a mixed form (online\/attendance) at the Miguel Hern\u00e1ndez University of Elche (Alicante, Spain) from April 3 to 5, 2025, is organized by the <a href=\"https:\/\/observatoriomasculinidad.umh.es\/\">Masculinities Observatory<\/a> and the Economics, Culture and Gender Research Group (ECULGE), with the collaboration of the Equality Unit and the Interdisciplinary Center for Gender Studies of the Miguel Hern\u00e1ndez University of Elche (UMH).<\/p>\n<p style=\"text-align: justify\">This III Congress is a continuous activity based on the recommendations and conclusions obtained in the <a href=\"https:\/\/congresomasculinidades.umh.es\/\"><strong><em>I International Congress on Masculinities and Equality: in search of good practices of equalitarian masculinities from the university environment (CIMASCIGUAL)&#8221; <\/em><\/strong><\/a>(UMH, Elche, April 2-4, 2019) and in the <a href=\"https:\/\/congresomasculinidades2.umh.es\/\"><em>\u201c<strong>II International Congress on Masculinities and Equality: education for equality and co(education) (CIMASCIGUAL II)\u201d<\/strong><\/em><\/a> (UMH, Elche, October 20-22, 2022).<\/p>\n<p style=\"text-align: justify\">After the celebration of these two international congresses, we consider it necessary to dedicate this third edition of CIMASCIGUAL to <strong>cultural products, communication and audiovisual media<\/strong>, and to continue promoting and strengthening the creation of <strong>networks<\/strong> among those who work, research, train and intervene in these areas. These intentions have shaped the UMH Masculinities Observatory since it began. This is shown by our work with the media, making videos, the <a href=\"https:\/\/observatoriomasculinidad.umh.es\/red-internacional-masculinidades\/\" target=\"_blank\" rel=\"noopener\">\u201c<strong>International Academic Network on Masculinities, Gender and Equality\u201d <\/strong><\/a>and holding the first feminist seminars on masculinities, gender and equality in 2024. &lt;!&#8211; <strong><a href=\"https:\/\/redesmasculinidades.umh.es\/\" target=\"_blank\" rel=\"noopener\">I Ciclo de Seminarios-Workshops Feministas para la Creaci\u00f3n de Redes sobre Masculinidades, G\u00e9nero e Igualdad<\/a>.<\/strong><\/p>\n<p>&#8211;&gt;<\/p>\n<p>[\/et_pb_text][\/et_pb_column][et_pb_column type=&#8221;3_5&#8243; _builder_version=&#8221;4.17.4&#8243; _module_preset=&#8221;default&#8221; global_colors_info=&#8221;{}&#8221;][et_pb_image src=&#8221;https:\/\/congresomasculinidades3.umh.es\/files\/2024\/10\/CIMASCIGUAL3-scaled.jpg&#8221; title_text=&#8221;CIMASCIGUAL3&#8243; admin_label=&#8221;cartel&#8221; _builder_version=&#8221;4.17.4&#8243; _module_preset=&#8221;default&#8221; width=&#8221;100%&#8221; max_width=&#8221;100%&#8221; module_alignment=&#8221;center&#8221; global_colors_info=&#8221;{}&#8221;][\/et_pb_image][\/et_pb_column][\/et_pb_row][et_pb_row _builder_version=&#8221;4.17.4&#8243; _module_preset=&#8221;default&#8221; global_colors_info=&#8221;{}&#8221;][et_pb_column type=&#8221;4_4&#8243; _builder_version=&#8221;4.17.4&#8243; _module_preset=&#8221;default&#8221; global_colors_info=&#8221;{}&#8221;][et_pb_text _builder_version=&#8221;4.17.4&#8243; _module_preset=&#8221;default&#8221; global_colors_info=&#8221;{}&#8221;]<\/p>\n<p style=\"text-align: justify\"><strong>CIMASCIGUAL<\/strong> has become a triennial reference conference among those who work on gender equality with a focus on men and the critical study of masculinities. This year, we intend to make a collective reflection on the role of culture and media in socialization and non-formal education in relation to sexist roles and stereotypes of women and men, machismo in human interactions, equalitarian or unequal men&#8217;s references, etc. As always, we will think about the role of culture, audiovisual media and communication in socialization and non-formal education in relation to the perpetuation or not, of sexist roles and stereotypes of women and men, of machismo in human interactions, of equalitarian or unequal men&#8217;s references, etc.<\/p>\n<p style=\"text-align: justify\">Has become a triennial reference conference among those who work on gender equality with a focus on men and the critical study of masculinities. This year, we intend to make a collective reflection on the role of culture and media in socialization and non-formal education in relation to sexist roles and stereotypes of women and men, machismo in human interactions, equalitarian or unequal men&#8217;s references, etc. As always, we will think about the role of culture, audiovisual media and communication in socialization and non-formal education in relation to the perpetuation or not, of sexist roles and stereotypes of women and men, of machismo in human interactions, of equalitarian or unequal men&#8217;s references, etc.<\/p>\n<p>[\/et_pb_text][\/et_pb_column][\/et_pb_row][\/et_pb_section][et_pb_section fb_built=&#8221;1&#8243; disabled_on=&#8221;on|on|on&#8221; _builder_version=&#8221;4.17.4&#8243; _module_preset=&#8221;default&#8221; disabled=&#8221;on&#8221; global_colors_info=&#8221;{}&#8221;][et_pb_row _builder_version=&#8221;4.17.4&#8243; _module_preset=&#8221;default&#8221; global_colors_info=&#8221;{}&#8221;][et_pb_column type=&#8221;4_4&#8243; _builder_version=&#8221;4.17.4&#8243; _module_preset=&#8221;default&#8221; global_colors_info=&#8221;{}&#8221;][:en _i=&#8221;0&#8243; _address=&#8221;4.0.0.0&#8243; theme_builder_area=&#8221;post_content&#8221; \/][: _i=&#8221;1&#8243; _address=&#8221;4.0.0.1&#8243; theme_builder_area=&#8221;post_content&#8221; \/][\/et_pb_column][\/et_pb_row][\/et_pb_section]<\/p>\n","protected":false},"excerpt":{"rendered":"<p>Welcome to the III International Congress on Masculinities and Equality: Communication, Culture and Audiovisual Media (CIMASCIGUAL III) Miguel Hern\u00e1ndez University of Elche (Alicante, Spain) from April 3 to 5, 2025.The CIMASCIGUAL III which will be held in a mixed form (online\/attendance) at the Miguel Hern\u00e1ndez University of Elche (Alicante, Spain) from April 3 to 5, [&hellip;]<\/p>\n","protected":false},"author":3782,"featured_media":0,"parent":0,"menu_order":0,"comment_status":"closed","ping_status":"closed","template":"","meta":{"_et_pb_use_builder":"on","_et_pb_old_content":"<p>[et_pb_section fb_built=\"1\" _builder_version=\"4.17.4\" background_color=\"#000000\" custom_padding=\"0px||0px|||\" global_module=\"5968\" global_colors_info=\"{}\"][et_pb_row _builder_version=\"4.16\" global_colors_info=\"{}\"][et_pb_column type=\"4_4\" _builder_version=\"4.16\" global_colors_info=\"{}\"][et_pb_image src=\"https:\/\/congresomasculinidades3.umh.es\/files\/2024\/09\/CABECERA-WEB-CIMASCIGUAL3.jpg\" alt=\"Segundo Congreso Internacional Sobre Masculinidades e Igualdad Educaci\u00f3n para la igualdad y Co(Educaci\u00f3n)\" title_text=\"CABECERA WEB CIMASCIGUAL3\" url=\"https:\/\/congresomasculinidades3.umh.es\/\" _builder_version=\"4.17.4\" global_colors_info=\"{}\"][\/et_pb_image][\/et_pb_column][\/et_pb_row][\/et_pb_section][et_pb_section fb_built=\"1\" fullwidth=\"on\" _builder_version=\"4.16\" global_colors_info=\"{}\"][et_pb_fullwidth_menu menu_id=\"7135\" fullwidth_menu=\"off\" active_link_color=\"#E76996\" _builder_version=\"4.17.4\" menu_font=\"|700||on|||||\" menu_text_color=\"#FFFFFF\" menu_font_size=\"14pt\" background_color=\"#3A3B3D\" text_orientation=\"center\" border_color_all=\"#E02B20\" global_colors_info=\"{}\" border_width_all__hover_enabled=\"off|hover\" menu_text_color__hover_enabled=\"on|hover\" menu_text_color__hover=\"#E76996\"][\/et_pb_fullwidth_menu][\/et_pb_section][et_pb_section fb_built=\"1\" fullwidth=\"on\" _builder_version=\"4.17.4\" global_colors_info=\"{}\"][et_pb_fullwidth_image src=\"https:\/\/congresomasculinidades3.umh.es\/files\/2024\/10\/Entrega-CAST-1.png\" alt=\"Cartel Cimasigual II Centro de congresos de elche Jueves 20, viernes 21 y S\u00e1bado 22 de octubre 2022 Organizado por la universidad Miguel Hern\u00e1ndez de elche.\" title_text=\"Entrega - CAST (1)\" url=\"https:\/\/congresomasculinidades3.umh.es\/envio-de-comunicaciones\/\" _builder_version=\"4.17.4\" border_width_bottom=\"7px\" border_color_bottom=\"#FFFFFF\" global_colors_info=\"{}\"][\/et_pb_fullwidth_image][\/et_pb_section][et_pb_section fb_built=\"1\" _builder_version=\"4.17.4\" _module_preset=\"default\" global_colors_info=\"{}\"][et_pb_row _builder_version=\"4.17.4\" _module_preset=\"default\" global_colors_info=\"{}\"][et_pb_column type=\"4_4\" _builder_version=\"4.17.4\" _module_preset=\"default\" global_colors_info=\"{}\"][et_pb_text _builder_version=\"4.17.4\" _module_preset=\"default\" global_colors_info=\"{}\"]<\/p><h2 style=\"text-align: center;\">Os damos la bienvenida al<\/h2><h1 style=\"text-align: center;\"><strong>III Congreso Internacional sobre Masculinidades e Igualdad<\/strong><\/h1><h1 style=\"text-align: center;\"><strong>Comunicaci\u00f3n, Cultura y Medios Audiovisuales<\/strong><\/h1><h1 style=\"text-align: center;\"><strong>(CIMASCIGUAL III)<\/strong><\/h1><h3 style=\"text-align: center;\">Universidad Miguel Hern\u00e1ndez de Elche, del 3 al 5 de abril de 2025<\/h3><p>[\/et_pb_text][\/et_pb_column][\/et_pb_row][et_pb_row column_structure=\"2_5,3_5\" _builder_version=\"4.17.4\" _module_preset=\"default\" global_colors_info=\"{}\"][et_pb_column type=\"2_5\" _builder_version=\"4.17.4\" _module_preset=\"default\" global_colors_info=\"{}\"][et_pb_divider show_divider=\"off\" _builder_version=\"4.17.4\" _module_preset=\"default\" global_colors_info=\"{}\"][\/et_pb_divider][et_pb_text _builder_version=\"4.17.4\" _module_preset=\"default\" hover_enabled=\"0\" global_colors_info=\"{}\" sticky_enabled=\"0\"]<\/p><p style=\"text-align: justify;\">El <strong>CIMASCIGUAL III<\/strong> que celebraremos de forma mixta (online\/presencial) en la Universidad Miguel Hern\u00e1ndez de Elche (Alicante, Espa\u00f1a) entre el 3 y el 5 de abril de 2025, est\u00e1 organizado por el <a href=\"https:\/\/observatoriomasculinidad.umh.es\/\">Observatorio de las Masculinidades<\/a> y el Grupo de Investigaci\u00f3n Econom\u00eda, Cultura y G\u00e9nero (ECULGE), con la colaboraci\u00f3n de la Unidad de Igualdad y el Centro Interdisciplinar de Estudios de G\u00e9nero de la Universidad Miguel Hern\u00e1ndez de Elche (UMH).<\/p><p style=\"text-align: justify;\">Este III Congreso es una actividad de continuidad planteada desde las recomendaciones y las conclusiones obtenidas en el <a href=\"https:\/\/congresomasculinidades.umh.es\/\"><strong><em>\u201cI Congreso Internacional sobre Masculinidades e Igualdad: en busca de buenas pr\u00e1cticas de masculinidades igualitarias desde el \u00e1mbito de la universidad (CIMASCIGUAL)\u201d<\/em><\/strong><\/a> (UMH, Elche, 2-4 abril 2019) y en el <a href=\"https:\/\/congresomasculinidades2.umh.es\/\"><em>\u201c<strong>II Congreso Internacional sobre Masculinidades e Igualdad: educaci\u00f3n para la igualdad y co(educaci\u00f3n) (CIMASCIGUAL II)\u201d<\/strong><\/em><\/a> (UMH, Elche, 20-22 octubre 2022).<\/p><p style=\"text-align: justify;\">Tras la celebraci\u00f3n de estos dos congresos internacionales, consideramos necesario dedicar esta tercera edici\u00f3n del CIMASCIGUAL a los <strong>productos culturales, la comunicaci\u00f3n y los medios audiovisuales<\/strong>, y seguir potenciando y afianzando la creaci\u00f3n de <strong>redes<\/strong> entre quienes trabajamos, investigamos, formamos e intervenimos sobre estos temas. Ambas intenciones han marcado el devenir del Observatorio de las Masculinidades UMH desde su fundaci\u00f3n y se han venido cultivando durante todos estos a\u00f1os. Prueba de ello son las colaboraciones con medios de comunicaci\u00f3n, la producci\u00f3n de audiovisuales, la <a href=\"https:\/\/observatoriomasculinidad.umh.es\/red-internacional-masculinidades\/\" target=\"_blank\" rel=\"noopener\">\u201c<strong>Red Acad\u00e9mica Internacional Masculinidades, G\u00e9nero e Igualdad\u201d <\/strong><\/a>o la celebraci\u00f3n durante el a\u00f1o 2024 del <strong><a href=\"https:\/\/redesmasculinidades.umh.es\/\" target=\"_blank\" rel=\"noopener\">I Ciclo de Seminarios-Workshops Feministas para la Creaci\u00f3n de Redes sobre Masculinidades, G\u00e9nero e Igualdad<\/a>.<\/strong><\/p><p>[\/et_pb_text][\/et_pb_column][et_pb_column type=\"3_5\" _builder_version=\"4.17.4\" _module_preset=\"default\" global_colors_info=\"{}\"][et_pb_image src=\"https:\/\/congresomasculinidades3.umh.es\/files\/2024\/09\/CIMASCIGUAL3-A3-1-scaled.jpg\" title_text=\"CIMASCIGUAL3 (A3)\" admin_label=\"cartel\" _builder_version=\"4.17.4\" _module_preset=\"default\" width=\"100%\" max_width=\"100%\" module_alignment=\"center\" global_colors_info=\"{}\"][\/et_pb_image][\/et_pb_column][\/et_pb_row][et_pb_row _builder_version=\"4.17.4\" _module_preset=\"default\" global_colors_info=\"{}\"][et_pb_column type=\"4_4\" _builder_version=\"4.17.4\" _module_preset=\"default\" global_colors_info=\"{}\"][et_pb_text _builder_version=\"4.17.4\" _module_preset=\"default\" global_colors_info=\"{}\"]<\/p><p style=\"text-align: justify;\">El <strong>CIMASCIGUAL<\/strong> se ha constituido en un congreso trianual de referencia entre quienes trabajamos la igualdad de g\u00e9nero enfoc\u00e1ndonos en los hombres y el estudio cr\u00edtico de las masculinidades, y en esta ocasi\u00f3n, pretendemos realizar una reflexi\u00f3n colectiva sobre el papel de la cultura, los medios audiovisuales y la comunicaci\u00f3n en la socializaci\u00f3n y la educaci\u00f3n no formal en relaci\u00f3n a la perpetuaci\u00f3n o no, de roles y estereotipos sexistas de mujeres y hombres, de machismo en las interacciones humanas, de referentes de hombres igualitarios o desigualitarios, etc.<\/p><p style=\"text-align: justify;\">Como siempre, tendremos presente, de manera transversal, la perspectiva de g\u00e9nero feminista y la interseccionalidad. Se presentar\u00e1n conferencias, ponencias y comunicaciones procedentes de numerosos pa\u00edses, universidades y disciplinas, pues el congreso <strong>CIMASCIGUAL III<\/strong> de la UMH en Elche pretende ser un lugar de encuentro, reflexi\u00f3n, propuestas e intercambio de estrategias universitarias, empresariales, audiovisuales, comunicativas, medi\u00e1ticas, culturales y coeducativas centradas en potenciar las masculinidades igualitarias a nivel internacional, interuniversitario e interdisciplinar.<\/p><p>[\/et_pb_text][\/et_pb_column][\/et_pb_row][\/et_pb_section]<\/p>","_et_gb_content_width":"","_links_to":"","_links_to_target":""},"_links":{"self":[{"href":"https:\/\/congresomasculinidades3.umh.es\/en\/wp-json\/wp\/v2\/pages\/12791"}],"collection":[{"href":"https:\/\/congresomasculinidades3.umh.es\/en\/wp-json\/wp\/v2\/pages"}],"about":[{"href":"https:\/\/congresomasculinidades3.umh.es\/en\/wp-json\/wp\/v2\/types\/page"}],"author":[{"embeddable":true,"href":"https:\/\/congresomasculinidades3.umh.es\/en\/wp-json\/wp\/v2\/users\/3782"}],"replies":[{"embeddable":true,"href":"https:\/\/congresomasculinidades3.umh.es\/en\/wp-json\/wp\/v2\/comments?post=12791"}],"version-history":[{"count":0,"href":"https:\/\/congresomasculinidades3.umh.es\/en\/wp-json\/wp\/v2\/pages\/12791\/revisions"}],"wp:attachment":[{"href":"https:\/\/congresomasculinidades3.umh.es\/en\/wp-json\/wp\/v2\/media?parent=12791"}],"curies":[{"name":"wp","href":"https:\/\/api.w.org\/{rel}","templated":true}]}}