{"id":12800,"date":"2024-10-22T14:55:30","date_gmt":"2024-10-22T12:55:30","guid":{"rendered":"https:\/\/congresomasculinidades3.umh.es\/?page_id=12800"},"modified":"2024-10-24T08:32:17","modified_gmt":"2024-10-24T06:32:17","slug":"english-our-desire","status":"publish","type":"page","link":"https:\/\/congresomasculinidades3.umh.es\/en\/english-our-desire\/","title":{"rendered":"OUR DESIRE"},"content":{"rendered":"<p>[et_pb_section fb_built=&#8221;1&#8243; _builder_version=&#8221;4.16&#8243; background_color=&#8221;#000000&#8243; custom_padding=&#8221;0px||0px|||&#8221; global_colors_info=&#8221;{}&#8221;][et_pb_row _builder_version=&#8221;4.16&#8243; global_colors_info=&#8221;{}&#8221;][et_pb_column type=&#8221;4_4&#8243; _builder_version=&#8221;4.16&#8243; global_colors_info=&#8221;{}&#8221;][et_pb_image src=&#8221;https:\/\/congresomasculinidades3.umh.es\/files\/2022\/03\/4CABECERA-cimascigual2.jpg&#8221; alt=&#8221;Segundo Congreso Internacional Sobre Masculinidades e Igualdad Educaci\u00f3n para la igualdad y Co(Educaci\u00f3n)&#8221; url=&#8221;https:\/\/congresomasculinidades2.umh.es\/&#8221; _builder_version=&#8221;4.16&#8243; global_colors_info=&#8221;{}&#8221;][\/et_pb_image][\/et_pb_column][\/et_pb_row][\/et_pb_section][et_pb_section fb_built=&#8221;1&#8243; fullwidth=&#8221;on&#8221; _builder_version=&#8221;4.16&#8243; global_colors_info=&#8221;{}&#8221;][et_pb_fullwidth_menu menu_id=&#8221;7135&#8243; fullwidth_menu=&#8221;off&#8221; active_link_color=&#8221;#E76996&#8243; _builder_version=&#8221;4.16&#8243; menu_font=&#8221;|700||on|||||&#8221; menu_text_color=&#8221;#FFFFFF&#8221; menu_font_size=&#8221;14pt&#8221; background_color=&#8221;#3A3B3D&#8221; text_orientation=&#8221;center&#8221; border_color_all=&#8221;#E02B20&#8243; global_colors_info=&#8221;{}&#8221; border_width_all__hover_enabled=&#8221;off|hover&#8221; menu_text_color__hover_enabled=&#8221;on|hover&#8221; menu_text_color__hover=&#8221;#E76996&#8243;][\/et_pb_fullwidth_menu][\/et_pb_section][et_pb_section fb_built=&#8221;1&#8243; admin_label=&#8221;section&#8221; _builder_version=&#8221;4.16&#8243; global_colors_info=&#8221;{}&#8221;][et_pb_row admin_label=&#8221;row&#8221; _builder_version=&#8221;4.16&#8243; background_size=&#8221;initial&#8221; background_position=&#8221;top_left&#8221; background_repeat=&#8221;repeat&#8221; global_colors_info=&#8221;{}&#8221;][et_pb_column type=&#8221;4_4&#8243; _builder_version=&#8221;4.16&#8243; custom_padding=&#8221;|||&#8221; global_colors_info=&#8221;{}&#8221; custom_padding__hover=&#8221;|||&#8221;][et_pb_text admin_label=&#8221;Text&#8221; _builder_version=&#8221;4.17.4&#8243; background_size=&#8221;initial&#8221; background_position=&#8221;top_left&#8221; background_repeat=&#8221;repeat&#8221; custom_margin=&#8221;||-2px|||&#8221; global_colors_info=&#8221;{}&#8221;]<\/p>\n<h1 style=\"text-align: center;\"><b>OUR DESIRE <\/b><\/h1>\n<p>[\/et_pb_text][et_pb_divider show_divider=&#8221;off&#8221; _builder_version=&#8221;4.16&#8243; global_colors_info=&#8221;{}&#8221;][\/et_pb_divider][et_pb_text admin_label=&#8221;Text&#8221; _builder_version=&#8221;4.17.4&#8243; background_size=&#8221;initial&#8221; background_position=&#8221;top_left&#8221; background_repeat=&#8221;repeat&#8221; custom_margin=&#8221;||-2px|||&#8221; global_colors_info=&#8221;{}&#8221;]<\/p>\n<p style=\"text-align: justify;\">With this <strong><em> III International Congress on Masculinities and Equality: Communication, Culture and Audiovisual Media (CIMASCIGUAL III), <\/em> <\/strong>we would like to invite the media, the audiovisual industry, the performing arts, universities, municipalities, associations (women&#8217;s, feminist and men&#8217;s associations for equality) and other entities to introduce a gender perspective and a feminist perspective and to focus on involving men in the struggle for equality, Universities, municipalities, associations (women&#8217;s, feminist and men&#8217;s associations for equality) and other entities to introduce the gender perspective and the feminist perspective and to focus on involving men in the struggle for equality between women and men and to present references of masculinities in favor of gender equality that allow us to transform the mandate of hegemonic, patriarchal, macho masculinity into other masculinities that are pro-egalitarian.<\/p>\n<p style=\"text-align: justify;\">Men must be involved in achieving real equality. the overcoming of an outdated model of traditional masculinity, and the transition to other possible and more equal ways of being a man in our society. Some recent events, both nationally and globally, have highlighted the urgent need to include men in the struggle for equality.<\/p>\n<p style=\"text-align: justify;\">The #Metoo movement has been a turning point in the identification, recognition and denunciation of the violence suffered by women in the audiovisual industry. This global phenomenon has marked an important break with impunity and the corresponding &#8220;law of silence&#8221;, phenomena that have unbrokenly supported the position of male figures of recognized prestige. Cases such as that of Harvey Weinstein opened the door for many women to overcome the fear and risks of exposing or denouncing such aggressions. However, this movement has not remained limited to the film industry, or even to the country where it was born (the United States), but has managed to break down territorial barriers and has promoted the denunciation and public reporting of violent behavior by men in different audiovisual industries, including the Spanish one.<\/p>\n<p style=\"text-align: justify;\">It is precisely at this time of manifest questioning of masculinity that it is undoubtedly more necessary and urgent to appeal to institutions that, by virtue of the scope of their work and their capacity to influence society, can and should play a key role in transforming the hegemonic model of man and masculinity towards other possible ways of being a man, more in line with the present times, times of feminist struggle.<\/p>\n<p style=\"text-align: justify;\">Therefore, among our goals are<\/p>\n<p>&nbsp;[\/et_pb_text][et_pb_text admin_label=&#8221;Text&#8221; _builder_version=&#8221;4.17.4&#8243; background_size=&#8221;initial&#8221; background_position=&#8221;top_left&#8221; background_repeat=&#8221;repeat&#8221; custom_margin=&#8221;||-3px|||&#8221; custom_padding=&#8221;|||50px||&#8221; global_colors_info=&#8221;{}&#8221;]<\/p>\n<ul>\n<li style=\"text-align: justify;\">To make visible the importance of the non-formal education (socialization) of the media and audiovisuals in the comprehension and understanding of the logics of masculine identity (traditional-hegemonic) and its processes of resistance and\/or change, in order to be able to evolve, from a scientific-social knowledge, towards other possible forms of masculinity, more in accordance with the gender equality of women and men and healthier and fairer with all and with all. <\/li>\n<li style=\"text-align: justify;\">Stimulating a rethinking of masculinity among professionals in the audiovisual and communication sectors.<\/li>\n<li style=\"text-align: justify;\">To promote the involvement of researchers in this new field of interdisciplinary study of audiovisuals and masculinities, based on the knowledge that will be given at the Congress of the reality of this sub-discipline of gender studies. <\/li>\n<li style=\"text-align: justify;\">Involve universities in this line of action research. <\/li>\n<li style=\"text-align: justify;\">Disseminate the work carried out in the media (radio, print, social networks, local television) to make it known and increase the social impact of the action.<\/li>\n<li style=\"text-align: justify;\">Increase the impact and participation of the Congress at the international level.<\/li>\n<\/ul>\n<p>[\/et_pb_text][et_pb_text admin_label=&#8221;Text&#8221; _builder_version=&#8221;4.17.4&#8243; text_font_size=&#8221;16px&#8221; background_size=&#8221;initial&#8221; background_position=&#8221;top_left&#8221; background_repeat=&#8221;repeat&#8221; global_colors_info=&#8221;{}&#8221;]<\/p>\n<p style=\"text-align: justify;\">On the other hand, the Congress aims to deepen the role of the university in this very specific, but at the same time urgent issue. A better knowledge of the logics of traditional-hegemonic masculinity is needed in order to appeal to its deconstruction and to propose, collectively and from scientific knowledge, valid, diverse and equal options for being a man in the 21st century, and the academy must play a central role in this process, focusing on men with a feminist perspective.<\/p>\n<p style=\"text-align: center;\"><span style=\"font-weight: 400;\">Dr. Anastasia T\u00e9llez Infantes<\/span><\/p>\n<p style=\"text-align: center;\"><span style=\"font-weight: 400;\">President of the Organizing Committee.<\/span><\/p>\n<p style=\"text-align: justify;\">\n<p>[\/et_pb_text][\/et_pb_column][\/et_pb_row][\/et_pb_section][et_pb_section fb_built=&#8221;1&#8243; disabled_on=&#8221;on|on|on&#8221; _builder_version=&#8221;4.17.4&#8243; _module_preset=&#8221;default&#8221; disabled=&#8221;on&#8221; global_colors_info=&#8221;{}&#8221;][et_pb_row _builder_version=&#8221;4.17.4&#8243; _module_preset=&#8221;default&#8221; global_colors_info=&#8221;{}&#8221;][et_pb_column type=&#8221;4_4&#8243; _builder_version=&#8221;4.17.4&#8243; _module_preset=&#8221;default&#8221; global_colors_info=&#8221;{}&#8221;][:en _i=&#8221;0&#8243; _address=&#8221;3.0.0.0&#8243; theme_builder_area=&#8221;post_content&#8221; \/][: _i=&#8221;1&#8243; _address=&#8221;3.0.0.1&#8243; theme_builder_area=&#8221;post_content&#8221; \/][\/et_pb_column][\/et_pb_row][\/et_pb_section]<\/p>\n","protected":false},"excerpt":{"rendered":"<p>OUR DESIRE With this III International Congress on Masculinities and Equality: Communication, Culture and Audiovisual Media (CIMASCIGUAL III), we would like to invite the media, the audiovisual industry, the performing arts, universities, municipalities, associations (women&#8217;s, feminist and men&#8217;s associations for equality) and other entities to introduce a gender perspective and a feminist perspective and to [&hellip;]<\/p>\n","protected":false},"author":3782,"featured_media":0,"parent":0,"menu_order":4,"comment_status":"closed","ping_status":"closed","template":"","meta":{"_et_pb_use_builder":"on","_et_pb_old_content":"<p>[et_pb_section fb_built=\"1\" _builder_version=\"4.2.2\" background_color=\"#000000\" custom_padding=\"0px||0px|||\" global_module=\"5968\" global_colors_info=\"{}\"][et_pb_row _builder_version=\"4.16\" global_colors_info=\"{}\"][et_pb_column type=\"4_4\" _builder_version=\"4.16\" global_colors_info=\"{}\"][et_pb_image src=\"https:\/\/congresomasculinidades3.umh.es\/files\/2022\/03\/4CABECERA-cimascigual2.jpg\" alt=\"Segundo Congreso Internacional Sobre Masculinidades e Igualdad Educaci\u00f3n para la igualdad y Co(Educaci\u00f3n)\" url=\"https:\/\/congresomasculinidades2.umh.es\/\" _builder_version=\"4.16\" global_colors_info=\"{}\"][\/et_pb_image][\/et_pb_column][\/et_pb_row][\/et_pb_section][et_pb_section fb_built=\"1\" fullwidth=\"on\" _builder_version=\"4.16\" global_colors_info=\"{}\"][et_pb_fullwidth_menu menu_id=\"7135\" fullwidth_menu=\"off\" active_link_color=\"#E76996\" _builder_version=\"4.16\" menu_font=\"|700||on|||||\" menu_text_color=\"#FFFFFF\" menu_font_size=\"14pt\" background_color=\"#3A3B3D\" text_orientation=\"center\" border_color_all=\"#E02B20\" global_colors_info=\"{}\" border_width_all__hover_enabled=\"off|hover\" menu_text_color__hover_enabled=\"on|hover\" menu_text_color__hover=\"#E76996\"][\/et_pb_fullwidth_menu][\/et_pb_section][et_pb_section fb_built=\"1\" admin_label=\"section\" _builder_version=\"4.16\" global_colors_info=\"{}\"][et_pb_row admin_label=\"row\" _builder_version=\"4.16\" background_size=\"initial\" background_position=\"top_left\" background_repeat=\"repeat\" global_colors_info=\"{}\"][et_pb_column type=\"4_4\" _builder_version=\"4.16\" custom_padding=\"|||\" global_colors_info=\"{}\" custom_padding__hover=\"|||\"][et_pb_text admin_label=\"Text\" _builder_version=\"4.16\" background_size=\"initial\" background_position=\"top_left\" background_repeat=\"repeat\" custom_margin=\"||-2px|||\" hover_enabled=\"0\" global_colors_info=\"{}\" sticky_enabled=\"0\"]<\/p><h1 style=\"text-align: center;\"><b>NUESTRO DESEO<\/b><\/h1><p>[\/et_pb_text][et_pb_divider show_divider=\"off\" _builder_version=\"4.16\" global_colors_info=\"{}\"][\/et_pb_divider][et_pb_text admin_label=\"Text\" _builder_version=\"4.17.4\" background_size=\"initial\" background_position=\"top_left\" background_repeat=\"repeat\" custom_margin=\"||-2px|||\" hover_enabled=\"0\" global_colors_info=\"{}\" sticky_enabled=\"0\"]<\/p><p style=\"text-align: justify;\">Con este <strong><em>III Congreso Internacional sobre Masculinidades e Igualdad: Comunicaci\u00f3n, Cultura y Medios Audiovisuales<\/em> (CIMASCIGUAL III) <\/strong>nos gustar\u00eda interpelar a los medios de comunicaci\u00f3n, a las industrias audiovisuales, a las artes esc\u00e9nicas, a las universidades, ayuntamientos, asociaciones (de mujeres, feministas y de hombres por la igualdad) y otras entidades a introducir la perspectiva de g\u00e9nero y la mirada feminista y enfocarse en incorporar a los hombres a la lucha por la igualdad entre mujeres y hombres y a presentar referentes de masculinidades a favor de la igualdad de g\u00e9nero, que nos permitan transformar el mandato de la masculinidad hegem\u00f3nica, patriarcal, machista en otras masculinidades proigualitarias.<\/p><p style=\"text-align: justify;\">Los caminos hacia la igualdad real reclaman actual y necesariamente de la implicaci\u00f3n de los varones, de la superaci\u00f3n de un modelo de masculinidad tradicional obsoleta y la transici\u00f3n hacia otras formas posibles y m\u00e1s igualitarias de ser hombres en nuestra sociedad. Algunos de los \u00faltimos acontecimientos vividos tanto a nivel estatal como mundial, han puesto de manifiesto la necesidad urgente de la incorporaci\u00f3n de los varones a la lucha por la igualdad.<\/p><p style=\"text-align: justify;\">El movimiento del #Metoo ha supuesto un punto de inflexi\u00f3n en la identificaci\u00f3n, reconocimiento y denuncia de las violencias que sufren las mujeres en la industria audiovisual. Este fen\u00f3meno global ha significado una importante ruptura de la impunidad, y su correspondiente \u201cley del silencio\u201d, fen\u00f3menos que apuntalaban, sin fisuras, la posici\u00f3n de las figuras masculinas de reconocido prestigio. Casos como el de Harvey Weinstein abrieron la puerta a que diversas mujeres vencieran el miedo y los riesgos de revelar o denunciar agresiones de esta \u00edndole. Pero este movimiento no solo se ha quedado reducido a la industria del cine, ni siquiera al pa\u00eds que lo vio emerger (EE.UU.) si no que ha conseguido romper las barreras territoriales, impulsando la denuncia y se\u00f1alamiento p\u00fablico de las conductas violentas de los hombres en diferentes industrias audiovisuales, incluidas las espa\u00f1olas.<\/p><p style=\"text-align: justify;\">Es precisamente en este momento de cuestionamiento manifiesto de la masculinidad cuando se hace m\u00e1s necesario y urgente, sin duda, apelar a instituciones que, por su \u00e1mbito de trabajo y su capacidad de influencia en la sociedad, pueden y deben tener un papel clave en la transformaci\u00f3n del modelo hegem\u00f3nico de hombre y de masculinidad hacia otras formas posibles de ser hombre, m\u00e1s acordes con los tiempos actuales, tiempos de lucha feminista<\/p><p style=\"text-align: justify;\">Por ello, entre nuestros prop\u00f3sitos est\u00e1n:<\/p><p style=\"text-align: justify;\">[\/et_pb_text][et_pb_text admin_label=\"Text\" _builder_version=\"4.17.4\" background_size=\"initial\" background_position=\"top_left\" background_repeat=\"repeat\" custom_margin=\"||-3px|||\" custom_padding=\"|||50px||\" hover_enabled=\"0\" global_colors_info=\"{}\" sticky_enabled=\"0\"]<\/p><ul><li style=\"text-align: justify;\">Visibilizar la importancia de la educaci\u00f3n no formal (socializaci\u00f3n) de los medios de comunicaci\u00f3n y los audiovisuales en la comprensi\u00f3n y entendimiento de las l\u00f3gicas de la identidad masculina (tradicional-hegem\u00f3nica) y sus procesos de resistencia y\/o cambio, para poder, desde un conocimiento cient\u00edfico-social, evolucionar hacia otras formas posibles de masculinidad m\u00e1s acordes con la igualdad de g\u00e9nero de mujeres y hombres y m\u00e1s sanas y justas con todas y con todos.<\/li><li style=\"text-align: justify;\">Estimular el replanteamiento de la masculinidad entre profesionales del sector audiovisual y de comunicaci\u00f3n.<\/li><li style=\"text-align: justify;\">Favorecer la incorporaci\u00f3n de investigadores e investigadoras a este reciente campo de estudio interdisciplinar de lo audiovisual y las masculinidades a partir del conocimiento que se dar\u00e1 en el congreso de la realidad de esta subdisciplina de los estudios de g\u00e9nero.<\/li><li style=\"text-align: justify;\">Implicaci\u00f3n de las universidades en esta l\u00ednea de investigaci\u00f3n-acci\u00f3n.<\/li><li style=\"text-align: justify;\">Difundir en los medios de comunicaci\u00f3n (radio, presa escrita, redes sociales, televisi\u00f3n local) el trabajo realizado para darlo a conocer y aumentar el impacto social de la acci\u00f3n.<\/li><li style=\"text-align: justify;\">Aumentar el impacto y la participaci\u00f3n en el congreso a nivel internacional.<\/li><\/ul><p>[\/et_pb_text][et_pb_text admin_label=\"Text\" _builder_version=\"4.17.4\" text_font_size=\"16px\" background_size=\"initial\" background_position=\"top_left\" background_repeat=\"repeat\" global_colors_info=\"{}\"]<\/p><p style=\"text-align: justify;\">Por otra parte, el congreso pretende profundizar en el papel de la universidad en este tema tan concreto, pero a la vez tan urgente. Se necesita de un mejor conocimiento de las l\u00f3gicas de la masculinidad tradicional-hegem\u00f3nica para apelar a su deconstrucci\u00f3n y proponer colectivamente y desde el conocimiento cient\u00edfico, opciones v\u00e1lidas, diversas e igualitarias, para ser hombre en el siglo XXI, y la academia debe jugar un papel central en este proceso enfocado en los hombres con mirada feminista.<\/p><p style=\"text-align: center;\"><span style=\"font-weight: 400;\">Dra. Anastasia T\u00e9llez Infantes<\/span><\/p><p style=\"text-align: center;\"><span style=\"font-weight: 400;\">Presidenta del comit\u00e9 organizador.<\/span><\/p><p style=\"text-align: justify;\">[\/et_pb_text][\/et_pb_column][\/et_pb_row][\/et_pb_section]<\/p>","_et_gb_content_width":"","_links_to":"","_links_to_target":""},"_links":{"self":[{"href":"https:\/\/congresomasculinidades3.umh.es\/en\/wp-json\/wp\/v2\/pages\/12800"}],"collection":[{"href":"https:\/\/congresomasculinidades3.umh.es\/en\/wp-json\/wp\/v2\/pages"}],"about":[{"href":"https:\/\/congresomasculinidades3.umh.es\/en\/wp-json\/wp\/v2\/types\/page"}],"author":[{"embeddable":true,"href":"https:\/\/congresomasculinidades3.umh.es\/en\/wp-json\/wp\/v2\/users\/3782"}],"replies":[{"embeddable":true,"href":"https:\/\/congresomasculinidades3.umh.es\/en\/wp-json\/wp\/v2\/comments?post=12800"}],"version-history":[{"count":0,"href":"https:\/\/congresomasculinidades3.umh.es\/en\/wp-json\/wp\/v2\/pages\/12800\/revisions"}],"wp:attachment":[{"href":"https:\/\/congresomasculinidades3.umh.es\/en\/wp-json\/wp\/v2\/media?parent=12800"}],"curies":[{"name":"wp","href":"https:\/\/api.w.org\/{rel}","templated":true}]}}