{"id":12812,"date":"2024-10-23T09:37:59","date_gmt":"2024-10-23T07:37:59","guid":{"rendered":"https:\/\/congresomasculinidades3.umh.es\/?page_id=12812"},"modified":"2025-01-15T10:57:56","modified_gmt":"2025-01-15T09:57:56","slug":"english-program","status":"publish","type":"page","link":"https:\/\/congresomasculinidades3.umh.es\/en\/english-program\/","title":{"rendered":"PROGRAM"},"content":{"rendered":"<p>[et_pb_section fb_built=&#8221;1&#8243; _builder_version=&#8221;4.17.4&#8243; background_color=&#8221;#000000&#8243; custom_padding=&#8221;0px||0px|||&#8221; global_colors_info=&#8221;{}&#8221;][et_pb_row _builder_version=&#8221;4.16&#8243; global_colors_info=&#8221;{}&#8221;][et_pb_column type=&#8221;4_4&#8243; _builder_version=&#8221;4.16&#8243; global_colors_info=&#8221;{}&#8221;][et_pb_image src=&#8221;https:\/\/congresomasculinidades3.umh.es\/files\/2024\/09\/CABECERA-WEB-CIMASCIGUAL3.jpg&#8221; alt=&#8221;Segundo Congreso Internacional Sobre Masculinidades e Igualdad Educaci\u00f3n para la igualdad y Co(Educaci\u00f3n)&#8221; title_text=&#8221;CABECERA WEB CIMASCIGUAL3&#8243; url=&#8221;https:\/\/congresomasculinidades3.umh.es\/&#8221; _builder_version=&#8221;4.17.4&#8243; global_colors_info=&#8221;{}&#8221;][\/et_pb_image][\/et_pb_column][\/et_pb_row][\/et_pb_section][et_pb_section fb_built=&#8221;1&#8243; fullwidth=&#8221;on&#8221; _builder_version=&#8221;4.16&#8243; global_colors_info=&#8221;{}&#8221;][et_pb_fullwidth_menu menu_id=&#8221;7135&#8243; fullwidth_menu=&#8221;off&#8221; active_link_color=&#8221;#E76996&#8243; _builder_version=&#8221;4.16&#8243; menu_font=&#8221;|700||on|||||&#8221; menu_text_color=&#8221;#FFFFFF&#8221; menu_font_size=&#8221;14pt&#8221; background_color=&#8221;#3A3B3D&#8221; text_orientation=&#8221;center&#8221; border_color_all=&#8221;#E02B20&#8243; global_colors_info=&#8221;{}&#8221; border_width_all__hover_enabled=&#8221;off|hover&#8221; menu_text_color__hover_enabled=&#8221;on|hover&#8221; menu_text_color__hover=&#8221;#E76996&#8243;][\/et_pb_fullwidth_menu][\/et_pb_section][et_pb_section fb_built=&#8221;1&#8243; _builder_version=&#8221;4.16&#8243; global_colors_info=&#8221;{}&#8221;][et_pb_row _builder_version=&#8221;4.16&#8243; global_colors_info=&#8221;{}&#8221;][et_pb_column type=&#8221;4_4&#8243; _builder_version=&#8221;4.16&#8243; global_colors_info=&#8221;{}&#8221;][et_pb_text _builder_version=&#8221;4.17.4&#8243; text_font=&#8221;||||||||&#8221; header_text_color=&#8221;#000000&#8243; header_2_font=&#8221;|700|||||||&#8221; header_2_text_color=&#8221;#324C20&#8243; header_2_font_size=&#8221;33px&#8221; custom_padding=&#8221;||0px|||&#8221; hover_enabled=&#8221;0&#8243; global_colors_info=&#8221;{}&#8221; sticky_enabled=&#8221;0&#8243;]<\/p>\n<h1 style=\"text-align: center\"><span style=\"color: #333333\"><b>PROGRAM<\/b><\/span><\/h1>\n<p>&nbsp;<\/p>\n<p>&nbsp;<\/p>\n<h2 style=\"text-align: center\"><span style=\"color: #333333\"><b>III INTERNATIONAL CONGRESS ON MASCULINITY AND EQUALITY: COMMUNICATION, CULTURE AND AUDIOVISUAL MEDIA.<\/b><\/span><\/h2>\n<p>&nbsp;<\/p>\n<h2 style=\"text-align: center\"><span style=\"color: #333333\"><b>(CIMASCIGUAL III)<\/b><\/span><\/h2>\n<p>&nbsp;<\/p>\n<h3 style=\"text-align: center\"><strong><span style=\"color: #333333\">Dates:<\/span> <\/strong><\/h3>\n<h3 style=\"text-align: center\"><strong><span style=\"color: #800080\">Thursday, April 3, Friday, April 4 and Saturday, April 5, 2025.<\/span><\/strong><\/h3>\n<h3><\/h3>\n<p>&lt;!&#8211; <\/p>\n<h3 style=\"text-align: center\"><strong><span style=\"color: #333333\">LLOC:<\/span><\/strong><\/h3>\n<p> &#8211;&gt;<\/p>\n<h3 style=\"text-align: center\"><strong><span style=\"color: #800080\">Venue: Altabix Building (Elche Campus) UMH<\/span><\/strong><\/h3>\n<p>&lt;!&#8211; <\/p>\n<h3 style=\"text-align: center\"><strong><span style=\"color: #800080\">Sessions plen\u00e0ries: Aula Magna<\/span><\/strong><\/h3>\n<p> &#8211;&gt;<br \/>\n&lt;!&#8211; <\/p>\n<h3 style=\"text-align: center\"><strong><span style=\"color: #800080\">Sessions simult\u00e0nies: 4 aules per determinar.<\/span><\/strong><\/h3>\n<h3 style=\"text-align: center\"><strong><span style=\"color: #333333\">Organitza: <\/span><\/strong><\/h3>\n<h3 style=\"text-align: center\"><strong><span style=\"color: #800080\">Observatori de les Masculinitats. ECULGE.<\/span><\/strong><\/h3>\n<h3 style=\"text-align: center\"><strong><span style=\"color: #800080\">Universitat Miguel Hern\u00e1ndez d&#8217;Elx.<\/span><\/strong><\/h3>\n<p> &#8211;&gt;<br \/>\n&nbsp; <\/p>\n<h3 style=\"text-align: center\"><strong><span style=\"color: #333333\">PROGRAM<\/span><\/strong><\/h3>\n<p>[\/et_pb_text][et_pb_divider show_divider=&#8221;off&#8221; _builder_version=&#8221;4.16&#8243; hover_enabled=&#8221;0&#8243; global_colors_info=&#8221;{}&#8221; sticky_enabled=&#8221;0&#8243;][\/et_pb_divider][et_pb_text _builder_version=&#8221;4.17.4&#8243; hover_enabled=&#8221;0&#8243; inline_fonts=&#8221;Abel&#8221; global_colors_info=&#8221;{}&#8221; sticky_enabled=&#8221;0&#8243;]<\/p>\n<h2 style=\"text-align: left\"><span style=\"font-size: x-large;color: #ff99cc\">THURSDAY<strong> , APRIL 3, 2025. <\/strong><\/span><\/h2>\n<p style=\"text-align: left\"><span style=\"color: #800080\"><strong>TOMORROW:<\/strong><\/span><\/p>\n<p>&lt;!&#8211;<\/p>\n<p style=\"text-align: center\"><span style=\"color: #800080\"><strong>Aula Magna<\/strong><\/span><\/p>\n<p>&#8211;&gt;<br \/>9:00-9:30h a.m. <strong>MATERIAL GETTINGS AND ACCREDITATIONS<\/strong><\/p>\n<p>9:30- 9:45h<strong> OPENING ACTIVITY<\/strong><\/p>\n<ul>\n<li>Mrs. Cristina Hern\u00e1ndez Mart\u00edn. Director of the Women&#8217;s Institute (to be confirmed)<\/li>\n<li>Dr. Anastasia T\u00e9llez Infantes. Director of the Masculinities Observatory. Miguel Hern\u00e1ndez University of Elche.<\/li>\n<\/ul>\n<p>9:45-10:30h a.m.<strong>RTVE EQUALITY OBSERVATORY (ACTIVITY TO BE CONFIRMED).<\/strong><\/p>\n<p style=\"padding-left: 40px\"><strong><u>Presented and moderated by <\/u> <\/strong>Dr. Alicia de Lara Gonz\u00e1lez. Miguel Hern\u00e1ndez University of Elche.<\/p>\n<p>10:30-11:30h <strong>CONFERENCE 1: <\/strong><strong><em>\u201cMEN WATCHED BY WOMEN: FILM AS A MIRROR OF OTHER MASCULINITIES\u201d.<\/em><\/strong><\/p>\n<p style=\"padding-left: 40px\"><strong><u>Lecturer:<\/u><\/strong> Dr. Octavio Salazar Ben\u00edtez. University of C\u00f3rdoba.<\/p>\n<p style=\"padding-left: 40px\"><strong><u>Presented and moderated by:<\/u><\/strong> Dr. Miguel Lorente Acosta. University of Granada.<\/p>\n<p>11:30-12:00h <strong>COFFEE BREAK<\/strong><\/p>\n<p>12:00-13:00h <strong>CONFERENCE 2: <\/strong><strong><em>\u201c<\/em>MALE CHARACTERS IN PEDRO ALMOD\u00d3VAR&#8217;S FILMS: PROTOTYPES, STEREOTYPES, GENRES AND EVOLUTION<em>&#8220;.<\/em><\/strong><\/p>\n<p style=\"padding-left: 40px\"><strong><u>Lecturer: <\/u><\/strong>Dr. Valeriano Dur\u00e1n Manso. University of Seville.<\/p>\n<p style=\"padding-left: 40px\"><strong><u>Presented and moderated by:<\/u><\/strong>\u00a0 Dr. Joan Sanf\u00e9lix Albelda. University of Castell\u00f3.<\/p>\n<p>13:00-14:00h <strong>ROUND TABLE: OBSERVATION OF MASCULINITIES, ACTIVITIES AND AUDIOVISUAL PROPOSALS <\/strong><\/p>\n<p style=\"padding-left: 40px\"><strong><u>Speakers:<\/u><\/strong><\/p>\n<ul>\n<li style=\"list-style-type: none\">\n<ul>\n<li>Dr. Anastasia T\u00e9llez Infantes. Director of the Masculinities Observatory. Miguel Hern\u00e1ndez University of Elche.<\/li>\n<li>Dr. Fernando Herranz Vel\u00e1zquez. Masculinities Observatory Miguel Hern\u00e1ndez University of Elche.<\/li>\n<li>Mrs. Amparo Calabuig Puig. Masculinities Observatory Miguel Hern\u00e1ndez University of Elche.<\/li>\n<\/ul>\n<\/li>\n<\/ul>\n<p>&lt;!&#8211;<\/p>\n<h2 style=\"text-align: left\"><span style=\"color: #ff99cc;font-size: x-large\"><strong>AFTERNOON:<\/strong><\/span><\/h2>\n<p>&#8211;&gt;<br \/>&lt;!&#8211; <strong><span style=\"color: #800080\">Aula Magna<\/span><\/strong> &#8211;&gt;<br \/><strong><span style=\"color: #800080\">VESPRADA:<\/span><\/strong><\/p>\n<p style=\"text-align: justify\">16:00-17:00h<strong> CONFERENCE 3:<em>\u201cTHE LION ROARS: MEN, BODIES AND POLITICS\u201d<\/em><\/strong><\/p>\n<p style=\"padding-left: 40px\"><strong><u>Lecturer:<\/u><\/strong> Dr. Bego\u00f1a Enguix Grau. Anthropology. Open University of Catalonia.<\/p>\n<p style=\"padding-left: 40px\"><strong><u>Presented and moderated by:<\/u><\/strong> Mr. Joaquim Montaner. Masculinities Observatory (UMH). Social Initiative Foundation.<\/p>\n<p>17:00-18:00h <strong>CONFERENCE 4 \u201c<em>THE AUDIOVISUAL REDEFINITION OF THE MALE SUBJECT: EQUALITARIAN TRANSFORMATION OR PATRIARCHAL RESISTANCE?&#8221;<\/em>\u201d<\/strong><\/p>\n<p style=\"padding-left: 40px\"><strong><u>Lecturer:<\/u><\/strong> Dr. Iv\u00e1n Sambade Baquer\u00edn. University of Valladolid.<\/p>\n<p style=\"padding-left: 40px\"><strong><u>Presented and moderated by:<\/u><\/strong> Dr. Jos\u00e9 Antonio Cavero Rubio. Miguel Hern\u00e1ndez University of Elche<\/p>\n<p>18:00-18:30h <strong>COFFEE BREAK<\/strong><\/p>\n<p>18:30-20:30h <strong>SIMULTANEOUS SCIENTIFIC SESSIONS<\/strong><\/p>\n<ul>\n<li><a href=\"https:\/\/congresomasculinidades3.umh.es\/en\/english-scientific-sessions\/\" target=\"_blank\" rel=\"noopener\"><strong><span style=\"color: #800080\">SCIENTIFIC SESSION 1<\/span>.<\/strong> <strong><em>LEARNING AND TRANSMISSION OF PATRIARCHAL, HEGEMONIC, TRADITIONAL MASCULINITY THROUGH AUDIOVISUAL AND COMMUNICATION MEDIA.<\/em><\/strong><\/a><\/li>\n<\/ul>\n<p style=\"padding-left: 40px\"><strong>Venue: Classroom 0.5 in the Altabix Building (Elche Campus) UMH.<\/strong><\/p>\n<p style=\"padding-left: 40px\"><strong>Coordinated by:<\/strong>Dr. Roc\u00edo Cifuentes Albeza (Miguel Hern\u00e1ndez University of Elche), Dr. Alejandra Hern\u00e1ndez Ruiz (University of Alicante).<\/p>\n<ul>\n<li><a href=\"https:\/\/congresomasculinidades3.umh.es\/en\/english-scientific-sessions\/\" target=\"_blank\" rel=\"noopener\"><strong><span style=\"color: #800080\">SCIENTIFIC SESSION 2<\/span>. <\/strong><strong><em>APPROACHES TO MASCULINITY IN THE AUDIOVISUAL MEDIA: REPRODUCTION VERSUS PREVENTION OF VIOLENCE. EXAMPLES AND GOOD PRACTICES. SEXUALITY.<\/em><\/strong><\/a><\/li>\n<\/ul>\n<p style=\"padding-left: 40px\"><strong>Venue: Classroom 0.6 in the Altabix Building (Elche Campus) UMH.<\/strong><\/p>\n<p style=\"padding-left: 40px\"><strong>Coordinators: <\/strong>Dr. Coral Herrera G\u00f3mez (Writer and Gender Equality Expert), Dr. Laura Pav\u00f3n Ben\u00edtez (University of Granada).<\/p>\n<ul>\n<li><a href=\"https:\/\/congresomasculinidades3.umh.es\/en\/english-scientific-sessions\/\" target=\"_blank\" rel=\"noopener\"><strong><span style=\"color: #800080\">SCIENTIFIC SESSION 3<\/span>. <\/strong><strong><em>AUDIOVISUAL REPRESENTATIONS OF MEN AND MASCULINITIES FROM AN INTERSECTIONAL AND INCLUSIVE PERSPECTIVE.<\/em><\/strong><\/a><\/li>\n<\/ul>\n<p style=\"padding-left: 40px\"><strong>Venue: Classroom 0.7 in the Altabix Building (Elche Campus) UMH.<\/strong><\/p>\n<p style=\"padding-left: 40px\"><strong>Coordinators: <\/strong>Mr. Augusto Almoguera Fern\u00e1ndez (Universidad Complutense de Madrid), Dr. Jos\u00e9 Luis Anta F\u00e9lez (Universidad de Ja\u00e9n), Dr. Jos\u00e9 Luis Anta F\u00e9lez (Universidad de Ja\u00e9n).<\/p>\n<ul>\n<li><a href=\"https:\/\/congresomasculinidades3.umh.es\/en\/english-scientific-sessions\/\" target=\"_blank\" rel=\"noopener\"><span style=\"color: #800080\"><strong>SCIENTIFIC SESSION 4. <\/strong><\/span><strong><em>MEN AND CARE IN AUDIOVISUALS.<\/em><\/strong><\/a><\/li>\n<\/ul>\n<p style=\"padding-left: 40px\"><strong>Venue: Classroom 0.8 in the Altabix Building (Elche Campus) UMH. <\/strong><\/p>\n<p style=\"padding-left: 40px\"><strong>Coordinators:<\/strong>Dr. Elena Hern\u00e1ndez Corrochano (UNED Madrid), Mr. Miguel G. L\u00e1zaro (Beta Masculinidades).<\/p>\n<p>[\/et_pb_text][et_pb_text _builder_version=&#8221;4.17.4&#8243; hover_enabled=&#8221;0&#8243; inline_fonts=&#8221;Abel&#8221; global_colors_info=&#8221;{}&#8221; sticky_enabled=&#8221;0&#8243;]<\/p>\n<h2 style=\"text-align: left\"><span style=\"font-size: x-large;color: #ff99cc\"><strong>FRIDAY, APRIL 4, 2025 <\/strong><\/span><\/h2>\n<p style=\"text-align: left\"><span style=\"color: #800080\"><strong>TOMORROW:<\/strong><\/span><\/p>\n<p>&lt;!&#8211;<\/p>\n<p style=\"text-align: left\"><span style=\"color: #800080\"><strong>Aula Magna<\/strong><\/span><\/p>\n<p>&#8211;&gt;<br \/>9:30-10:30 <strong>CONFERENCE 5 <em>\u201cMASCULINITIES ONLINE: ANALYSIS OF NARRATIVES AND DIGITAL SPACES\u201d<\/em><\/strong><\/p>\n<p style=\"padding-left: 40px\"><strong><u>Lecturer:<\/u><\/strong> Dr. Jorge Garc\u00eda Mar\u00edn. Sociology. University of Santiago de Compostela.<\/p>\n<p style=\"padding-left: 40px\"><strong><u>Presented and moderated by: <\/u><\/strong> Mr. L\u00e1zaro G. Mar\u00edn Navarro-Soto. Director of the Communication Service. Miguel Hern\u00e1ndez University of Elche.<\/p>\n<p>10:30-11:30h <strong>CONFERENCE 6<em>\u201cPENDING\u201d.<\/em><\/strong><\/p>\n<p style=\"padding-left: 40px\"><strong>\u00a0<\/strong><strong><u>Lecturer:<\/u><\/strong> Mrs. Yolanda Dom\u00ednguez. Visual Artist, Consultant and Trainer in Equal Communication (to be confirmed).<\/p>\n<p style=\"padding-left: 40px\"><strong><u>Presented and moderated by:<\/u><\/strong>Mrs. Maje Amor\u00f3s S\u00e1ez. Director of local television. Cableworld.<\/p>\n<p>11:30-12:00h <strong>COFFEE BREAK<\/strong><\/p>\n<p>12:00-13:00h <strong>CONFERENCE 7 <em>\u201cMASCULINITY, LEADERSHIP AND POLITICAL POWER: IMAGES, BODIES AND PERFORMATIVE MEANINGS\u201d<\/em> <\/strong><\/p>\n<p style=\"padding-left: 40px\"><strong><u>Lecturer:<\/u><\/strong> Dr. Javier Eloy Mart\u00ednez Guirao. University of Murcia.<\/p>\n<p style=\"padding-left: 40px\"><strong><u>Presented and moderated by:<\/u><\/strong> Mrs. Amparo Calabuig Puig. Masculinities Observatory, Miguel Hern\u00e1ndez University of Elche.<\/p>\n<p>13:00-14:00h <strong>CONFERENCE 8 :<\/strong><strong><em>&#8220;THE WORK OF PENELOPE: UNRAVELING HEGEMONIC MASCULINITY EVERY DAY&#8221;<\/em><\/strong><\/p>\n<p style=\"padding-left: 40px\"><strong><u>Lecturer:<\/u><\/strong> Mrs. Laura Vi\u00f1uela Su\u00e1rez. Espora Gender Consulting (tbc).<\/p>\n<p style=\"padding-left: 40px\"><strong><u>Presented and moderated by:<\/u><\/strong> Dr. Fernando Herranz Vel\u00e1zquez. Masculinities Observatory, Miguel Hern\u00e1ndez University of Elche.<\/p>\n<p>&lt;!&#8211;<\/p>\n<h2><span style=\"font-size: x-large;color: #ff99cc\"><strong>DIVENDRES 4 ABRIL 2025. <\/strong><\/span><span style=\"font-size: x-large;color: #ff99cc\"><span style=\"font-size: 24px;font-weight: bold\"><\/span><\/span><\/h2>\n<p>&#8211;&gt;<br \/><span style=\"color: #800080\"><strong>AFTERNOON:<\/strong><\/span><br \/><span style=\"color: #800080\"><strong>Aula Magna<\/strong><\/span><\/p>\n<p>16:00-17:00h <strong>CONFERENCE 9: <\/strong> <strong><em>\u201cWHO IS THE TOUGH GUY? MALE STEREOTYPES IN THE SPOTLIGHT\u201d<\/em><\/strong><\/p>\n<p style=\"padding-left: 40px\"><strong><u>Lecturer: <\/u><\/strong> Dr. Carlos Ramos Lahiguera. Miguel Hern\u00e1ndez University of Elche.<\/p>\n<p style=\"padding-left: 40px\"><strong><u>Presented and moderated by: <\/u><\/strong> Dr. Fina Ant\u00f3n Hurtado. University of Murcia.<\/p>\n<p>17:00-18:00h <strong>CONFERENCE 10 <em>\u201cPENDING\u201d<\/em><\/strong><\/p>\n<p style=\"padding-left: 40px\"><strong><u>Lecturer: <\/u><\/strong> Dr. Mauricio Zabalgoitia Herrera. UNAM (Mexico).<\/p>\n<p style=\"padding-left: 40px\"><strong><u>Presented and moderated by:<\/u><\/strong> Dr. Jorge Cascales Ribera. University of Valencia.<\/p>\n<p>18:00-18:30h <strong>COFFEE BREAK<\/strong><\/p>\n<p>18:30-20:30h<strong> SIMULTANEOUS SCIENTIFIC SESSIONS<\/strong><\/p>\n<ul>\n<li><a href=\"https:\/\/congresomasculinidades3.umh.es\/en\/english-scientific-sessions\/\" target=\"_blank\" rel=\"noopener\"><span style=\"color: #800080\"><strong>SCIENTIFIC SESSION 5.<\/strong><\/span> <strong><em>AUDIOVISUAL CULTURAL REPRESENTATIONS OF MASCULINITY: THE PERFORMING ARTS, MUSIC INDUSTRY AND MASS MEDIA.<\/em><\/strong><\/a><\/li>\n<\/ul>\n<p style=\"padding-left: 40px\"><strong>Venue: Classroom 0.4 in the Altabix Building (Elche Campus) UMH.<\/strong><\/p>\n<p style=\"padding-left: 40px\"><strong>Coordinated by: <\/strong>Dr. M\u00aa Jes\u00fas Pena Castro (University of Salamanca), Dr. Bakea Alonso Fern\u00e1ndez de Avil\u00e9s (CEPAIM).<\/p>\n<ul>\n<li><a href=\"https:\/\/congresomasculinidades3.umh.es\/en\/english-scientific-sessions\/\" target=\"_blank\" rel=\"noopener\"><span style=\"color: #800080\"><strong>SCIENTIFIC SESSION 6.<\/strong><\/span> <strong><em>ACTIVISM, (CO-)EDUCATION AND EQUALITY: TRANSFORMING MASCULINITIES FROM THE AUDIOVISUAL AND CIVIL SOCIETY.<\/em><\/strong><\/a><\/li>\n<\/ul>\n<p style=\"padding-left: 40px\"><strong>Venue: Classroom 0.5 in the Altabix Building (Elche Campus) UMH. <\/strong><\/p>\n<p style=\"padding-left: 40px\"><strong>Coordinators: <\/strong>Dr. Asur Fuente Barrera (University of Valladolid), Mrs. Krizia Nardini (University of Alicante).<\/p>\n<ul>\n<li><a href=\"https:\/\/congresomasculinidades3.umh.es\/en\/english-scientific-sessions\/\" target=\"_blank\" rel=\"noopener\"><strong><span style=\"color: #800080\">SCIENTIFIC SESSION 7<\/span>. <\/strong><strong><em>MEN: SOCIAL VULNERABILITY, HEALTH AND MALE FAILURE AND THEIR REPRESENTATION IN AUDIOVISUAL MEDIA <\/em><\/strong><strong><em>\u00a0 <\/em><\/strong><\/a><\/li>\n<\/ul>\n<p style=\"padding-left: 40px\"><strong>Venue: Classroom 0.6 in the Altabix Building (Elche Campus) UMH.<\/strong><\/p>\n<p style=\"padding-left: 40px\"><strong>Coordinators: <\/strong>Dr. Aina Penyarroja Donet (Observatorio de las Masculinidades UMH), D. Alejandro Luz de Haro (Observatorio de las Masculinidades UMH).<\/p>\n<ul>\n<li><a href=\"https:\/\/congresomasculinidades3.umh.es\/en\/english-scientific-sessions\/\" target=\"_blank\" rel=\"noopener\"><strong><span style=\"color: #800080\">SCIENTIFIC SESSION 8: <\/span>\u00a0<\/strong><strong><em>REPRESENTATIONS OF EGALITARIAN MASCULINITIES AND POSITIVE REFERENCES TO EQUALITY IN THE MASS MEDIA: SPORT, LEISURE, BODY, ETC.<\/em><\/strong><\/a><\/li>\n<\/ul>\n<p style=\"padding-left: 40px\"><strong>Venue: Classroom 0.7 in the Altabix Building (Elche Campus) UMH. <\/strong><\/p>\n<p style=\"padding-left: 40px\"><strong>Coordinated by: <\/strong>Dr. Fulgencio S\u00e1nchez Vera (University of La Laguna), Dr. Marcos Jes\u00fas Iglesias Mart\u00ednez (University of Alicante).<\/p>\n<p>[\/et_pb_text][et_pb_divider show_divider=&#8221;off&#8221; _builder_version=&#8221;4.16&#8243; global_colors_info=&#8221;{}&#8221;][\/et_pb_divider][et_pb_text _builder_version=&#8221;4.17.4&#8243; custom_padding=&#8221;|||3px||&#8221; hover_enabled=&#8221;0&#8243; inline_fonts=&#8221;Abel&#8221; global_colors_info=&#8221;{}&#8221; sticky_enabled=&#8221;0&#8243;]<\/p>\n<h2 style=\"text-align: left\"><span style=\"font-size: x-large;color: #ff99cc\"><strong>SATURDAY, APRIL 5, 2025 <\/strong><\/span><\/h2>\n<h3 style=\"text-align: left\"><span style=\"font-size: large\"><strong><span style=\"color: #800080\">TOMORROW:\u00a0<\/span><\/strong><\/span><\/h3>\n<p>&lt;!&#8211;<\/p>\n<h3 style=\"text-align: left\"><span style=\"font-size: large\"><strong><span style=\"color: #800080\">Lugar de celebraci\u00f3n:\u00a0<\/span><\/strong><\/span><\/h3>\n<p>&#8211;&gt;<\/p>\n<p>9:00-10:45h a.m.<strong>AUDIOVISUAL 1<em>\u201cYOU WILL BE A MAN\u201d<\/em><\/strong><\/p>\n<p style=\"padding-left: 40px\"><strong><u>Lecturer: <\/u><\/strong>Mrs. Isabel de Ocampo. Director.<\/p>\n<p style=\"padding-left: 80px\">Documentary. 2018. 1h 34 min.<\/p>\n<p style=\"padding-left: 40px\"><strong><u>Presents and moderates: <\/u><\/strong>Dr. M\u00aa Jes\u00fas Navarro R\u00edos. Director of the Gender Studies Research Center, Miguel Hern\u00e1ndez University of Elche.<\/p>\n<p>10:45-11:15h <strong>COFFEE BREAK<\/strong><\/p>\n<p>11:15- 13:00h <strong>AUDIOVISUAL PROJECTION 2 <em>\u201cTHE CIRCLE\u201d<\/em><\/strong><\/p>\n<p style=\"padding-left: 40px\"><strong><u>Lecturer: <\/u><\/strong> Mr. Iv\u00e1n Roiz Pereda. Director.<\/p>\n<p style=\"padding-left: 80px\">Documentary. 2021. 1h 13min<\/p>\n<p style=\"padding-left: 40px\"><strong><u>Presents and moderates: <\/u><\/strong> Mrs. Rebeca de las Heras Ponce. Observatory of Masculinities. Miguel Hern\u00e1ndez University of Elche<\/p>\n<p>13:00-14:15 <strong>CLOSING CONFERENCE: &#8220;CYBERMOLDING FEMININE AND MASCULINE IDENTITIES: THE DIGITAL IMPACT ON ADOLESCENCE&#8221; <\/strong><\/p>\n<p style=\"padding-left: 40px\"><strong><u>Lecturer: <\/u><\/strong>Dr. Carmen Ruiz Repullo (University of Granada)<\/p>\n<p style=\"padding-left: 40px\"><strong><u>Presents and moderates:<\/u><\/strong> Dr. Anastasia T\u00e9llez Infantes. Director of the Masculinities Observatory. Miguel Hern\u00e1ndez University of Elche.<\/p>\n<p>14:15-14:30h <strong>INSTITUTIONAL CLOSURE \u00a0<\/strong><\/p>\n<p style=\"padding-left: 40px\">Dr. Anastasia T\u00e9llez Infantes. Director of the Masculinities Observatory, Miguel Hern\u00e1ndez University of Elche.<\/p>\n<p style=\"padding-left: 40px\">Dr. Rosario Carmona Paredes. Director of the Gender Unit. Miguel Hern\u00e1ndez University of Elche.<\/p>\n<p style=\"text-align: justify\">[\/et_pb_text][\/et_pb_column][\/et_pb_row][\/et_pb_section][et_pb_section fb_built=&#8221;1&#8243; disabled_on=&#8221;on|on|on&#8221; _builder_version=&#8221;4.16&#8243; disabled=&#8221;on&#8221; global_colors_info=&#8221;{}&#8221;][et_pb_row _builder_version=&#8221;4.17.4&#8243; _module_preset=&#8221;default&#8221; global_colors_info=&#8221;{}&#8221;][et_pb_column type=&#8221;4_4&#8243; _builder_version=&#8221;4.17.4&#8243; _module_preset=&#8221;default&#8221; global_colors_info=&#8221;{}&#8221;][:es _i=&#8221;0&#8243; _address=&#8221;3.0.0.0&#8243; \/][: _i=&#8221;1&#8243; _address=&#8221;3.0.0.1&#8243; \/][\/et_pb_column][\/et_pb_row][\/et_pb_section][et_pb_section fb_built=&#8221;1&#8243; disabled_on=&#8221;on|on|on&#8221; _builder_version=&#8221;4.16&#8243; disabled=&#8221;on&#8221; global_colors_info=&#8221;{}&#8221;][et_pb_row _builder_version=&#8221;4.16&#8243; global_colors_info=&#8221;{}&#8221;][et_pb_column type=&#8221;4_4&#8243; _builder_version=&#8221;4.16&#8243; global_colors_info=&#8221;{}&#8221;][:es _i=&#8221;0&#8243; _address=&#8221;4.0.0.0&#8243; \/][:ca _i=&#8221;1&#8243; _address=&#8221;4.0.0.1&#8243; \/][: _i=&#8221;2&#8243; _address=&#8221;4.0.0.2&#8243; \/][\/et_pb_column][\/et_pb_row][\/et_pb_section][et_pb_section fb_built=&#8221;1&#8243; disabled_on=&#8221;on|on|on&#8221; _builder_version=&#8221;4.17.4&#8243; _module_preset=&#8221;default&#8221; disabled=&#8221;on&#8221; global_colors_info=&#8221;{}&#8221;][et_pb_row _builder_version=&#8221;4.17.4&#8243; _module_preset=&#8221;default&#8221; global_colors_info=&#8221;{}&#8221;][et_pb_column type=&#8221;4_4&#8243; _builder_version=&#8221;4.17.4&#8243; _module_preset=&#8221;default&#8221; global_colors_info=&#8221;{}&#8221;][:en _i=&#8221;0&#8243; _address=&#8221;5.0.0.0&#8243; theme_builder_area=&#8221;post_content&#8221; \/][: _i=&#8221;1&#8243; _address=&#8221;5.0.0.1&#8243; theme_builder_area=&#8221;post_content&#8221; \/][\/et_pb_column][\/et_pb_row][\/et_pb_section]<\/p>\n","protected":false},"excerpt":{"rendered":"<p>PROGRAM &nbsp; &nbsp; III INTERNATIONAL CONGRESS ON MASCULINITY AND EQUALITY: COMMUNICATION, CULTURE AND AUDIOVISUAL MEDIA. &nbsp; (CIMASCIGUAL III) &nbsp; Dates: Thursday, April 3, Friday, April 4 and Saturday, April 5, 2025. &lt;!&#8211; LLOC: &#8211;&gt; Venue: Altabix Building (Elche Campus) UMH &lt;!&#8211; Sessions plen\u00e0ries: Aula Magna &#8211;&gt; &lt;!&#8211; Sessions simult\u00e0nies: 4 aules per determinar. Organitza: Observatori [&hellip;]<\/p>\n","protected":false},"author":3782,"featured_media":0,"parent":0,"menu_order":5,"comment_status":"closed","ping_status":"closed","template":"","meta":{"_et_pb_use_builder":"on","_et_pb_old_content":"<p>[et_pb_section fb_built=\"1\" _builder_version=\"4.17.4\" background_color=\"#000000\" custom_padding=\"0px||0px|||\" global_colors_info=\"{}\"][et_pb_row _builder_version=\"4.16\" global_colors_info=\"{}\"][et_pb_column type=\"4_4\" _builder_version=\"4.16\" global_colors_info=\"{}\"][et_pb_image src=\"https:\/\/congresomasculinidades3.umh.es\/files\/2024\/09\/CABECERA-WEB-CIMASCIGUAL3.jpg\" alt=\"Segundo Congreso Internacional Sobre Masculinidades e Igualdad Educaci\u00f3n para la igualdad y Co(Educaci\u00f3n)\" title_text=\"CABECERA WEB CIMASCIGUAL3\" url=\"https:\/\/congresomasculinidades3.umh.es\/\" _builder_version=\"4.17.4\" global_colors_info=\"{}\"][\/et_pb_image][\/et_pb_column][\/et_pb_row][\/et_pb_section][et_pb_section fb_built=\"1\" fullwidth=\"on\" _builder_version=\"4.16\" global_colors_info=\"{}\"][et_pb_fullwidth_menu menu_id=\"7135\" fullwidth_menu=\"off\" active_link_color=\"#E76996\" _builder_version=\"4.16\" menu_font=\"|700||on|||||\" menu_text_color=\"#FFFFFF\" menu_font_size=\"14pt\" background_color=\"#3A3B3D\" text_orientation=\"center\" border_color_all=\"#E02B20\" global_colors_info=\"{}\" border_width_all__hover_enabled=\"off|hover\" menu_text_color__hover_enabled=\"on|hover\" menu_text_color__hover=\"#E76996\"][\/et_pb_fullwidth_menu][\/et_pb_section][et_pb_section fb_built=\"1\" _builder_version=\"4.16\" global_colors_info=\"{}\"][et_pb_row _builder_version=\"4.16\" global_colors_info=\"{}\"][et_pb_column type=\"4_4\" _builder_version=\"4.16\" global_colors_info=\"{}\"][et_pb_text _builder_version=\"4.17.4\" text_font=\"||||||||\" header_text_color=\"#000000\" header_2_font=\"|700|||||||\" header_2_text_color=\"#324C20\" header_2_font_size=\"33px\" custom_padding=\"||0px|||\" hover_enabled=\"0\" global_colors_info=\"{}\" sticky_enabled=\"0\"]<\/p><h1 style=\"text-align: center;\"><span style=\"color: #333333;\"><b>PROGRAMA<\/b><\/span><\/h1><p>\u00a0<\/p><p>\u00a0<\/p><h2 style=\"text-align: center;\"><span style=\"color: #333333;\"><b>III CONGR\u00c9S INTERNACIONAL SOBRE MASCULINITATS I IGUALTAT: COMUNICACI\u00d3, CULTURA I MITJANS AUDIOVISUALS.<\/b><\/span><\/h2><p>\u00a0<\/p><h2 style=\"text-align: center;\"><span style=\"color: #333333;\"><b>(CIMASCIGUAL III)<\/b><\/span><\/h2><p>\u00a0<\/p><h3 style=\"text-align: center;\"><strong><span style=\"color: #333333;\">DATES:<\/span> <\/strong><\/h3><h3 style=\"text-align: center;\"><strong><span style=\"color: #800080;\">DIJOUS 3, DIVENDRES 4 I DISSABTE 5 D\u00b4ABRIL deL 2025<\/span><\/strong><\/h3><h3>\u00a0<\/h3><h3 style=\"text-align: center;\"><strong><span style=\"color: #333333;\">LLOC:<\/span><\/strong><\/h3><h3 style=\"text-align: center;\"><strong><span style=\"color: #800080;\">EDIFICI D\u00b4ALTABIX (CAMPUS D\u00b4ELX), UMH<\/span><\/strong><\/h3><h3 style=\"text-align: center;\"><strong><span style=\"color: #800080;\">Sessions plen\u00e0ries: Aula Magna<\/span><\/strong><\/h3><h3 style=\"text-align: center;\"><strong><span style=\"color: #800080;\">Sessions simult\u00e0nies: 4 aules per determinar.<\/span><\/strong><\/h3><h3 style=\"text-align: center;\"><strong><span style=\"color: #333333;\">Organitza: <\/span><\/strong><\/h3><h3 style=\"text-align: center;\"><strong><span style=\"color: #800080;\">Observatori de les Masculinitats. ECULGE.<\/span><\/strong><\/h3><h3 style=\"text-align: center;\"><strong><span style=\"color: #800080;\">Universitat Miguel Hern\u00e1ndez d'Elx.<\/span><\/strong><\/h3><p>\u00a0<br \/>\u00a0<br \/>\u00a0<\/p><h3 style=\"text-align: center;\"><strong><span style=\"color: #333333;\">PROGRAMA<\/span><\/strong><\/h3><p>[\/et_pb_text][et_pb_divider show_divider=\"off\" _builder_version=\"4.16\" global_colors_info=\"{}\"][\/et_pb_divider][et_pb_text _builder_version=\"4.17.4\" hover_enabled=\"0\" inline_fonts=\"Abel\" global_colors_info=\"{}\" sticky_enabled=\"0\"]<\/p><h2 style=\"text-align: left;\"><span style=\"font-size: x-large; color: #ff99cc;\">DIJOUS<strong> 3 ABRIL 2025. <\/strong><\/span><\/h2><p style=\"text-align: left;\"><span style=\"color: #800080;\"><strong>MAT\u00cd:<\/strong><\/span><\/p><p><!--\r\n\r\n\r\n<p style=\"text-align: center;\"><span style=\"color: #800080;\"><strong>Aula Magna<\/strong><\/span><\/p>\r\n\r\n\r\n--><br \/>9:00-9:30h <strong>RECOLLIDA MATERIALS I ACREDITACIONS<\/strong><\/p><p>9:30- 9:45h<strong> ACTE D\u2019INAUGURACI\u00d3<\/strong><br \/><!--\r\n\r\n\r\n<ul>\r\n\t\r\n\r\n<li>D\u00aa. Cristina Hern\u00e1ndez Mart\u00edn. Directora de l'Institut de les Dones<\/li>\r\n\r\n\r\n\t\r\n\r\n<li>Dra. Anastasia T\u00e9llez Infantes. Directora de l\u2019Observatori de les Masculinitats. Universitat Miguel Hern\u00e1ndez d\u2019Elx.<\/li>\r\n\r\n\r\n<\/ul>\r\n\r\n\r\n--><br \/>9:45-10:30h <strong>OBSERVATORI D\u2019IGUALTAT DE RTVE. (ACTIVITAT PENDENT DE CONFIRMAR).<\/strong><\/p><p style=\"padding-left: 40px;\"><strong><u>Presenta i modera: <\/u> <\/strong>Dra. Alicia de Lara Gonz\u00e1lez. Universitat Miguel Hern\u00e1ndez d\u2019Elx.<\/p><p>10:30-11:30h <strong>CONFER\u00c8NCIA 1: <\/strong><strong><em>\u201cHOMES MIRATS PER DONES: EL CINEMA COM A ESPILL D'ALTRES MASCULINITATS\u201d<\/em><\/strong><\/p><p style=\"padding-left: 40px;\"><strong><u>Conferenciant: <\/u><\/strong> Dr. Octavio Salazar Ben\u00edtez. Dret Constitucional. Universitat de C\u00f2rdova.<\/p><p style=\"padding-left: 40px;\"><strong><u>Presenta i modera: <\/u><\/strong> Dr. Miguel Lorente Acosta. Universitat de Granada.<\/p><p>11:30-12:00h <strong>PAUSA CAF\u00c9<\/strong><\/p><p>12:00-13:00h <strong>CONFER\u00c8NCIA 2: <\/strong><strong><em>\u201cNI A LA TERCERA NI A LA QUARTA EDAT. DESIGUALTATS EDADISTES I PROMASCULINITATS PATRIARCALS A S\u00c8RIES DE FICCI\u00d3 ESPANYOLES ACTUALS\u201d<\/em><\/strong><\/p><p style=\"padding-left: 40px;\"><strong><u>Conferenciant: <\/u><\/strong> Dra. Virginia Guarin\u00f3s Gal\u00e1n. Comunicaci\u00f3 Audiovisual. Universitat de Sevilla.<\/p><p style=\"padding-left: 40px;\"><strong><u>Presenta i modera: <\/u><\/strong>\u00a0 Dr. Joan Sanf\u00e9lix Albelda. Sociologia. Universitat de Castell\u00f3.<\/p><p>13:00-14:00h <strong>TAULA RODONA: OBSERVATORI DE LES MASCULINITATS, ACTIVITATS I PROPOSTES AUDIOVISUALS<\/strong><\/p><p style=\"padding-left: 40px;\"><strong><u>Ponents:<\/u><\/strong><\/p><ul><li style=\"list-style-type: none;\"><ul><li>Dra. Anastasia T\u00e9llez Infantes. Directora de l\u2019Observatori de les Masculinitats. Universitat Miguel Hern\u00e1ndez d\u2019Elx.<\/li><li>Dr. Fernando Herranz Vel\u00e1zquez. Observatori de les Masculinitats Universitat Miguel Hern\u00e1ndez d\u2019Elx.<\/li><li>D\u00aa. Amparo Calabuig Puig. Observatori de les Masculinitats Universitat Miguel Hern\u00e1ndez d\u2019Elx<\/li><\/ul><\/li><\/ul><p>\u00a0<br \/><!-- \r\n\r\n<h2 style=\"text-align: left;\"><span style=\"color: #ff99cc; font-size: x-large;\"><strong>VESPRADA:<\/strong><\/span><\/h2>\r\n\r\n --><br \/><!-- <strong><span style=\"color: #800080;\">Aula Magna<\/span><\/strong> --><br \/><strong><span style=\"color: #800080;\">VESPRADA:<\/span><\/strong><\/p><p style=\"text-align: justify;\">16:00-17:00h<strong> CONFER\u00c8NCIA 3: <em>\u201cRUGIX EL LLE\u00d3: HOMES, COSSOS I POL\u00cdTIQUES\u201d<\/em><\/strong><\/p><p style=\"padding-left: 40px;\"><strong><u>Conferenciant: <\/u><\/strong> Dra. Bego\u00f1a Enguix Grau. Antropologia. Estudis d\u2019Arts i Humanitats. Universitat Oberta de Catalunya.<\/p><p style=\"padding-left: 40px;\"><strong><u>Presenta i modera: <\/u><\/strong> D. Joaquim Montaner. Observatori de les Masculinitats (UMH). Fundaci\u00f3 Iniciativa Social.<\/p><p>17:00-18:00h <strong>CONFER\u00c8NCIA 4 \u201c<em>LA REDEFINICI\u00d3 AUDIOVISUAL DEL SUBJECTE MASCUL\u00cd: TRANSFORMACI\u00d3 IGUALIT\u00c0RIA O RESIST\u00c8NCIA PATRIARCAL?<\/em>\u201d<\/strong><\/p><p style=\"padding-left: 40px;\"><strong><u>Conferenciant: <\/u><\/strong> Dr. Iv\u00e1n Sambade Baquer\u00edn. Filosofia. Universitat de Valladolid.<\/p><p style=\"padding-left: 40px;\"><strong><u>Presenta i modera: <\/u><\/strong> Dr. Jos\u00e9 Antonio Cavero Rubio. Universitat Miguel Hern\u00e1ndez d\u2019Elx.<\/p><p>18:00-18:30h <strong>PAUSA CAF\u00c9<\/strong><\/p><p>18:30-20:30h <strong>SESSIONS CIENT\u00cdFIQUES SIMULT\u00c0NIES<\/strong><\/p><ul><li><a href=\"https:\/\/congresomasculinidades3.umh.es\/sesiones-cientificas\/\" target=\"_blank\" rel=\"noopener\"><strong><span style=\"color: #800080;\">SESSI\u00d3 CIENT\u00cdFICA 1<\/span>.<\/strong> <strong><em>EL APRENDIZAJE I LA TRANSMISI\u00d3N DE LA MASCULINIDAD PATRIARCAL, HEGEM\u00d3NICA, TRADICIONAL A TRAV\u00c9S DE LOS MEDIOS AUDIOVISUALES I DE COMUNICACI\u00d3N.<\/em><\/strong><\/a><\/li><\/ul><p style=\"padding-left: 40px;\"><strong>Lloc: Aula per determinar a l\u2019edifici Altabix (Campus d\u2019Elx) UMH.<\/strong><\/p><p style=\"padding-left: 40px;\"><strong>Coordinen: <\/strong>Dra. Roc\u00edo Cifuentes Albeza (Universitat Miguel Hern\u00e1ndez d\u2019Elx), Dra. Alejandra Hern\u00e1ndez Ruiz (Universitat d\u2019Alacant)<\/p><ul><li><a href=\"https:\/\/congresomasculinidades3.umh.es\/sesiones-cientificas\/\" target=\"_blank\" rel=\"noopener\"><strong><span style=\"color: #800080;\">SESSI\u00d3 CIENT\u00cdFICA 2<\/span>. <\/strong><strong><em>ABORDATGE DE LA MASCULINITAT ALS MITJANS AUDIOVISUALS: REPRODUCCI\u00d3 VERSUS PREVENCI\u00d3 DE LES VIOL\u00c8NCIES. EXEMPLES I BONES PR\u00c0CTIQUES. SEXUALITAT.<\/em><\/strong><\/a><\/li><\/ul><p style=\"padding-left: 40px;\"><strong>Lloc: Aula per determinar a l\u2019edifici Altabix (Campus d\u2019Elx) UMH.<\/strong><\/p><p style=\"padding-left: 40px;\"><strong>Coordinen: <\/strong>Dra. Coral Herrera G\u00f3mez (Col\u00b7laboradora de l'Observatori de les Masculinitats), Dra. Laura Pav\u00f3n Ben\u00edtez (Universitat de Granada).<\/p><ul><li><a href=\"https:\/\/congresomasculinidades3.umh.es\/sesiones-cientificas\/\" target=\"_blank\" rel=\"noopener\"><strong><span style=\"color: #800080;\">SESSI\u00d3 CIENT\u00cdFICA 3<\/span>. <\/strong><strong><em>REPRESENTACIONS AUDIOVISUALS D'HOMES I MASCULINITATS DES D'UNA MIRADA INTERSECCIONAL I INCLUSIVA.<\/em><\/strong><\/a><\/li><\/ul><p style=\"padding-left: 40px;\"><strong>Lloc: Aula per determinar a l\u2019edifici Altabix (Campus d\u2019Elx) UMH.<\/strong><\/p><p style=\"padding-left: 40px;\"><strong>Coordinen: <\/strong>D. Augusto Almoguera Fern\u00e1ndez (Universitat Complutense de Madrid), Dr. Jos\u00e9 Luis Anta F\u00e9lez (Universitat de Ja\u00e9n)<\/p><ul><li><a href=\"https:\/\/congresomasculinidades3.umh.es\/sesiones-cientificas\/\" target=\"_blank\" rel=\"noopener\"><span style=\"color: #800080;\"><strong>SESSI\u00d3 CIENT\u00cdFICA 4. <\/strong><\/span><strong><em>HOMES I CURES EN L'AUDIOVISUAL.<\/em><\/strong><\/a><\/li><\/ul><p style=\"padding-left: 40px;\"><strong>Lloc: Aula per determinar a l\u2019edifici Altabix (Campus d\u2019Elx) UMH.<\/strong><\/p><p style=\"padding-left: 40px;\"><strong>Coordinen: <\/strong>Dra. Elena Hern\u00e1ndez Corrochano (UNED Madrid), D. Miguel G. L\u00e1zaro (Masculinitats Beta)<\/p><p>[\/et_pb_text][et_pb_text _builder_version=\"4.17.4\" hover_enabled=\"0\" inline_fonts=\"Abel\" global_colors_info=\"{}\" sticky_enabled=\"0\"]<\/p><h2 style=\"text-align: left;\"><span style=\"font-size: x-large; color: #ff99cc;\"><strong>DIVENDRES 4 ABRIL 2025. <\/strong><\/span><\/h2><p style=\"text-align: left;\"><span style=\"color: #800080;\"><strong>MAT\u00cd:<\/strong><\/span><\/p><p><!--\r\n\r\n\r\n<p style=\"text-align: left;\"><span style=\"color: #800080;\"><strong>Aula Magna<\/strong><\/span><\/p>\r\n\r\n\r\n--><br \/>9:30-10:30 <strong>CONFER\u00c8NCIA 5 <em>\u201cMASCULINITATS ON LINE: AN\u00c0LISI DE NARRATIVES I ESPAIS DIGITALS\u201d<\/em><\/strong><\/p><p style=\"padding-left: 40px;\"><strong><u>Conferenciant:<\/u><\/strong> Dr. Jorge Garc\u00eda Mar\u00edn. SociologIa. Universitat Santiago de Compostela.<\/p><p style=\"padding-left: 40px;\"><strong><u>Presenta i modera:<\/u><\/strong> D. L\u00e1zaro G. Mar\u00edn Navarro-Soto. Director del Servei de Comunicaci\u00f3. Universitat Miguel Hern\u00e1ndez d\u2019Elx<\/p><p>10:30-11:30h <strong>CONFER\u00c8NCIA 6 <em>\u201cPENDENT\u201d<\/em><\/strong><\/p><p style=\"padding-left: 40px;\"><strong>\u00a0<\/strong><strong><u>Conferenciant: <\/u><\/strong> D\u00aa. Iolanda Dom\u00ednguez. Artista visual, consultora i formadora en comunicaci\u00f3 igualit\u00e0ria (pendent de confirmaci\u00f3)<\/p><p style=\"padding-left: 40px;\"><strong><u>Presenta i modera:<\/u><\/strong> D\u00aa. Maje Amor\u00f3s S\u00e1ez. Directora televisions locals. Cableworld.<\/p><p>11:30-12:00h <strong>PAUSA CAF\u00c9<\/strong><\/p><p>12:00-13:00h <strong>CONFER\u00c8NCIA 7: <em>\u201cEL DIV\u00cd MASCUL\u00cd: REPRESENTACIONS DE JES\u00daS DE NATZARET AL CINEMA\u201d<\/em> <\/strong><\/p><p style=\"padding-left: 40px;\"><strong><u>Conferenciant: <\/u><\/strong> Dr. Javier Eloi Mart\u00ednez Guirao. Antropologia. Universitat de M\u00farcia.<\/p><p style=\"padding-left: 40px;\"><strong><u>Presenta i modera: <\/u><\/strong> D\u00aa. Amparo Calabuig Puig. Observatori de les Masculinitats, Universitat Miguel Hern\u00e1ndez d\u2019Elx<\/p><p>13:00-14:00h <strong>CONFER\u00c8NCIA 8:<\/strong><strong><em>\"EL TREBALL DE PEN\u00c8LOPE: DESTEIXINT CADA DIA LA MASCULINITAT HEGEM\u00d2NICA\"<\/em><\/strong><\/p><p style=\"padding-left: 40px;\"><strong><u>Conferenciant: <\/u><\/strong> D\u00aa. Laura Vi\u00f1uela Su\u00e1rez. Espora Consultoria de G\u00e8nere (pendent de confirmaci\u00f3)<\/p><p style=\"padding-left: 40px;\"><strong><u>Presenta i modera:<\/u><\/strong> Dr. Fernando Herranz Vel\u00e1zquez. Observatori de les Masculinitats, Universitat Miguel Hern\u00e1ndez d\u2019Elx.<\/p><p>\u00a0<br \/><!--\r\n\r\n<h2><span style=\"font-size: x-large; color: #ff99cc;\"><strong>DIVENDRES 4 ABRIL 2025. <\/strong><\/span><span style=\"font-size: x-large; color: #ff99cc;\"><span style=\"font-size: 24px; font-weight: bold;\"><\/span><\/span><\/h2>\r\n\r\n --><br \/><span style=\"color: #800080;\"><strong>VESPRADA:<\/strong><\/span><br \/><!-- <span style=\"color: #800080;\"><strong>Aula Magna<\/strong><\/span> --><\/p><p>16:00-17:00h <strong>CONFER\u00c8NCIA 9:<\/strong> <strong><em>\u201cQUI \u00c9S EL TIPUS DUR? ESTEREOTIPS MASCULINS SOTA EL FOC\u201d<\/em><\/strong><\/p><p style=\"padding-left: 40px;\"><strong><u>Conferenciant: <\/u><\/strong> Dr. Carlos Ramos Lahiguera. Comunicaci\u00f3 Audiovisual. Universitat Miguel Hern\u00e1ndez d\u2019Elx.<\/p><p style=\"padding-left: 40px;\"><strong><u>Presenta i modera: <\/u><\/strong> Dra. Fina Ant\u00f3n Hurtado. Antropologia. Universitat de M\u00farcia.<\/p><p>17:00-18:00h <strong>CONFER\u00c8NCIA 10: <em>\u201cPENDENT\u201d<\/em><\/strong><\/p><p style=\"padding-left: 40px;\"><strong><u>Conferenciant: <\/u><\/strong> Dr. Mauricio Zabalgoitia Herrera. Educaci\u00f3, estudis culturals. UNAM (M\u00e8xic).<\/p><p style=\"padding-left: 40px;\"><strong><u>Presenta i modera: <\/u><\/strong> Dr. Jorge Cascales Ribera. Educaci\u00f3 Social. Universitat de Val\u00e8ncia.<\/p><p>18:00-18:30h <strong>PAUSA CAF\u00c9<\/strong><\/p><p>18:30-20:30h<strong> SESSIONS CIENT\u00cdFIQUES SIMULT\u00c0NIES<\/strong><\/p><ul><li><a href=\"https:\/\/congresomasculinidades3.umh.es\/sesiones-cientificas\/\" target=\"_blank\" rel=\"noopener\"><span style=\"color: #800080;\"><strong>SESSI\u00d3 CIENT\u00cdFICA 5.<\/strong><\/span> <strong><em>REPRESENTACIONS CULTURALS AUDIOVISUALS DE MASCULINITAT: ARTS ESC\u00c8NIQUES, IND\u00daSTRIA MUSICAL i MASS MEDIA.<\/em><\/strong><\/a><\/li><\/ul><p style=\"padding-left: 40px;\"><strong>Lloc: Aula per determinar a l\u2019edifici Altabix (Campus d\u2019Elx) UMH.<\/strong><\/p><p style=\"padding-left: 40px;\"><strong>Coordinen: <\/strong>Dra. Ma Jes\u00fas Pena Castro (Universitat de Salamanca), Dra. Bakea Alonso Fern\u00e1ndez de Avil\u00e9s (CEPAIM)<\/p><ul><li><a href=\"https:\/\/congresomasculinidades3.umh.es\/sesiones-cientificas\/\" target=\"_blank\" rel=\"noopener\"><span style=\"color: #800080;\"><strong>SESSI\u00d3 CIENT\u00cdFICA 6.<\/strong><\/span> <strong><em>ACTIVISME, (CO)EDUCACI\u00d3 I IGUALTAT: TRANSFORMANT MASCULINITATS DES DE L'AUDIOVISUAL I LA SOCIETAT CIVIL.<\/em><\/strong><\/a><\/li><\/ul><p style=\"padding-left: 40px;\"><strong>Lloc: Aula per determinar a l\u2019edifici Altabix (Campus d\u2019Elx) UMH.<\/strong><\/p><p style=\"padding-left: 40px;\"><strong>Coordinen: <\/strong>Dr. Asur Fuente Barrera (Universitat de Valladolid), Da Krizia Nardini (Universitat d\u2019Alacant)<\/p><ul><li><a href=\"https:\/\/congresomasculinidades3.umh.es\/sesiones-cientificas\/\" target=\"_blank\" rel=\"noopener\"><strong><span style=\"color: #800080;\">SESSI\u00d3 CIENT\u00cdFICA 7<\/span>. <\/strong><strong><em>HOMES: VULNERABILITAT SOCIAL, SALUT I FRAC\u00c0S MASCUL\u00cd I LA SEUA REPRESENTACI\u00d3 EN L'AUDIOVISUAL<\/em><\/strong><strong><em>\u00a0 <\/em><\/strong><\/a><\/li><\/ul><p style=\"padding-left: 40px;\"><strong>Lloc: Aula per determinar a l\u2019edifici Altabix (Campus d\u2019Elx) UMH.<\/strong><\/p><p style=\"padding-left: 40px;\"><strong>Coordinen: <\/strong>Dra. Aina Penyarroja Donet (Observatori de les Masculinitats UMH), D. Alejandro Luz de Haro (Observatori de les Masculinitats UMH)<\/p><ul><li><a href=\"https:\/\/congresomasculinidades3.umh.es\/sesiones-cientificas\/\" target=\"_blank\" rel=\"noopener\"><strong><span style=\"color: #800080;\">SESSI\u00d3 CIENT\u00cdFICA 8.<\/span>\u00a0<\/strong><strong><em>REPRESENTACIONS DE MASCULINITATS IGUALIT\u00c0RIES I REFERENTS POSITIUS D'IGUALTAT ALS MASS MEDIA: ESPORT, OCI, COS, ETC.<\/em><\/strong><\/a><\/li><\/ul><p style=\"padding-left: 40px;\"><strong>Lloc: Aula per determinar a l\u2019edifici Altabix (Campus d\u2019Elx) UMH.<\/strong><\/p><p style=\"padding-left: 40px;\"><strong>Coordinen: <\/strong>Dr. Fulgencio S\u00e1nchez Vera (Universitat de La Laguna), Dr. Marcos Jes\u00fas Iglesias Mart\u00ednez (Universitat d\u2019Alacant)<\/p><p>[\/et_pb_text][et_pb_divider show_divider=\"off\" _builder_version=\"4.16\" global_colors_info=\"{}\"][\/et_pb_divider][et_pb_text _builder_version=\"4.17.4\" hover_enabled=\"0\" inline_fonts=\"Abel\" global_colors_info=\"{}\" sticky_enabled=\"0\" custom_padding=\"|||3px||\"]<\/p><h2 style=\"text-align: left;\"><span style=\"font-size: x-large; color: #ff99cc;\"><strong>DISSABTE 5 ABRIL 2025. <\/strong><\/span><\/h2><h3 style=\"text-align: left;\"><span style=\"font-size: large;\"><strong><span style=\"color: #800080;\">MAT\u00cd:\u00a0<\/span><\/strong><\/span><\/h3><p><!--<\/p>\r\n\r\n\r\n\r\n\r\n<h3 style=\"text-align: left;\"><span style=\"font-size: large;\"><strong><span style=\"color: #800080;\">Lugar de celebraci\u00f3n:\u00a0<\/span><\/strong><\/span><\/h3>\r\n\r\n\r\n\r\n\r\n<p>--><\/p><p>9:00-10:45h <strong>PROJECCI\u00d3 AUDIOVISUAL 1 <em>\u201cSER\u00c0S HOME\u201d<\/em><\/strong><\/p><p style=\"padding-left: 40px;\"><strong><u>Conferenciant:<\/u><\/strong> D\u00aa Isabel de Ocampo. Directora.<\/p><p style=\"padding-left: 80px;\">Documental. 2018. 1h 34 min.<\/p><p style=\"padding-left: 40px;\"><strong><u>Presenta i modera: <\/u><\/strong>Dra. Ma Jes\u00fas Navarro R\u00edos. Directora del Centre d\u2019Investigaci\u00f3 d\u2019Estudis de G\u00e8nere, Universitat Miguel Hern\u00e1ndez d\u2019Elx<\/p><p>10:45-11:15h <strong>PAUSA CAF\u00c9<\/strong><\/p><p>11:15- 13:00h <strong>PROJECCI\u00d3 AUDIOVISUAL 2 <em>\u201cEL CERCLE\u201d<\/em><\/strong><\/p><p style=\"padding-left: 40px;\"><strong><u>Conferenciant: <\/u><\/strong> D. Iv\u00e1n Roiz Pereda. Director.<\/p><p style=\"padding-left: 80px;\">Documental. 2021. 1h 13min<\/p><p style=\"padding-left: 40px;\"><strong><u>Presenta i modera:<\/u><\/strong> Da. Rebeca de las Heras Ponce. Observatori de les Masculinitats. Universitat Miguel Hern\u00e1ndez d\u2019Elx<\/p><p>13:00-14:15 <strong>CONF\u00c9RENCIA DE CLAUSURA <!-- : \"CIBERMODELAR IDENTITATS FEMENINES I MASCULINES: L'IMPACTE DIGITAL EN L'ADOLESC\u00c8NCIA\" --><\/strong><\/p><p style=\"padding-left: 40px;\"><strong><u>Conferenciant: <\/u><\/strong>Dra. Carmen Ruiz Repullo (Universitat de Granada)<\/p><p style=\"padding-left: 40px;\"><strong><u>Presenta i modera:<\/u><\/strong> <!-- Dra. Anastasia T\u00e9llez Infantes. Directora de l\u2019Observatori de les Masculinitats, Universitat Miguel Hern\u00e1ndez d\u2019Elx. --><\/p><p>14:15-14:30h <strong>CLOENDA INSTITUCIONAL\u00a0<\/strong><\/p><p style=\"padding-left: 40px;\">Dra. Anastasia T\u00e9llez Infantes. Directora de l\u2019Observatori de les Masculinitats, Universitat Miguel Hern\u00e1ndez d\u2019Elx.<\/p><p style=\"padding-left: 40px;\">Dra. Rosario Carmona Paredes. Directora de la Unitat d\u2019Igualtat. Universitat Miguel Hern\u00e1ndez d\u2019Elx.<\/p><p style=\"text-align: justify;\">[\/et_pb_text][\/et_pb_column][\/et_pb_row][\/et_pb_section][et_pb_section fb_built=\"1\" disabled_on=\"on|on|on\" _builder_version=\"4.16\" disabled=\"on\" global_colors_info=\"{}\"][et_pb_row _builder_version=\"4.17.4\" _module_preset=\"default\" global_colors_info=\"{}\"][et_pb_column type=\"4_4\" _builder_version=\"4.17.4\" _module_preset=\"default\" global_colors_info=\"{}\"][:es _i=\"0\" _address=\"3.0.0.0\" \/][: _i=\"1\" _address=\"3.0.0.1\" \/][\/et_pb_column][\/et_pb_row][\/et_pb_section][et_pb_section fb_built=\"1\" disabled_on=\"on|on|on\" _builder_version=\"4.16\" disabled=\"on\" global_colors_info=\"{}\"][et_pb_row _builder_version=\"4.16\" global_colors_info=\"{}\"][et_pb_column type=\"4_4\" _builder_version=\"4.16\" global_colors_info=\"{}\"][:es _i=\"0\" _address=\"4.0.0.0\" \/][:ca _i=\"1\" _address=\"4.0.0.1\" \/][: _i=\"2\" _address=\"4.0.0.2\" \/][\/et_pb_column][\/et_pb_row][\/et_pb_section]<\/p>","_et_gb_content_width":"","_links_to":"","_links_to_target":""},"_links":{"self":[{"href":"https:\/\/congresomasculinidades3.umh.es\/en\/wp-json\/wp\/v2\/pages\/12812"}],"collection":[{"href":"https:\/\/congresomasculinidades3.umh.es\/en\/wp-json\/wp\/v2\/pages"}],"about":[{"href":"https:\/\/congresomasculinidades3.umh.es\/en\/wp-json\/wp\/v2\/types\/page"}],"author":[{"embeddable":true,"href":"https:\/\/congresomasculinidades3.umh.es\/en\/wp-json\/wp\/v2\/users\/3782"}],"replies":[{"embeddable":true,"href":"https:\/\/congresomasculinidades3.umh.es\/en\/wp-json\/wp\/v2\/comments?post=12812"}],"version-history":[{"count":0,"href":"https:\/\/congresomasculinidades3.umh.es\/en\/wp-json\/wp\/v2\/pages\/12812\/revisions"}],"wp:attachment":[{"href":"https:\/\/congresomasculinidades3.umh.es\/en\/wp-json\/wp\/v2\/media?parent=12812"}],"curies":[{"name":"wp","href":"https:\/\/api.w.org\/{rel}","templated":true}]}}